{"id":42886,"date":"2024-01-15T12:36:59","date_gmt":"2024-01-15T11:36:59","guid":{"rendered":"http:\/\/www.rossettiartecontemporanea.it\/?post_type=tribe_events&#038;p=42886"},"modified":"2024-01-16T09:46:35","modified_gmt":"2024-01-16T08:46:35","slug":"arte-genova","status":"publish","type":"tribe_events","link":"https:\/\/www.rossettiartecontemporanea.it\/en\/mostre-e-eventi\/arte-genova\/","title":{"rendered":"Arte Genova"},"content":{"rendered":"<table>\n<tbody>\n<tr>\n<td style=\"padding-right: 36px; vertical-align: top; font-size: 19px;\" width=\"50%\">Studio Rossetti partecipa alla <strong>15\u00b0 mostra mercato d\u2019Arte Moderna e Contemporanea<\/strong>, presso il Padiglione Blu della Fiera di Genova.<\/p>\n<p>L\u2019appuntamento, immancabile, \u00e8 da venerd\u00ec 15 a luned\u00ec 18 febbraio 2019 dalle ore 10 alle 20, il tutto \u00e8 anticipato dalla Vernice gioved\u00ec 14 febbraio 2019 a partire dalle ore 18, seguir\u00e0 drink.<\/p>\n<p>Negli ultimi anni Arte Genova \u00e8 cresciuta costantemente fino ad affermarsi come una delle manifestazioni di riferimento per il Nord Ovest, l\u2019edizione di quest\u2019anno si preannuncia ancor pi\u00f9 ricca delle precedenti.<\/td>\n<td style=\"vertical-align: top; font-size: 19px;\" width=\"50%\">Alla proposta espositiva si affiancher\u00e0 un importante calendario di eventi: conferenze con specialisti e studiosi d\u2019arte, incontri e proposte per collegare il mondo dell\u2019Arte moderna e contemporanea con gli altri linguaggi dell\u2019arte.<\/td>\n<\/tr>\n<\/tbody>\n<\/table>\n<p>&nbsp;<\/p>\n<div id='gallery-1' class='gallery galleryid-42886 gallery-columns-5 gallery-size-large'><figure class='gallery-item'>\n\t\t\t<div class='gallery-icon portrait'>\n\t\t\t\t<a href='https:\/\/www.rossettiartecontemporanea.it\/wp-content\/uploads\/2023\/11\/Paolo-Ceribelli-Tutto-Torna-red-Studio-Rossetti-Arte-Contemporanea.jpg'><img fetchpriority=\"high\" decoding=\"async\" width=\"768\" height=\"1024\" src=\"https:\/\/www.rossettiartecontemporanea.it\/wp-content\/uploads\/2023\/11\/Paolo-Ceribelli-Tutto-Torna-red-Studio-Rossetti-Arte-Contemporanea-768x1024.jpg\" class=\"attachment-large size-large\" alt=\"\" srcset=\"https:\/\/www.rossettiartecontemporanea.it\/wp-content\/uploads\/2023\/11\/Paolo-Ceribelli-Tutto-Torna-red-Studio-Rossetti-Arte-Contemporanea-768x1024.jpg 768w, https:\/\/www.rossettiartecontemporanea.it\/wp-content\/uploads\/2023\/11\/Paolo-Ceribelli-Tutto-Torna-red-Studio-Rossetti-Arte-Contemporanea-225x300.jpg 225w, https:\/\/www.rossettiartecontemporanea.it\/wp-content\/uploads\/2023\/11\/Paolo-Ceribelli-Tutto-Torna-red-Studio-Rossetti-Arte-Contemporanea-1152x1536.jpg 1152w, https:\/\/www.rossettiartecontemporanea.it\/wp-content\/uploads\/2023\/11\/Paolo-Ceribelli-Tutto-Torna-red-Studio-Rossetti-Arte-Contemporanea-1536x2048.jpg 1536w, https:\/\/www.rossettiartecontemporanea.it\/wp-content\/uploads\/2023\/11\/Paolo-Ceribelli-Tutto-Torna-red-Studio-Rossetti-Arte-Contemporanea-370x493.jpg 370w, https:\/\/www.rossettiartecontemporanea.it\/wp-content\/uploads\/2023\/11\/Paolo-Ceribelli-Tutto-Torna-red-Studio-Rossetti-Arte-Contemporanea-840x1120.jpg 840w, https:\/\/www.rossettiartecontemporanea.it\/wp-content\/uploads\/2023\/11\/Paolo-Ceribelli-Tutto-Torna-red-Studio-Rossetti-Arte-Contemporanea-410x547.jpg 410w, https:\/\/www.rossettiartecontemporanea.it\/wp-content\/uploads\/2023\/11\/Paolo-Ceribelli-Tutto-Torna-red-Studio-Rossetti-Arte-Contemporanea.jpg 1920w\" sizes=\"(max-width: 768px) 100vw, 768px\" \/><\/a>\n\t\t\t<\/div><\/figure><figure class='gallery-item'>\n\t\t\t<div class='gallery-icon portrait'>\n\t\t\t\t<a href='https:\/\/www.rossettiartecontemporanea.it\/wp-content\/uploads\/2023\/11\/Michela-Crisostomi-Loose-hair-Studio-Rossetti-Arte-Contemporanea.jpg'><img decoding=\"async\" width=\"808\" height=\"1024\" src=\"https:\/\/www.rossettiartecontemporanea.it\/wp-content\/uploads\/2023\/11\/Michela-Crisostomi-Loose-hair-Studio-Rossetti-Arte-Contemporanea-808x1024.jpg\" class=\"attachment-large size-large\" alt=\"\" srcset=\"https:\/\/www.rossettiartecontemporanea.it\/wp-content\/uploads\/2023\/11\/Michela-Crisostomi-Loose-hair-Studio-Rossetti-Arte-Contemporanea-808x1024.jpg 808w, https:\/\/www.rossettiartecontemporanea.it\/wp-content\/uploads\/2023\/11\/Michela-Crisostomi-Loose-hair-Studio-Rossetti-Arte-Contemporanea-237x300.jpg 237w, https:\/\/www.rossettiartecontemporanea.it\/wp-content\/uploads\/2023\/11\/Michela-Crisostomi-Loose-hair-Studio-Rossetti-Arte-Contemporanea-768x973.jpg 768w, https:\/\/www.rossettiartecontemporanea.it\/wp-content\/uploads\/2023\/11\/Michela-Crisostomi-Loose-hair-Studio-Rossetti-Arte-Contemporanea-370x469.jpg 370w, https:\/\/www.rossettiartecontemporanea.it\/wp-content\/uploads\/2023\/11\/Michela-Crisostomi-Loose-hair-Studio-Rossetti-Arte-Contemporanea-840x1064.jpg 840w, https:\/\/www.rossettiartecontemporanea.it\/wp-content\/uploads\/2023\/11\/Michela-Crisostomi-Loose-hair-Studio-Rossetti-Arte-Contemporanea-410x519.jpg 410w, https:\/\/www.rossettiartecontemporanea.it\/wp-content\/uploads\/2023\/11\/Michela-Crisostomi-Loose-hair-Studio-Rossetti-Arte-Contemporanea.jpg 1200w\" sizes=\"(max-width: 808px) 100vw, 808px\" \/><\/a>\n\t\t\t<\/div><\/figure><figure class='gallery-item'>\n\t\t\t<div class='gallery-icon portrait'>\n\t\t\t\t<a href='https:\/\/www.rossettiartecontemporanea.it\/wp-content\/uploads\/2023\/11\/Evita-Andujar-Stolen-Selfie-17-o-Ricordo-presente-II-Galleria-Studio-Rossetti-Arte-Contemporanea.jpg'><img decoding=\"async\" width=\"932\" height=\"1024\" src=\"https:\/\/www.rossettiartecontemporanea.it\/wp-content\/uploads\/2023\/11\/Evita-Andujar-Stolen-Selfie-17-o-Ricordo-presente-II-Galleria-Studio-Rossetti-Arte-Contemporanea-932x1024.jpg\" class=\"attachment-large size-large\" alt=\"\" srcset=\"https:\/\/www.rossettiartecontemporanea.it\/wp-content\/uploads\/2023\/11\/Evita-Andujar-Stolen-Selfie-17-o-Ricordo-presente-II-Galleria-Studio-Rossetti-Arte-Contemporanea-932x1024.jpg 932w, https:\/\/www.rossettiartecontemporanea.it\/wp-content\/uploads\/2023\/11\/Evita-Andujar-Stolen-Selfie-17-o-Ricordo-presente-II-Galleria-Studio-Rossetti-Arte-Contemporanea-273x300.jpg 273w, https:\/\/www.rossettiartecontemporanea.it\/wp-content\/uploads\/2023\/11\/Evita-Andujar-Stolen-Selfie-17-o-Ricordo-presente-II-Galleria-Studio-Rossetti-Arte-Contemporanea-768x844.jpg 768w, https:\/\/www.rossettiartecontemporanea.it\/wp-content\/uploads\/2023\/11\/Evita-Andujar-Stolen-Selfie-17-o-Ricordo-presente-II-Galleria-Studio-Rossetti-Arte-Contemporanea-1398x1536.jpg 1398w, https:\/\/www.rossettiartecontemporanea.it\/wp-content\/uploads\/2023\/11\/Evita-Andujar-Stolen-Selfie-17-o-Ricordo-presente-II-Galleria-Studio-Rossetti-Arte-Contemporanea-1864x2048.jpg 1864w, https:\/\/www.rossettiartecontemporanea.it\/wp-content\/uploads\/2023\/11\/Evita-Andujar-Stolen-Selfie-17-o-Ricordo-presente-II-Galleria-Studio-Rossetti-Arte-Contemporanea-370x406.jpg 370w, https:\/\/www.rossettiartecontemporanea.it\/wp-content\/uploads\/2023\/11\/Evita-Andujar-Stolen-Selfie-17-o-Ricordo-presente-II-Galleria-Studio-Rossetti-Arte-Contemporanea-840x923.jpg 840w, https:\/\/www.rossettiartecontemporanea.it\/wp-content\/uploads\/2023\/11\/Evita-Andujar-Stolen-Selfie-17-o-Ricordo-presente-II-Galleria-Studio-Rossetti-Arte-Contemporanea-410x450.jpg 410w, https:\/\/www.rossettiartecontemporanea.it\/wp-content\/uploads\/2023\/11\/Evita-Andujar-Stolen-Selfie-17-o-Ricordo-presente-II-Galleria-Studio-Rossetti-Arte-Contemporanea.jpg 1920w\" sizes=\"(max-width: 932px) 100vw, 932px\" \/><\/a>\n\t\t\t<\/div><\/figure><figure class='gallery-item'>\n\t\t\t<div class='gallery-icon landscape'>\n\t\t\t\t<a title=\"JulianT. - Rossetti Arte Contemporanea\" href='https:\/\/www.rossettiartecontemporanea.it\/wp-content\/uploads\/2023\/11\/Julian-T-Studio-Rossetti-Arte-Contemporanea-cop.jpg'><img loading=\"lazy\" decoding=\"async\" width=\"1024\" height=\"1024\" src=\"https:\/\/www.rossettiartecontemporanea.it\/wp-content\/uploads\/2023\/11\/Julian-T-Studio-Rossetti-Arte-Contemporanea-cop-1024x1024.jpg\" class=\"attachment-large size-large\" alt=\"JulianT. - Rossetti Arte Contemporanea\" srcset=\"https:\/\/www.rossettiartecontemporanea.it\/wp-content\/uploads\/2023\/11\/Julian-T-Studio-Rossetti-Arte-Contemporanea-cop-1024x1024.jpg 1024w, https:\/\/www.rossettiartecontemporanea.it\/wp-content\/uploads\/2023\/11\/Julian-T-Studio-Rossetti-Arte-Contemporanea-cop-300x300.jpg 300w, https:\/\/www.rossettiartecontemporanea.it\/wp-content\/uploads\/2023\/11\/Julian-T-Studio-Rossetti-Arte-Contemporanea-cop-150x150.jpg 150w, https:\/\/www.rossettiartecontemporanea.it\/wp-content\/uploads\/2023\/11\/Julian-T-Studio-Rossetti-Arte-Contemporanea-cop-768x768.jpg 768w, https:\/\/www.rossettiartecontemporanea.it\/wp-content\/uploads\/2023\/11\/Julian-T-Studio-Rossetti-Arte-Contemporanea-cop-370x370.jpg 370w, https:\/\/www.rossettiartecontemporanea.it\/wp-content\/uploads\/2023\/11\/Julian-T-Studio-Rossetti-Arte-Contemporanea-cop-120x120.jpg 120w, https:\/\/www.rossettiartecontemporanea.it\/wp-content\/uploads\/2023\/11\/Julian-T-Studio-Rossetti-Arte-Contemporanea-cop-840x840.jpg 840w, https:\/\/www.rossettiartecontemporanea.it\/wp-content\/uploads\/2023\/11\/Julian-T-Studio-Rossetti-Arte-Contemporanea-cop-410x410.jpg 410w, https:\/\/www.rossettiartecontemporanea.it\/wp-content\/uploads\/2023\/11\/Julian-T-Studio-Rossetti-Arte-Contemporanea-cop.jpg 1200w\" sizes=\"(max-width: 1024px) 100vw, 1024px\" \/><\/a>\n\t\t\t<\/div><\/figure><figure class='gallery-item'>\n\t\t\t<div class='gallery-icon landscape'>\n\t\t\t\t<a href='https:\/\/www.rossettiartecontemporanea.it\/wp-content\/uploads\/2023\/11\/Elias-Naman-Verso-il-cielo-Studio-Rossetti-Arte-Contemporanea_05.jpg'><img loading=\"lazy\" decoding=\"async\" width=\"1024\" height=\"1024\" src=\"https:\/\/www.rossettiartecontemporanea.it\/wp-content\/uploads\/2023\/11\/Elias-Naman-Verso-il-cielo-Studio-Rossetti-Arte-Contemporanea_05-1024x1024.jpg\" class=\"attachment-large size-large\" alt=\"\" srcset=\"https:\/\/www.rossettiartecontemporanea.it\/wp-content\/uploads\/2023\/11\/Elias-Naman-Verso-il-cielo-Studio-Rossetti-Arte-Contemporanea_05-1024x1024.jpg 1024w, https:\/\/www.rossettiartecontemporanea.it\/wp-content\/uploads\/2023\/11\/Elias-Naman-Verso-il-cielo-Studio-Rossetti-Arte-Contemporanea_05-300x300.jpg 300w, https:\/\/www.rossettiartecontemporanea.it\/wp-content\/uploads\/2023\/11\/Elias-Naman-Verso-il-cielo-Studio-Rossetti-Arte-Contemporanea_05-150x150.jpg 150w, https:\/\/www.rossettiartecontemporanea.it\/wp-content\/uploads\/2023\/11\/Elias-Naman-Verso-il-cielo-Studio-Rossetti-Arte-Contemporanea_05-768x767.jpg 768w, https:\/\/www.rossettiartecontemporanea.it\/wp-content\/uploads\/2023\/11\/Elias-Naman-Verso-il-cielo-Studio-Rossetti-Arte-Contemporanea_05-370x370.jpg 370w, https:\/\/www.rossettiartecontemporanea.it\/wp-content\/uploads\/2023\/11\/Elias-Naman-Verso-il-cielo-Studio-Rossetti-Arte-Contemporanea_05-120x120.jpg 120w, https:\/\/www.rossettiartecontemporanea.it\/wp-content\/uploads\/2023\/11\/Elias-Naman-Verso-il-cielo-Studio-Rossetti-Arte-Contemporanea_05-840x839.jpg 840w, https:\/\/www.rossettiartecontemporanea.it\/wp-content\/uploads\/2023\/11\/Elias-Naman-Verso-il-cielo-Studio-Rossetti-Arte-Contemporanea_05-410x410.jpg 410w, https:\/\/www.rossettiartecontemporanea.it\/wp-content\/uploads\/2023\/11\/Elias-Naman-Verso-il-cielo-Studio-Rossetti-Arte-Contemporanea_05.jpg 1200w\" sizes=\"(max-width: 1024px) 100vw, 1024px\" \/><\/a>\n\t\t\t<\/div><\/figure><figure class='gallery-item'>\n\t\t\t<div class='gallery-icon portrait'>\n\t\t\t\t<a href='https:\/\/www.rossettiartecontemporanea.it\/wp-content\/uploads\/2023\/11\/Roberta-Ubaldi-Rust-19-Studio-Rossetti-Arte-Contemporanea.jpg'><img loading=\"lazy\" decoding=\"async\" width=\"1009\" height=\"1024\" src=\"https:\/\/www.rossettiartecontemporanea.it\/wp-content\/uploads\/2023\/11\/Roberta-Ubaldi-Rust-19-Studio-Rossetti-Arte-Contemporanea-1009x1024.jpg\" class=\"attachment-large size-large\" alt=\"\" srcset=\"https:\/\/www.rossettiartecontemporanea.it\/wp-content\/uploads\/2023\/11\/Roberta-Ubaldi-Rust-19-Studio-Rossetti-Arte-Contemporanea-1009x1024.jpg 1009w, https:\/\/www.rossettiartecontemporanea.it\/wp-content\/uploads\/2023\/11\/Roberta-Ubaldi-Rust-19-Studio-Rossetti-Arte-Contemporanea-296x300.jpg 296w, https:\/\/www.rossettiartecontemporanea.it\/wp-content\/uploads\/2023\/11\/Roberta-Ubaldi-Rust-19-Studio-Rossetti-Arte-Contemporanea-768x779.jpg 768w, https:\/\/www.rossettiartecontemporanea.it\/wp-content\/uploads\/2023\/11\/Roberta-Ubaldi-Rust-19-Studio-Rossetti-Arte-Contemporanea-1514x1536.jpg 1514w, https:\/\/www.rossettiartecontemporanea.it\/wp-content\/uploads\/2023\/11\/Roberta-Ubaldi-Rust-19-Studio-Rossetti-Arte-Contemporanea-370x375.jpg 370w, https:\/\/www.rossettiartecontemporanea.it\/wp-content\/uploads\/2023\/11\/Roberta-Ubaldi-Rust-19-Studio-Rossetti-Arte-Contemporanea-840x852.jpg 840w, https:\/\/www.rossettiartecontemporanea.it\/wp-content\/uploads\/2023\/11\/Roberta-Ubaldi-Rust-19-Studio-Rossetti-Arte-Contemporanea-410x416.jpg 410w, https:\/\/www.rossettiartecontemporanea.it\/wp-content\/uploads\/2023\/11\/Roberta-Ubaldi-Rust-19-Studio-Rossetti-Arte-Contemporanea.jpg 1920w\" sizes=\"(max-width: 1009px) 100vw, 1009px\" \/><\/a>\n\t\t\t<\/div><\/figure><figure class='gallery-item'>\n\t\t\t<div class='gallery-icon landscape'>\n\t\t\t\t<a href='https:\/\/www.rossettiartecontemporanea.it\/wp-content\/uploads\/2023\/11\/Tom-Porta-Storm-blue-Studio-Rossetti-Arte-Contemporanea.jpg'><img loading=\"lazy\" decoding=\"async\" width=\"688\" height=\"685\" src=\"https:\/\/www.rossettiartecontemporanea.it\/wp-content\/uploads\/2023\/11\/Tom-Porta-Storm-blue-Studio-Rossetti-Arte-Contemporanea.jpg\" class=\"attachment-large size-large\" alt=\"\" srcset=\"https:\/\/www.rossettiartecontemporanea.it\/wp-content\/uploads\/2023\/11\/Tom-Porta-Storm-blue-Studio-Rossetti-Arte-Contemporanea.jpg 688w, https:\/\/www.rossettiartecontemporanea.it\/wp-content\/uploads\/2023\/11\/Tom-Porta-Storm-blue-Studio-Rossetti-Arte-Contemporanea-300x300.jpg 300w, https:\/\/www.rossettiartecontemporanea.it\/wp-content\/uploads\/2023\/11\/Tom-Porta-Storm-blue-Studio-Rossetti-Arte-Contemporanea-150x150.jpg 150w, https:\/\/www.rossettiartecontemporanea.it\/wp-content\/uploads\/2023\/11\/Tom-Porta-Storm-blue-Studio-Rossetti-Arte-Contemporanea-370x368.jpg 370w, https:\/\/www.rossettiartecontemporanea.it\/wp-content\/uploads\/2023\/11\/Tom-Porta-Storm-blue-Studio-Rossetti-Arte-Contemporanea-120x120.jpg 120w, https:\/\/www.rossettiartecontemporanea.it\/wp-content\/uploads\/2023\/11\/Tom-Porta-Storm-blue-Studio-Rossetti-Arte-Contemporanea-410x408.jpg 410w\" sizes=\"(max-width: 688px) 100vw, 688px\" \/><\/a>\n\t\t\t<\/div><\/figure><figure class='gallery-item'>\n\t\t\t<div class='gallery-icon landscape'>\n\t\t\t\t<a href='https:\/\/www.rossettiartecontemporanea.it\/wp-content\/uploads\/2023\/11\/Elias-Naman-Frammento-di-pensiero-Studio-Rossetti-Arte-Contemporanea.jpg'><img loading=\"lazy\" decoding=\"async\" width=\"1024\" height=\"683\" src=\"https:\/\/www.rossettiartecontemporanea.it\/wp-content\/uploads\/2023\/11\/Elias-Naman-Frammento-di-pensiero-Studio-Rossetti-Arte-Contemporanea-1024x683.jpg\" class=\"attachment-large size-large\" alt=\"\" srcset=\"https:\/\/www.rossettiartecontemporanea.it\/wp-content\/uploads\/2023\/11\/Elias-Naman-Frammento-di-pensiero-Studio-Rossetti-Arte-Contemporanea-1024x683.jpg 1024w, https:\/\/www.rossettiartecontemporanea.it\/wp-content\/uploads\/2023\/11\/Elias-Naman-Frammento-di-pensiero-Studio-Rossetti-Arte-Contemporanea-300x200.jpg 300w, https:\/\/www.rossettiartecontemporanea.it\/wp-content\/uploads\/2023\/11\/Elias-Naman-Frammento-di-pensiero-Studio-Rossetti-Arte-Contemporanea-768x512.jpg 768w, https:\/\/www.rossettiartecontemporanea.it\/wp-content\/uploads\/2023\/11\/Elias-Naman-Frammento-di-pensiero-Studio-Rossetti-Arte-Contemporanea-370x247.jpg 370w, https:\/\/www.rossettiartecontemporanea.it\/wp-content\/uploads\/2023\/11\/Elias-Naman-Frammento-di-pensiero-Studio-Rossetti-Arte-Contemporanea-840x560.jpg 840w, https:\/\/www.rossettiartecontemporanea.it\/wp-content\/uploads\/2023\/11\/Elias-Naman-Frammento-di-pensiero-Studio-Rossetti-Arte-Contemporanea-410x273.jpg 410w, https:\/\/www.rossettiartecontemporanea.it\/wp-content\/uploads\/2023\/11\/Elias-Naman-Frammento-di-pensiero-Studio-Rossetti-Arte-Contemporanea.jpg 1200w\" sizes=\"(max-width: 1024px) 100vw, 1024px\" \/><\/a>\n\t\t\t<\/div><\/figure><figure class='gallery-item'>\n\t\t\t<div class='gallery-icon landscape'>\n\t\t\t\t<a href='https:\/\/www.rossettiartecontemporanea.it\/wp-content\/uploads\/2023\/11\/Andrea-Savazzi-And-now-where-are-we-going-Studio-Rossetti-Arte-Contemporanea.jpg'><img loading=\"lazy\" decoding=\"async\" width=\"1024\" height=\"704\" src=\"https:\/\/www.rossettiartecontemporanea.it\/wp-content\/uploads\/2023\/11\/Andrea-Savazzi-And-now-where-are-we-going-Studio-Rossetti-Arte-Contemporanea-1024x704.jpg\" class=\"attachment-large size-large\" alt=\"\" srcset=\"https:\/\/www.rossettiartecontemporanea.it\/wp-content\/uploads\/2023\/11\/Andrea-Savazzi-And-now-where-are-we-going-Studio-Rossetti-Arte-Contemporanea-1024x704.jpg 1024w, https:\/\/www.rossettiartecontemporanea.it\/wp-content\/uploads\/2023\/11\/Andrea-Savazzi-And-now-where-are-we-going-Studio-Rossetti-Arte-Contemporanea-300x206.jpg 300w, https:\/\/www.rossettiartecontemporanea.it\/wp-content\/uploads\/2023\/11\/Andrea-Savazzi-And-now-where-are-we-going-Studio-Rossetti-Arte-Contemporanea-768x528.jpg 768w, https:\/\/www.rossettiartecontemporanea.it\/wp-content\/uploads\/2023\/11\/Andrea-Savazzi-And-now-where-are-we-going-Studio-Rossetti-Arte-Contemporanea-1536x1056.jpg 1536w, https:\/\/www.rossettiartecontemporanea.it\/wp-content\/uploads\/2023\/11\/Andrea-Savazzi-And-now-where-are-we-going-Studio-Rossetti-Arte-Contemporanea-370x254.jpg 370w, https:\/\/www.rossettiartecontemporanea.it\/wp-content\/uploads\/2023\/11\/Andrea-Savazzi-And-now-where-are-we-going-Studio-Rossetti-Arte-Contemporanea-840x577.jpg 840w, https:\/\/www.rossettiartecontemporanea.it\/wp-content\/uploads\/2023\/11\/Andrea-Savazzi-And-now-where-are-we-going-Studio-Rossetti-Arte-Contemporanea-410x282.jpg 410w, https:\/\/www.rossettiartecontemporanea.it\/wp-content\/uploads\/2023\/11\/Andrea-Savazzi-And-now-where-are-we-going-Studio-Rossetti-Arte-Contemporanea.jpg 1884w\" sizes=\"(max-width: 1024px) 100vw, 1024px\" \/><\/a>\n\t\t\t<\/div><\/figure>\n\t\t<\/div>\n\n<p>&nbsp;<\/p>\n","protected":false},"excerpt":{"rendered":"<p>Studio Rossetti partecipa alla 15\u00b0 mostra mercato d\u2019Arte Moderna e Contemporanea, presso il Padiglione Blu della Fiera di Genova<\/p>\n","protected":false},"author":2,"featured_media":37522,"template":"","meta":{"_acf_changed":false,"_tribe_events_status":"","_tribe_events_status_reason":"","footnotes":""},"tags":[],"tribe_events_cat":[394],"class_list":["post-42886","tribe_events","type-tribe_events","status-publish","has-post-thumbnail","hentry","tribe_events_cat-fiera","cat_fiera"],"acf":[],"yoast_head":"<!-- This site is optimized with the Yoast SEO plugin v25.1 - https:\/\/yoast.com\/wordpress\/plugins\/seo\/ -->\n<title>Arte Genova - ROSSETTI arte contemporanea<\/title>\n<meta name=\"robots\" content=\"index, follow, max-snippet:-1, max-image-preview:large, max-video-preview:-1\" \/>\n<link rel=\"canonical\" href=\"https:\/\/www.rossettiartecontemporanea.it\/en\/mostre-e-eventi\/arte-genova\/\" \/>\n<meta property=\"og:locale\" content=\"en_US\" \/>\n<meta property=\"og:type\" content=\"article\" \/>\n<meta property=\"og:title\" content=\"Arte Genova - ROSSETTI arte contemporanea\" \/>\n<meta property=\"og:description\" content=\"Studio Rossetti partecipa alla 15\u00b0 mostra mercato d\u2019Arte Moderna e Contemporanea, presso il Padiglione Blu della Fiera di Genova\" \/>\n<meta property=\"og:url\" content=\"https:\/\/www.rossettiartecontemporanea.it\/en\/mostre-e-eventi\/arte-genova\/\" \/>\n<meta property=\"og:site_name\" content=\"ROSSETTI arte contemporanea\" \/>\n<meta property=\"article:publisher\" content=\"https:\/\/www.facebook.com\/studio.rossetti.artecontemporanea\" \/>\n<meta property=\"article:modified_time\" content=\"2024-01-16T08:46:35+00:00\" \/>\n<meta property=\"og:image\" content=\"https:\/\/www.rossettiartecontemporanea.it\/wp-content\/uploads\/2023\/11\/blog-ARTEGENOVA-Galleria-Studio-Rossetti.jpg\" \/>\n\t<meta property=\"og:image:width\" content=\"1920\" \/>\n\t<meta property=\"og:image:height\" content=\"1280\" \/>\n\t<meta property=\"og:image:type\" content=\"image\/jpeg\" \/>\n<meta name=\"twitter:card\" content=\"summary_large_image\" \/>\n<meta name=\"twitter:label1\" content=\"Est. reading time\" \/>\n\t<meta name=\"twitter:data1\" content=\"1 minute\" \/>\n<script type=\"application\/ld+json\" class=\"yoast-schema-graph\">{\"@context\":\"https:\/\/schema.org\",\"@graph\":[{\"@type\":\"WebPage\",\"@id\":\"https:\/\/www.rossettiartecontemporanea.it\/en\/mostre-e-eventi\/arte-genova\/\",\"url\":\"https:\/\/www.rossettiartecontemporanea.it\/en\/mostre-e-eventi\/arte-genova\/\",\"name\":\"Arte Genova - ROSSETTI arte contemporanea\",\"isPartOf\":{\"@id\":\"https:\/\/www.rossettiartecontemporanea.it\/en\/#website\"},\"primaryImageOfPage\":{\"@id\":\"https:\/\/www.rossettiartecontemporanea.it\/en\/mostre-e-eventi\/arte-genova\/#primaryimage\"},\"image\":{\"@id\":\"https:\/\/www.rossettiartecontemporanea.it\/en\/mostre-e-eventi\/arte-genova\/#primaryimage\"},\"thumbnailUrl\":\"https:\/\/www.rossettiartecontemporanea.it\/wp-content\/uploads\/2023\/11\/blog-ARTEGENOVA-Galleria-Studio-Rossetti.jpg\",\"datePublished\":\"2024-01-15T11:36:59+00:00\",\"dateModified\":\"2024-01-16T08:46:35+00:00\",\"breadcrumb\":{\"@id\":\"https:\/\/www.rossettiartecontemporanea.it\/en\/mostre-e-eventi\/arte-genova\/#breadcrumb\"},\"inLanguage\":\"en-US\",\"potentialAction\":[{\"@type\":\"ReadAction\",\"target\":[\"https:\/\/www.rossettiartecontemporanea.it\/en\/mostre-e-eventi\/arte-genova\/\"]}]},{\"@type\":\"ImageObject\",\"inLanguage\":\"en-US\",\"@id\":\"https:\/\/www.rossettiartecontemporanea.it\/en\/mostre-e-eventi\/arte-genova\/#primaryimage\",\"url\":\"https:\/\/www.rossettiartecontemporanea.it\/wp-content\/uploads\/2023\/11\/blog-ARTEGENOVA-Galleria-Studio-Rossetti.jpg\",\"contentUrl\":\"https:\/\/www.rossettiartecontemporanea.it\/wp-content\/uploads\/2023\/11\/blog-ARTEGENOVA-Galleria-Studio-Rossetti.jpg\",\"width\":1920,\"height\":1280},{\"@type\":\"BreadcrumbList\",\"@id\":\"https:\/\/www.rossettiartecontemporanea.it\/en\/mostre-e-eventi\/arte-genova\/#breadcrumb\",\"itemListElement\":[{\"@type\":\"ListItem\",\"position\":1,\"name\":\"Home\",\"item\":\"https:\/\/www.rossettiartecontemporanea.it\/en\/\"},{\"@type\":\"ListItem\",\"position\":2,\"name\":\"Events\",\"item\":\"https:\/\/www.rossettiartecontemporanea.it\/en\/mostre-e-eventi\/\"},{\"@type\":\"ListItem\",\"position\":3,\"name\":\"Arte Genova\"}]},{\"@type\":\"WebSite\",\"@id\":\"https:\/\/www.rossettiartecontemporanea.it\/en\/#website\",\"url\":\"https:\/\/www.rossettiartecontemporanea.it\/en\/\",\"name\":\"Rossetti Arte Contemporanea\",\"description\":\"\",\"publisher\":{\"@id\":\"https:\/\/www.rossettiartecontemporanea.it\/en\/#organization\"},\"potentialAction\":[{\"@type\":\"SearchAction\",\"target\":{\"@type\":\"EntryPoint\",\"urlTemplate\":\"https:\/\/www.rossettiartecontemporanea.it\/en\/?s={search_term_string}\"},\"query-input\":{\"@type\":\"PropertyValueSpecification\",\"valueRequired\":true,\"valueName\":\"search_term_string\"}}],\"inLanguage\":\"en-US\"},{\"@type\":\"Organization\",\"@id\":\"https:\/\/www.rossettiartecontemporanea.it\/en\/#organization\",\"name\":\"Rossetti Arte Contemporanea\",\"url\":\"https:\/\/www.rossettiartecontemporanea.it\/en\/\",\"logo\":{\"@type\":\"ImageObject\",\"inLanguage\":\"en-US\",\"@id\":\"https:\/\/www.rossettiartecontemporanea.it\/en\/#\/schema\/logo\/image\/\",\"url\":\"https:\/\/www.rossettiartecontemporanea.it\/wp-content\/uploads\/2024\/02\/logo-Rossetti-Arte-Contemporanea-black-2x-1.png\",\"contentUrl\":\"https:\/\/www.rossettiartecontemporanea.it\/wp-content\/uploads\/2024\/02\/logo-Rossetti-Arte-Contemporanea-black-2x-1.png\",\"width\":611,\"height\":368,\"caption\":\"Rossetti Arte Contemporanea\"},\"image\":{\"@id\":\"https:\/\/www.rossettiartecontemporanea.it\/en\/#\/schema\/logo\/image\/\"},\"sameAs\":[\"https:\/\/www.facebook.com\/studio.rossetti.artecontemporanea\",\"https:\/\/www.instagram.com\/studio_rossetti\/\",\"https:\/\/www.youtube.com\/channel\/UC94tFj8zg6UV94quz_ysdgw\"]}]}<\/script>\n<!-- \/ Yoast SEO plugin. -->","yoast_head_json":{"title":"Arte Genova - ROSSETTI arte contemporanea","robots":{"index":"index","follow":"follow","max-snippet":"max-snippet:-1","max-image-preview":"max-image-preview:large","max-video-preview":"max-video-preview:-1"},"canonical":"https:\/\/www.rossettiartecontemporanea.it\/en\/mostre-e-eventi\/arte-genova\/","og_locale":"en_US","og_type":"article","og_title":"Arte Genova - ROSSETTI arte contemporanea","og_description":"Studio Rossetti partecipa alla 15\u00b0 mostra mercato d\u2019Arte Moderna e Contemporanea, presso il Padiglione Blu della Fiera di Genova","og_url":"https:\/\/www.rossettiartecontemporanea.it\/en\/mostre-e-eventi\/arte-genova\/","og_site_name":"ROSSETTI arte contemporanea","article_publisher":"https:\/\/www.facebook.com\/studio.rossetti.artecontemporanea","article_modified_time":"2024-01-16T08:46:35+00:00","og_image":[{"width":1920,"height":1280,"url":"https:\/\/www.rossettiartecontemporanea.it\/wp-content\/uploads\/2023\/11\/blog-ARTEGENOVA-Galleria-Studio-Rossetti.jpg","type":"image\/jpeg"}],"twitter_card":"summary_large_image","twitter_misc":{"Est. reading time":"1 minute"},"schema":{"@context":"https:\/\/schema.org","@graph":[{"@type":"WebPage","@id":"https:\/\/www.rossettiartecontemporanea.it\/en\/mostre-e-eventi\/arte-genova\/","url":"https:\/\/www.rossettiartecontemporanea.it\/en\/mostre-e-eventi\/arte-genova\/","name":"Arte Genova - ROSSETTI arte contemporanea","isPartOf":{"@id":"https:\/\/www.rossettiartecontemporanea.it\/en\/#website"},"primaryImageOfPage":{"@id":"https:\/\/www.rossettiartecontemporanea.it\/en\/mostre-e-eventi\/arte-genova\/#primaryimage"},"image":{"@id":"https:\/\/www.rossettiartecontemporanea.it\/en\/mostre-e-eventi\/arte-genova\/#primaryimage"},"thumbnailUrl":"https:\/\/www.rossettiartecontemporanea.it\/wp-content\/uploads\/2023\/11\/blog-ARTEGENOVA-Galleria-Studio-Rossetti.jpg","datePublished":"2024-01-15T11:36:59+00:00","dateModified":"2024-01-16T08:46:35+00:00","breadcrumb":{"@id":"https:\/\/www.rossettiartecontemporanea.it\/en\/mostre-e-eventi\/arte-genova\/#breadcrumb"},"inLanguage":"en-US","potentialAction":[{"@type":"ReadAction","target":["https:\/\/www.rossettiartecontemporanea.it\/en\/mostre-e-eventi\/arte-genova\/"]}]},{"@type":"ImageObject","inLanguage":"en-US","@id":"https:\/\/www.rossettiartecontemporanea.it\/en\/mostre-e-eventi\/arte-genova\/#primaryimage","url":"https:\/\/www.rossettiartecontemporanea.it\/wp-content\/uploads\/2023\/11\/blog-ARTEGENOVA-Galleria-Studio-Rossetti.jpg","contentUrl":"https:\/\/www.rossettiartecontemporanea.it\/wp-content\/uploads\/2023\/11\/blog-ARTEGENOVA-Galleria-Studio-Rossetti.jpg","width":1920,"height":1280},{"@type":"BreadcrumbList","@id":"https:\/\/www.rossettiartecontemporanea.it\/en\/mostre-e-eventi\/arte-genova\/#breadcrumb","itemListElement":[{"@type":"ListItem","position":1,"name":"Home","item":"https:\/\/www.rossettiartecontemporanea.it\/en\/"},{"@type":"ListItem","position":2,"name":"Events","item":"https:\/\/www.rossettiartecontemporanea.it\/en\/mostre-e-eventi\/"},{"@type":"ListItem","position":3,"name":"Arte Genova"}]},{"@type":"WebSite","@id":"https:\/\/www.rossettiartecontemporanea.it\/en\/#website","url":"https:\/\/www.rossettiartecontemporanea.it\/en\/","name":"Rossetti Arte Contemporanea","description":"","publisher":{"@id":"https:\/\/www.rossettiartecontemporanea.it\/en\/#organization"},"potentialAction":[{"@type":"SearchAction","target":{"@type":"EntryPoint","urlTemplate":"https:\/\/www.rossettiartecontemporanea.it\/en\/?s={search_term_string}"},"query-input":{"@type":"PropertyValueSpecification","valueRequired":true,"valueName":"search_term_string"}}],"inLanguage":"en-US"},{"@type":"Organization","@id":"https:\/\/www.rossettiartecontemporanea.it\/en\/#organization","name":"Rossetti Arte Contemporanea","url":"https:\/\/www.rossettiartecontemporanea.it\/en\/","logo":{"@type":"ImageObject","inLanguage":"en-US","@id":"https:\/\/www.rossettiartecontemporanea.it\/en\/#\/schema\/logo\/image\/","url":"https:\/\/www.rossettiartecontemporanea.it\/wp-content\/uploads\/2024\/02\/logo-Rossetti-Arte-Contemporanea-black-2x-1.png","contentUrl":"https:\/\/www.rossettiartecontemporanea.it\/wp-content\/uploads\/2024\/02\/logo-Rossetti-Arte-Contemporanea-black-2x-1.png","width":611,"height":368,"caption":"Rossetti Arte Contemporanea"},"image":{"@id":"https:\/\/www.rossettiartecontemporanea.it\/en\/#\/schema\/logo\/image\/"},"sameAs":["https:\/\/www.facebook.com\/studio.rossetti.artecontemporanea","https:\/\/www.instagram.com\/studio_rossetti\/","https:\/\/www.youtube.com\/channel\/UC94tFj8zg6UV94quz_ysdgw"]}]}},"_links":{"self":[{"href":"https:\/\/www.rossettiartecontemporanea.it\/en\/wp-json\/wp\/v2\/tribe_events\/42886","targetHints":{"allow":["GET"]}}],"collection":[{"href":"https:\/\/www.rossettiartecontemporanea.it\/en\/wp-json\/wp\/v2\/tribe_events"}],"about":[{"href":"https:\/\/www.rossettiartecontemporanea.it\/en\/wp-json\/wp\/v2\/types\/tribe_events"}],"author":[{"embeddable":true,"href":"https:\/\/www.rossettiartecontemporanea.it\/en\/wp-json\/wp\/v2\/users\/2"}],"version-history":[{"count":7,"href":"https:\/\/www.rossettiartecontemporanea.it\/en\/wp-json\/wp\/v2\/tribe_events\/42886\/revisions"}],"predecessor-version":[{"id":43124,"href":"https:\/\/www.rossettiartecontemporanea.it\/en\/wp-json\/wp\/v2\/tribe_events\/42886\/revisions\/43124"}],"wp:featuredmedia":[{"embeddable":true,"href":"https:\/\/www.rossettiartecontemporanea.it\/en\/wp-json\/wp\/v2\/media\/37522"}],"wp:attachment":[{"href":"https:\/\/www.rossettiartecontemporanea.it\/en\/wp-json\/wp\/v2\/media?parent=42886"}],"wp:term":[{"taxonomy":"post_tag","embeddable":true,"href":"https:\/\/www.rossettiartecontemporanea.it\/en\/wp-json\/wp\/v2\/tags?post=42886"},{"taxonomy":"tribe_events_cat","embeddable":true,"href":"https:\/\/www.rossettiartecontemporanea.it\/en\/wp-json\/wp\/v2\/tribe_events_cat?post=42886"}],"curies":[{"name":"wp","href":"https:\/\/api.w.org\/{rel}","templated":true}]}}