{"id":42929,"date":"2024-01-15T12:48:05","date_gmt":"2024-01-15T11:48:05","guid":{"rendered":"http:\/\/www.rossettiartecontemporanea.it\/?post_type=tribe_events&#038;p=42929"},"modified":"2024-01-16T09:47:54","modified_gmt":"2024-01-16T08:47:54","slug":"metropolis_the-worlds-collide","status":"publish","type":"tribe_events","link":"https:\/\/www.rossettiartecontemporanea.it\/en\/mostre-e-eventi\/metropolis_the-worlds-collide\/","title":{"rendered":"Metropolis_the worlds collide"},"content":{"rendered":"<table>\n<tbody>\n<tr>\n<td style=\"padding-right: 36px; vertical-align: top; font-size: 19px;\" width=\"50%\">Si intitola METROPOLIS_The worlds collide la nuova mostra personale di\u00a0<strong>Tom Porta<\/strong>\u00a0che lo Studio Rossetti propone , proseguendo la sua stagione espositiva.<\/p>\n<p>La mostra, che verr\u00e0 inaugurata gioved\u00ec 21 marzo dalle ore 18:00 presso la sede di Via Chiabrera 33r, a Genova sar\u00e0 aperta al pubblico fino a domenica 21 aprile 2019.<\/p>\n<p>Lo Studio Rossetti, nuovo spazio espositivo che vuole essere un punto di riferimento dell\u2019avanguardia contemporanea, dedica una personale a\u00a0<strong>Tom Porta<\/strong>\u00a0celebrandone il ritorno a Genova dopo la sua mostra del 2011 a Palazzo Ducale, W.A.R. \u2013 We Are Restless.<\/p>\n<p>La mostra si compone di pi\u00f9 di venti opere del suo nuovo ciclo artistico da cui emerge una trasfigurazione e scomposizione della natura in una visione quasi informale attraverso pennellate fluide, veloci, accennate e in parte materiche, senza alcun disegno preparatorio.<\/td>\n<td style=\"vertical-align: top; font-size: 19px;\" width=\"50%\">Paesaggi, cieli, atmosfere naturalistiche, foreste.<br \/>\nUno scenario introspettivo dove il movimento sembra continuo anche nella sua apparente immobilit\u00e0.La struttura compositiva equilibrata esalta il contenuto dell\u2019 opera; al colore della forma\u00a0<strong>Tom Porta<\/strong>\u00a0sostituisce la forma del colore.<\/p>\n<p>Al nuovo percorso si affiancano alcune opere dei diversi periodi dell\u2019artista che accompagnano gli osservatori nella sua evoluzione tecnica e figurativa.<\/td>\n<\/tr>\n<\/tbody>\n<\/table>\n<p>&nbsp;<\/p>\n","protected":false},"excerpt":{"rendered":"<p>Si intitola METROPOLIS_The worlds collide la nuova mostra personale di Tom Porta che lo Studio Rossetti propone<\/p>\n","protected":false},"author":2,"featured_media":37487,"template":"","meta":{"_acf_changed":false,"_tribe_events_status":"","_tribe_events_status_reason":"","footnotes":""},"tags":[315],"tribe_events_cat":[277],"class_list":["post-42929","tribe_events","type-tribe_events","status-publish","has-post-thumbnail","hentry","tag-tom-porta","tribe_events_cat-mostra","cat_mostra"],"acf":[],"yoast_head":"<!-- This site is optimized with the Yoast SEO plugin v25.1 - https:\/\/yoast.com\/wordpress\/plugins\/seo\/ -->\n<title>Metropolis_the worlds collide - ROSSETTI arte contemporanea<\/title>\n<meta name=\"robots\" content=\"index, follow, max-snippet:-1, max-image-preview:large, max-video-preview:-1\" \/>\n<link rel=\"canonical\" href=\"https:\/\/www.rossettiartecontemporanea.it\/en\/mostre-e-eventi\/metropolis_the-worlds-collide\/\" \/>\n<meta property=\"og:locale\" content=\"en_US\" \/>\n<meta property=\"og:type\" content=\"article\" \/>\n<meta property=\"og:title\" content=\"Metropolis_the worlds collide - ROSSETTI arte contemporanea\" \/>\n<meta property=\"og:description\" content=\"Si intitola METROPOLIS_The worlds collide la nuova mostra personale di Tom Porta che lo Studio Rossetti propone\" \/>\n<meta property=\"og:url\" content=\"https:\/\/www.rossettiartecontemporanea.it\/en\/mostre-e-eventi\/metropolis_the-worlds-collide\/\" \/>\n<meta property=\"og:site_name\" content=\"ROSSETTI arte contemporanea\" \/>\n<meta property=\"article:publisher\" content=\"https:\/\/www.facebook.com\/studio.rossetti.artecontemporanea\" \/>\n<meta property=\"article:modified_time\" content=\"2024-01-16T08:47:54+00:00\" \/>\n<meta property=\"og:image\" content=\"https:\/\/www.rossettiartecontemporanea.it\/wp-content\/uploads\/2023\/11\/blog-Mostra-Tom-Porta_Metropolis-\u2013-The-worlds-collide-Galleria-Studio-Rossetti.jpg\" \/>\n\t<meta property=\"og:image:width\" content=\"1920\" \/>\n\t<meta property=\"og:image:height\" content=\"1972\" \/>\n\t<meta property=\"og:image:type\" content=\"image\/jpeg\" \/>\n<meta name=\"twitter:card\" content=\"summary_large_image\" \/>\n<meta name=\"twitter:label1\" content=\"Est. reading time\" \/>\n\t<meta name=\"twitter:data1\" content=\"2 minutes\" \/>\n<script type=\"application\/ld+json\" class=\"yoast-schema-graph\">{\"@context\":\"https:\/\/schema.org\",\"@graph\":[{\"@type\":\"WebPage\",\"@id\":\"https:\/\/www.rossettiartecontemporanea.it\/en\/mostre-e-eventi\/metropolis_the-worlds-collide\/\",\"url\":\"https:\/\/www.rossettiartecontemporanea.it\/en\/mostre-e-eventi\/metropolis_the-worlds-collide\/\",\"name\":\"Metropolis_the worlds collide - ROSSETTI arte contemporanea\",\"isPartOf\":{\"@id\":\"https:\/\/www.rossettiartecontemporanea.it\/en\/#website\"},\"primaryImageOfPage\":{\"@id\":\"https:\/\/www.rossettiartecontemporanea.it\/en\/mostre-e-eventi\/metropolis_the-worlds-collide\/#primaryimage\"},\"image\":{\"@id\":\"https:\/\/www.rossettiartecontemporanea.it\/en\/mostre-e-eventi\/metropolis_the-worlds-collide\/#primaryimage\"},\"thumbnailUrl\":\"https:\/\/www.rossettiartecontemporanea.it\/wp-content\/uploads\/2023\/11\/blog-Mostra-Tom-Porta_Metropolis-\u2013-The-worlds-collide-Galleria-Studio-Rossetti.jpg\",\"datePublished\":\"2024-01-15T11:48:05+00:00\",\"dateModified\":\"2024-01-16T08:47:54+00:00\",\"breadcrumb\":{\"@id\":\"https:\/\/www.rossettiartecontemporanea.it\/en\/mostre-e-eventi\/metropolis_the-worlds-collide\/#breadcrumb\"},\"inLanguage\":\"en-US\",\"potentialAction\":[{\"@type\":\"ReadAction\",\"target\":[\"https:\/\/www.rossettiartecontemporanea.it\/en\/mostre-e-eventi\/metropolis_the-worlds-collide\/\"]}]},{\"@type\":\"ImageObject\",\"inLanguage\":\"en-US\",\"@id\":\"https:\/\/www.rossettiartecontemporanea.it\/en\/mostre-e-eventi\/metropolis_the-worlds-collide\/#primaryimage\",\"url\":\"https:\/\/www.rossettiartecontemporanea.it\/wp-content\/uploads\/2023\/11\/blog-Mostra-Tom-Porta_Metropolis-\u2013-The-worlds-collide-Galleria-Studio-Rossetti.jpg\",\"contentUrl\":\"https:\/\/www.rossettiartecontemporanea.it\/wp-content\/uploads\/2023\/11\/blog-Mostra-Tom-Porta_Metropolis-\u2013-The-worlds-collide-Galleria-Studio-Rossetti.jpg\",\"width\":1920,\"height\":1972},{\"@type\":\"BreadcrumbList\",\"@id\":\"https:\/\/www.rossettiartecontemporanea.it\/en\/mostre-e-eventi\/metropolis_the-worlds-collide\/#breadcrumb\",\"itemListElement\":[{\"@type\":\"ListItem\",\"position\":1,\"name\":\"Home\",\"item\":\"https:\/\/www.rossettiartecontemporanea.it\/en\/\"},{\"@type\":\"ListItem\",\"position\":2,\"name\":\"Events\",\"item\":\"https:\/\/www.rossettiartecontemporanea.it\/en\/mostre-e-eventi\/\"},{\"@type\":\"ListItem\",\"position\":3,\"name\":\"Metropolis_the worlds collide\"}]},{\"@type\":\"WebSite\",\"@id\":\"https:\/\/www.rossettiartecontemporanea.it\/en\/#website\",\"url\":\"https:\/\/www.rossettiartecontemporanea.it\/en\/\",\"name\":\"Rossetti Arte Contemporanea\",\"description\":\"\",\"publisher\":{\"@id\":\"https:\/\/www.rossettiartecontemporanea.it\/en\/#organization\"},\"potentialAction\":[{\"@type\":\"SearchAction\",\"target\":{\"@type\":\"EntryPoint\",\"urlTemplate\":\"https:\/\/www.rossettiartecontemporanea.it\/en\/?s={search_term_string}\"},\"query-input\":{\"@type\":\"PropertyValueSpecification\",\"valueRequired\":true,\"valueName\":\"search_term_string\"}}],\"inLanguage\":\"en-US\"},{\"@type\":\"Organization\",\"@id\":\"https:\/\/www.rossettiartecontemporanea.it\/en\/#organization\",\"name\":\"Rossetti Arte Contemporanea\",\"url\":\"https:\/\/www.rossettiartecontemporanea.it\/en\/\",\"logo\":{\"@type\":\"ImageObject\",\"inLanguage\":\"en-US\",\"@id\":\"https:\/\/www.rossettiartecontemporanea.it\/en\/#\/schema\/logo\/image\/\",\"url\":\"https:\/\/www.rossettiartecontemporanea.it\/wp-content\/uploads\/2024\/02\/logo-Rossetti-Arte-Contemporanea-black-2x-1.png\",\"contentUrl\":\"https:\/\/www.rossettiartecontemporanea.it\/wp-content\/uploads\/2024\/02\/logo-Rossetti-Arte-Contemporanea-black-2x-1.png\",\"width\":611,\"height\":368,\"caption\":\"Rossetti Arte Contemporanea\"},\"image\":{\"@id\":\"https:\/\/www.rossettiartecontemporanea.it\/en\/#\/schema\/logo\/image\/\"},\"sameAs\":[\"https:\/\/www.facebook.com\/studio.rossetti.artecontemporanea\",\"https:\/\/www.instagram.com\/studio_rossetti\/\",\"https:\/\/www.youtube.com\/channel\/UC94tFj8zg6UV94quz_ysdgw\"]}]}<\/script>\n<!-- \/ Yoast SEO plugin. -->","yoast_head_json":{"title":"Metropolis_the worlds collide - ROSSETTI arte contemporanea","robots":{"index":"index","follow":"follow","max-snippet":"max-snippet:-1","max-image-preview":"max-image-preview:large","max-video-preview":"max-video-preview:-1"},"canonical":"https:\/\/www.rossettiartecontemporanea.it\/en\/mostre-e-eventi\/metropolis_the-worlds-collide\/","og_locale":"en_US","og_type":"article","og_title":"Metropolis_the worlds collide - ROSSETTI arte contemporanea","og_description":"Si intitola METROPOLIS_The worlds collide la nuova mostra personale di Tom Porta che lo Studio Rossetti propone","og_url":"https:\/\/www.rossettiartecontemporanea.it\/en\/mostre-e-eventi\/metropolis_the-worlds-collide\/","og_site_name":"ROSSETTI arte contemporanea","article_publisher":"https:\/\/www.facebook.com\/studio.rossetti.artecontemporanea","article_modified_time":"2024-01-16T08:47:54+00:00","og_image":[{"width":1920,"height":1972,"url":"https:\/\/www.rossettiartecontemporanea.it\/wp-content\/uploads\/2023\/11\/blog-Mostra-Tom-Porta_Metropolis-\u2013-The-worlds-collide-Galleria-Studio-Rossetti.jpg","type":"image\/jpeg"}],"twitter_card":"summary_large_image","twitter_misc":{"Est. reading time":"2 minutes"},"schema":{"@context":"https:\/\/schema.org","@graph":[{"@type":"WebPage","@id":"https:\/\/www.rossettiartecontemporanea.it\/en\/mostre-e-eventi\/metropolis_the-worlds-collide\/","url":"https:\/\/www.rossettiartecontemporanea.it\/en\/mostre-e-eventi\/metropolis_the-worlds-collide\/","name":"Metropolis_the worlds collide - ROSSETTI arte contemporanea","isPartOf":{"@id":"https:\/\/www.rossettiartecontemporanea.it\/en\/#website"},"primaryImageOfPage":{"@id":"https:\/\/www.rossettiartecontemporanea.it\/en\/mostre-e-eventi\/metropolis_the-worlds-collide\/#primaryimage"},"image":{"@id":"https:\/\/www.rossettiartecontemporanea.it\/en\/mostre-e-eventi\/metropolis_the-worlds-collide\/#primaryimage"},"thumbnailUrl":"https:\/\/www.rossettiartecontemporanea.it\/wp-content\/uploads\/2023\/11\/blog-Mostra-Tom-Porta_Metropolis-\u2013-The-worlds-collide-Galleria-Studio-Rossetti.jpg","datePublished":"2024-01-15T11:48:05+00:00","dateModified":"2024-01-16T08:47:54+00:00","breadcrumb":{"@id":"https:\/\/www.rossettiartecontemporanea.it\/en\/mostre-e-eventi\/metropolis_the-worlds-collide\/#breadcrumb"},"inLanguage":"en-US","potentialAction":[{"@type":"ReadAction","target":["https:\/\/www.rossettiartecontemporanea.it\/en\/mostre-e-eventi\/metropolis_the-worlds-collide\/"]}]},{"@type":"ImageObject","inLanguage":"en-US","@id":"https:\/\/www.rossettiartecontemporanea.it\/en\/mostre-e-eventi\/metropolis_the-worlds-collide\/#primaryimage","url":"https:\/\/www.rossettiartecontemporanea.it\/wp-content\/uploads\/2023\/11\/blog-Mostra-Tom-Porta_Metropolis-\u2013-The-worlds-collide-Galleria-Studio-Rossetti.jpg","contentUrl":"https:\/\/www.rossettiartecontemporanea.it\/wp-content\/uploads\/2023\/11\/blog-Mostra-Tom-Porta_Metropolis-\u2013-The-worlds-collide-Galleria-Studio-Rossetti.jpg","width":1920,"height":1972},{"@type":"BreadcrumbList","@id":"https:\/\/www.rossettiartecontemporanea.it\/en\/mostre-e-eventi\/metropolis_the-worlds-collide\/#breadcrumb","itemListElement":[{"@type":"ListItem","position":1,"name":"Home","item":"https:\/\/www.rossettiartecontemporanea.it\/en\/"},{"@type":"ListItem","position":2,"name":"Events","item":"https:\/\/www.rossettiartecontemporanea.it\/en\/mostre-e-eventi\/"},{"@type":"ListItem","position":3,"name":"Metropolis_the worlds collide"}]},{"@type":"WebSite","@id":"https:\/\/www.rossettiartecontemporanea.it\/en\/#website","url":"https:\/\/www.rossettiartecontemporanea.it\/en\/","name":"Rossetti Arte Contemporanea","description":"","publisher":{"@id":"https:\/\/www.rossettiartecontemporanea.it\/en\/#organization"},"potentialAction":[{"@type":"SearchAction","target":{"@type":"EntryPoint","urlTemplate":"https:\/\/www.rossettiartecontemporanea.it\/en\/?s={search_term_string}"},"query-input":{"@type":"PropertyValueSpecification","valueRequired":true,"valueName":"search_term_string"}}],"inLanguage":"en-US"},{"@type":"Organization","@id":"https:\/\/www.rossettiartecontemporanea.it\/en\/#organization","name":"Rossetti Arte Contemporanea","url":"https:\/\/www.rossettiartecontemporanea.it\/en\/","logo":{"@type":"ImageObject","inLanguage":"en-US","@id":"https:\/\/www.rossettiartecontemporanea.it\/en\/#\/schema\/logo\/image\/","url":"https:\/\/www.rossettiartecontemporanea.it\/wp-content\/uploads\/2024\/02\/logo-Rossetti-Arte-Contemporanea-black-2x-1.png","contentUrl":"https:\/\/www.rossettiartecontemporanea.it\/wp-content\/uploads\/2024\/02\/logo-Rossetti-Arte-Contemporanea-black-2x-1.png","width":611,"height":368,"caption":"Rossetti Arte Contemporanea"},"image":{"@id":"https:\/\/www.rossettiartecontemporanea.it\/en\/#\/schema\/logo\/image\/"},"sameAs":["https:\/\/www.facebook.com\/studio.rossetti.artecontemporanea","https:\/\/www.instagram.com\/studio_rossetti\/","https:\/\/www.youtube.com\/channel\/UC94tFj8zg6UV94quz_ysdgw"]}]}},"_links":{"self":[{"href":"https:\/\/www.rossettiartecontemporanea.it\/en\/wp-json\/wp\/v2\/tribe_events\/42929","targetHints":{"allow":["GET"]}}],"collection":[{"href":"https:\/\/www.rossettiartecontemporanea.it\/en\/wp-json\/wp\/v2\/tribe_events"}],"about":[{"href":"https:\/\/www.rossettiartecontemporanea.it\/en\/wp-json\/wp\/v2\/types\/tribe_events"}],"author":[{"embeddable":true,"href":"https:\/\/www.rossettiartecontemporanea.it\/en\/wp-json\/wp\/v2\/users\/2"}],"version-history":[{"count":7,"href":"https:\/\/www.rossettiartecontemporanea.it\/en\/wp-json\/wp\/v2\/tribe_events\/42929\/revisions"}],"predecessor-version":[{"id":43126,"href":"https:\/\/www.rossettiartecontemporanea.it\/en\/wp-json\/wp\/v2\/tribe_events\/42929\/revisions\/43126"}],"wp:featuredmedia":[{"embeddable":true,"href":"https:\/\/www.rossettiartecontemporanea.it\/en\/wp-json\/wp\/v2\/media\/37487"}],"wp:attachment":[{"href":"https:\/\/www.rossettiartecontemporanea.it\/en\/wp-json\/wp\/v2\/media?parent=42929"}],"wp:term":[{"taxonomy":"post_tag","embeddable":true,"href":"https:\/\/www.rossettiartecontemporanea.it\/en\/wp-json\/wp\/v2\/tags?post=42929"},{"taxonomy":"tribe_events_cat","embeddable":true,"href":"https:\/\/www.rossettiartecontemporanea.it\/en\/wp-json\/wp\/v2\/tribe_events_cat?post=42929"}],"curies":[{"name":"wp","href":"https:\/\/api.w.org\/{rel}","templated":true}]}}