{"id":42944,"date":"2024-01-15T13:00:00","date_gmt":"2024-01-15T12:00:00","guid":{"rendered":"http:\/\/www.rossettiartecontemporanea.it\/?post_type=tribe_events&#038;p=42944"},"modified":"2024-01-16T09:49:18","modified_gmt":"2024-01-16T08:49:18","slug":"luso-del-corpo-nellarte-moderna-e-contemporanea","status":"publish","type":"tribe_events","link":"https:\/\/www.rossettiartecontemporanea.it\/en\/mostre-e-eventi\/luso-del-corpo-nellarte-moderna-e-contemporanea\/","title":{"rendered":"L\u2019uso del corpo nell\u2019arte moderna e contemporanea"},"content":{"rendered":"<table>\n<tbody>\n<tr>\n<td style=\"padding-right: 36px; vertical-align: top; font-size: 19px;\" width=\"50%\">Siamo tra gli anni \u201970 e \u201880, periodo in cui esplode il concetto del corpo come espressione d\u2019arte, la body art.<\/p>\n<p>Nella body art il corpo \u00e8 il protagonista assoluto della performance artistica, considerato soggetto e oggetto, fine e mezzo dell\u2019espressione e del linguaggio: le sfumature di questo movimento hanno dato vita a numerose e diverse interpretazioni artistiche della corporeit\u00e0 come valore artistico.<\/p>\n<p>Manzoni firma le sue modelle, innalzando cos\u00ec il corpo stesso ad espressione artistica senza necessit\u00e0 di intervento e modifica. Il corpo costituisce l\u2019opera e il fine artistico.<strong>Gilbert &amp; George<\/strong>, con le loro \u201csculture viventi\u201d, sostengono che l\u2019artista debba entrare in campo personalmente e fanno di loro stessi il centro delle loro opere, presentandosi in diverse occasioni con volti e mani dipinti di oro per sdoganare le paure e le ossessioni dell\u2019essere umano.<\/td>\n<td style=\"vertical-align: top; font-size: 19px;\" width=\"50%\"><strong>Marina Abramovi\u0107<\/strong>\u00a0sfida le capacit\u00e0 del suo stesso corpo e di ci\u00f2 che \u00e8 in grado di trasmettere, esasperandone i limiti per comprenderlo. Durante le performance lo usa per incarnare ed esprimere il dolore, lo mette a rischio: le sue mostre sono percorsi da vivere assieme a lei.<\/p>\n<p>Il corpo si fa mezzo per diventare opera ma non \u00e8 l\u2019opera stessa.<\/p>\n<p>Un viaggio insieme,\u00a0tra immagini e parole,\u00a0su come lo scenario della body art sia\u00a0fondamentale nella considerazione del corpo come fine o mezzo del linguaggio artistico.<\/p>\n<p>Questo secondo appuntamento di Incontri in galleria avr\u00e0 inizio alle 18.00 nella splendida cornice dell\u2019atrio di Palazzo Saluzzo, attiguo alla galleria, e si concluder\u00e0 con un brindisi.<\/td>\n<\/tr>\n<\/tbody>\n<\/table>\n<p>&nbsp;<\/p>\n<div id='gallery-1' class='gallery galleryid-42944 gallery-columns-6 gallery-size-large'><figure class='gallery-item'>\n\t\t\t<div class='gallery-icon portrait'>\n\t\t\t\t<a href='https:\/\/www.rossettiartecontemporanea.it\/wp-content\/uploads\/2023\/11\/blog-LUSO-DEL-CORPO-NELLARTE-MODERNA-E-CONTEMPORANEA-Galleria-Studio-Rossetti-02.jpg'><img fetchpriority=\"high\" decoding=\"async\" width=\"682\" height=\"1024\" src=\"https:\/\/www.rossettiartecontemporanea.it\/wp-content\/uploads\/2023\/11\/blog-LUSO-DEL-CORPO-NELLARTE-MODERNA-E-CONTEMPORANEA-Galleria-Studio-Rossetti-02.jpg\" class=\"attachment-large size-large\" alt=\"\" srcset=\"https:\/\/www.rossettiartecontemporanea.it\/wp-content\/uploads\/2023\/11\/blog-LUSO-DEL-CORPO-NELLARTE-MODERNA-E-CONTEMPORANEA-Galleria-Studio-Rossetti-02.jpg 682w, https:\/\/www.rossettiartecontemporanea.it\/wp-content\/uploads\/2023\/11\/blog-LUSO-DEL-CORPO-NELLARTE-MODERNA-E-CONTEMPORANEA-Galleria-Studio-Rossetti-02-200x300.jpg 200w, https:\/\/www.rossettiartecontemporanea.it\/wp-content\/uploads\/2023\/11\/blog-LUSO-DEL-CORPO-NELLARTE-MODERNA-E-CONTEMPORANEA-Galleria-Studio-Rossetti-02-370x556.jpg 370w, https:\/\/www.rossettiartecontemporanea.it\/wp-content\/uploads\/2023\/11\/blog-LUSO-DEL-CORPO-NELLARTE-MODERNA-E-CONTEMPORANEA-Galleria-Studio-Rossetti-02-410x616.jpg 410w\" sizes=\"(max-width: 682px) 100vw, 682px\" \/><\/a>\n\t\t\t<\/div><\/figure><figure class='gallery-item'>\n\t\t\t<div class='gallery-icon portrait'>\n\t\t\t\t<a href='https:\/\/www.rossettiartecontemporanea.it\/wp-content\/uploads\/2023\/11\/blog-LUSO-DEL-CORPO-NELLARTE-MODERNA-E-CONTEMPORANEA-Galleria-Studio-Rossetti-03.jpg'><img decoding=\"async\" width=\"310\" height=\"375\" src=\"https:\/\/www.rossettiartecontemporanea.it\/wp-content\/uploads\/2023\/11\/blog-LUSO-DEL-CORPO-NELLARTE-MODERNA-E-CONTEMPORANEA-Galleria-Studio-Rossetti-03.jpg\" class=\"attachment-large size-large\" alt=\"\" srcset=\"https:\/\/www.rossettiartecontemporanea.it\/wp-content\/uploads\/2023\/11\/blog-LUSO-DEL-CORPO-NELLARTE-MODERNA-E-CONTEMPORANEA-Galleria-Studio-Rossetti-03.jpg 310w, https:\/\/www.rossettiartecontemporanea.it\/wp-content\/uploads\/2023\/11\/blog-LUSO-DEL-CORPO-NELLARTE-MODERNA-E-CONTEMPORANEA-Galleria-Studio-Rossetti-03-248x300.jpg 248w\" sizes=\"(max-width: 600px) 100vw, 310px\" \/><\/a>\n\t\t\t<\/div><\/figure><figure class='gallery-item'>\n\t\t\t<div class='gallery-icon landscape'>\n\t\t\t\t<a href='https:\/\/www.rossettiartecontemporanea.it\/wp-content\/uploads\/2023\/11\/blog-LUSO-DEL-CORPO-NELLARTE-MODERNA-E-CONTEMPORANEA-Galleria-Studio-Rossetti-04.jpg'><img decoding=\"async\" width=\"900\" height=\"603\" src=\"https:\/\/www.rossettiartecontemporanea.it\/wp-content\/uploads\/2023\/11\/blog-LUSO-DEL-CORPO-NELLARTE-MODERNA-E-CONTEMPORANEA-Galleria-Studio-Rossetti-04.jpg\" class=\"attachment-large size-large\" alt=\"\" srcset=\"https:\/\/www.rossettiartecontemporanea.it\/wp-content\/uploads\/2023\/11\/blog-LUSO-DEL-CORPO-NELLARTE-MODERNA-E-CONTEMPORANEA-Galleria-Studio-Rossetti-04.jpg 900w, https:\/\/www.rossettiartecontemporanea.it\/wp-content\/uploads\/2023\/11\/blog-LUSO-DEL-CORPO-NELLARTE-MODERNA-E-CONTEMPORANEA-Galleria-Studio-Rossetti-04-300x201.jpg 300w, https:\/\/www.rossettiartecontemporanea.it\/wp-content\/uploads\/2023\/11\/blog-LUSO-DEL-CORPO-NELLARTE-MODERNA-E-CONTEMPORANEA-Galleria-Studio-Rossetti-04-768x515.jpg 768w, https:\/\/www.rossettiartecontemporanea.it\/wp-content\/uploads\/2023\/11\/blog-LUSO-DEL-CORPO-NELLARTE-MODERNA-E-CONTEMPORANEA-Galleria-Studio-Rossetti-04-370x248.jpg 370w, https:\/\/www.rossettiartecontemporanea.it\/wp-content\/uploads\/2023\/11\/blog-LUSO-DEL-CORPO-NELLARTE-MODERNA-E-CONTEMPORANEA-Galleria-Studio-Rossetti-04-840x563.jpg 840w, https:\/\/www.rossettiartecontemporanea.it\/wp-content\/uploads\/2023\/11\/blog-LUSO-DEL-CORPO-NELLARTE-MODERNA-E-CONTEMPORANEA-Galleria-Studio-Rossetti-04-410x275.jpg 410w\" sizes=\"(max-width: 900px) 100vw, 900px\" \/><\/a>\n\t\t\t<\/div><\/figure><figure class='gallery-item'>\n\t\t\t<div class='gallery-icon portrait'>\n\t\t\t\t<a href='https:\/\/www.rossettiartecontemporanea.it\/wp-content\/uploads\/2023\/11\/blog-LUSO-DEL-CORPO-NELLARTE-MODERNA-E-CONTEMPORANEA-Galleria-Studio-Rossetti-05.jpg'><img loading=\"lazy\" decoding=\"async\" width=\"231\" height=\"354\" src=\"https:\/\/www.rossettiartecontemporanea.it\/wp-content\/uploads\/2023\/11\/blog-LUSO-DEL-CORPO-NELLARTE-MODERNA-E-CONTEMPORANEA-Galleria-Studio-Rossetti-05.jpg\" class=\"attachment-large size-large\" alt=\"\" srcset=\"https:\/\/www.rossettiartecontemporanea.it\/wp-content\/uploads\/2023\/11\/blog-LUSO-DEL-CORPO-NELLARTE-MODERNA-E-CONTEMPORANEA-Galleria-Studio-Rossetti-05.jpg 231w, https:\/\/www.rossettiartecontemporanea.it\/wp-content\/uploads\/2023\/11\/blog-LUSO-DEL-CORPO-NELLARTE-MODERNA-E-CONTEMPORANEA-Galleria-Studio-Rossetti-05-196x300.jpg 196w\" sizes=\"(max-width: 231px) 100vw, 231px\" \/><\/a>\n\t\t\t<\/div><\/figure><figure class='gallery-item'>\n\t\t\t<div class='gallery-icon landscape'>\n\t\t\t\t<a href='https:\/\/www.rossettiartecontemporanea.it\/wp-content\/uploads\/2023\/11\/blog-LUSO-DEL-CORPO-NELLARTE-MODERNA-E-CONTEMPORANEA-Galleria-Studio-Rossetti-06.jpg'><img loading=\"lazy\" decoding=\"async\" width=\"900\" height=\"600\" src=\"https:\/\/www.rossettiartecontemporanea.it\/wp-content\/uploads\/2023\/11\/blog-LUSO-DEL-CORPO-NELLARTE-MODERNA-E-CONTEMPORANEA-Galleria-Studio-Rossetti-06.jpg\" class=\"attachment-large size-large\" alt=\"\" srcset=\"https:\/\/www.rossettiartecontemporanea.it\/wp-content\/uploads\/2023\/11\/blog-LUSO-DEL-CORPO-NELLARTE-MODERNA-E-CONTEMPORANEA-Galleria-Studio-Rossetti-06.jpg 900w, https:\/\/www.rossettiartecontemporanea.it\/wp-content\/uploads\/2023\/11\/blog-LUSO-DEL-CORPO-NELLARTE-MODERNA-E-CONTEMPORANEA-Galleria-Studio-Rossetti-06-300x200.jpg 300w, https:\/\/www.rossettiartecontemporanea.it\/wp-content\/uploads\/2023\/11\/blog-LUSO-DEL-CORPO-NELLARTE-MODERNA-E-CONTEMPORANEA-Galleria-Studio-Rossetti-06-768x512.jpg 768w, https:\/\/www.rossettiartecontemporanea.it\/wp-content\/uploads\/2023\/11\/blog-LUSO-DEL-CORPO-NELLARTE-MODERNA-E-CONTEMPORANEA-Galleria-Studio-Rossetti-06-370x247.jpg 370w, https:\/\/www.rossettiartecontemporanea.it\/wp-content\/uploads\/2023\/11\/blog-LUSO-DEL-CORPO-NELLARTE-MODERNA-E-CONTEMPORANEA-Galleria-Studio-Rossetti-06-840x560.jpg 840w, https:\/\/www.rossettiartecontemporanea.it\/wp-content\/uploads\/2023\/11\/blog-LUSO-DEL-CORPO-NELLARTE-MODERNA-E-CONTEMPORANEA-Galleria-Studio-Rossetti-06-410x273.jpg 410w\" sizes=\"(max-width: 900px) 100vw, 900px\" \/><\/a>\n\t\t\t<\/div><\/figure><figure class='gallery-item'>\n\t\t\t<div class='gallery-icon portrait'>\n\t\t\t\t<a href='https:\/\/www.rossettiartecontemporanea.it\/wp-content\/uploads\/2023\/11\/blog-LUSO-DEL-CORPO-NELLARTE-MODERNA-E-CONTEMPORANEA-Galleria-Studio-Rossetti-07.jpg'><img loading=\"lazy\" decoding=\"async\" width=\"600\" height=\"758\" src=\"https:\/\/www.rossettiartecontemporanea.it\/wp-content\/uploads\/2023\/11\/blog-LUSO-DEL-CORPO-NELLARTE-MODERNA-E-CONTEMPORANEA-Galleria-Studio-Rossetti-07.jpg\" class=\"attachment-large size-large\" alt=\"\" srcset=\"https:\/\/www.rossettiartecontemporanea.it\/wp-content\/uploads\/2023\/11\/blog-LUSO-DEL-CORPO-NELLARTE-MODERNA-E-CONTEMPORANEA-Galleria-Studio-Rossetti-07.jpg 600w, https:\/\/www.rossettiartecontemporanea.it\/wp-content\/uploads\/2023\/11\/blog-LUSO-DEL-CORPO-NELLARTE-MODERNA-E-CONTEMPORANEA-Galleria-Studio-Rossetti-07-237x300.jpg 237w, https:\/\/www.rossettiartecontemporanea.it\/wp-content\/uploads\/2023\/11\/blog-LUSO-DEL-CORPO-NELLARTE-MODERNA-E-CONTEMPORANEA-Galleria-Studio-Rossetti-07-370x467.jpg 370w, https:\/\/www.rossettiartecontemporanea.it\/wp-content\/uploads\/2023\/11\/blog-LUSO-DEL-CORPO-NELLARTE-MODERNA-E-CONTEMPORANEA-Galleria-Studio-Rossetti-07-410x518.jpg 410w\" sizes=\"(max-width: 600px) 100vw, 600px\" \/><\/a>\n\t\t\t<\/div><\/figure>\n\t\t<\/div>\n\n<p>&nbsp;<\/p>\n","protected":false},"excerpt":{"rendered":"<p>Siamo tra gli anni \u201970 e \u201880, periodo in cui esplode il concetto del corpo come espressione d\u2019arte, la body art<\/p>\n","protected":false},"author":2,"featured_media":37526,"template":"","meta":{"_acf_changed":false,"_tribe_events_status":"","_tribe_events_status_reason":"","footnotes":""},"tags":[],"tribe_events_cat":[393],"class_list":["post-42944","tribe_events","type-tribe_events","status-publish","has-post-thumbnail","hentry","tribe_events_cat-evento","cat_evento"],"acf":[],"yoast_head":"<!-- This site is optimized with the Yoast SEO plugin v25.1 - https:\/\/yoast.com\/wordpress\/plugins\/seo\/ -->\n<title>L\u2019uso del corpo nell\u2019arte moderna e contemporanea - ROSSETTI arte contemporanea<\/title>\n<meta name=\"robots\" content=\"index, follow, max-snippet:-1, max-image-preview:large, max-video-preview:-1\" \/>\n<link rel=\"canonical\" href=\"https:\/\/www.rossettiartecontemporanea.it\/en\/mostre-e-eventi\/luso-del-corpo-nellarte-moderna-e-contemporanea\/\" \/>\n<meta property=\"og:locale\" content=\"en_US\" \/>\n<meta property=\"og:type\" content=\"article\" \/>\n<meta property=\"og:title\" content=\"L\u2019uso del corpo nell\u2019arte moderna e contemporanea - ROSSETTI arte contemporanea\" \/>\n<meta property=\"og:description\" content=\"Siamo tra gli anni \u201970 e \u201880, periodo in cui esplode il concetto del corpo come espressione d\u2019arte, la body art\" \/>\n<meta property=\"og:url\" content=\"https:\/\/www.rossettiartecontemporanea.it\/en\/mostre-e-eventi\/luso-del-corpo-nellarte-moderna-e-contemporanea\/\" \/>\n<meta property=\"og:site_name\" content=\"ROSSETTI arte contemporanea\" \/>\n<meta property=\"article:publisher\" content=\"https:\/\/www.facebook.com\/studio.rossetti.artecontemporanea\" \/>\n<meta property=\"article:modified_time\" content=\"2024-01-16T08:49:18+00:00\" \/>\n<meta property=\"og:image\" content=\"https:\/\/www.rossettiartecontemporanea.it\/wp-content\/uploads\/2023\/11\/blog-LUSO-DEL-CORPO-NELLARTE-MODERNA-E-CONTEMPORANEA-Galleria-Studio-Rossetti.jpg\" \/>\n\t<meta property=\"og:image:width\" content=\"1920\" \/>\n\t<meta property=\"og:image:height\" content=\"1694\" \/>\n\t<meta property=\"og:image:type\" content=\"image\/jpeg\" \/>\n<meta name=\"twitter:card\" content=\"summary_large_image\" \/>\n<meta name=\"twitter:label1\" content=\"Est. reading time\" \/>\n\t<meta name=\"twitter:data1\" content=\"2 minutes\" \/>\n<script type=\"application\/ld+json\" class=\"yoast-schema-graph\">{\"@context\":\"https:\/\/schema.org\",\"@graph\":[{\"@type\":\"WebPage\",\"@id\":\"https:\/\/www.rossettiartecontemporanea.it\/en\/mostre-e-eventi\/luso-del-corpo-nellarte-moderna-e-contemporanea\/\",\"url\":\"https:\/\/www.rossettiartecontemporanea.it\/en\/mostre-e-eventi\/luso-del-corpo-nellarte-moderna-e-contemporanea\/\",\"name\":\"L\u2019uso del corpo nell\u2019arte moderna e contemporanea - ROSSETTI arte contemporanea\",\"isPartOf\":{\"@id\":\"https:\/\/www.rossettiartecontemporanea.it\/en\/#website\"},\"primaryImageOfPage\":{\"@id\":\"https:\/\/www.rossettiartecontemporanea.it\/en\/mostre-e-eventi\/luso-del-corpo-nellarte-moderna-e-contemporanea\/#primaryimage\"},\"image\":{\"@id\":\"https:\/\/www.rossettiartecontemporanea.it\/en\/mostre-e-eventi\/luso-del-corpo-nellarte-moderna-e-contemporanea\/#primaryimage\"},\"thumbnailUrl\":\"https:\/\/www.rossettiartecontemporanea.it\/wp-content\/uploads\/2023\/11\/blog-LUSO-DEL-CORPO-NELLARTE-MODERNA-E-CONTEMPORANEA-Galleria-Studio-Rossetti.jpg\",\"datePublished\":\"2024-01-15T12:00:00+00:00\",\"dateModified\":\"2024-01-16T08:49:18+00:00\",\"breadcrumb\":{\"@id\":\"https:\/\/www.rossettiartecontemporanea.it\/en\/mostre-e-eventi\/luso-del-corpo-nellarte-moderna-e-contemporanea\/#breadcrumb\"},\"inLanguage\":\"en-US\",\"potentialAction\":[{\"@type\":\"ReadAction\",\"target\":[\"https:\/\/www.rossettiartecontemporanea.it\/en\/mostre-e-eventi\/luso-del-corpo-nellarte-moderna-e-contemporanea\/\"]}]},{\"@type\":\"ImageObject\",\"inLanguage\":\"en-US\",\"@id\":\"https:\/\/www.rossettiartecontemporanea.it\/en\/mostre-e-eventi\/luso-del-corpo-nellarte-moderna-e-contemporanea\/#primaryimage\",\"url\":\"https:\/\/www.rossettiartecontemporanea.it\/wp-content\/uploads\/2023\/11\/blog-LUSO-DEL-CORPO-NELLARTE-MODERNA-E-CONTEMPORANEA-Galleria-Studio-Rossetti.jpg\",\"contentUrl\":\"https:\/\/www.rossettiartecontemporanea.it\/wp-content\/uploads\/2023\/11\/blog-LUSO-DEL-CORPO-NELLARTE-MODERNA-E-CONTEMPORANEA-Galleria-Studio-Rossetti.jpg\",\"width\":1920,\"height\":1694},{\"@type\":\"BreadcrumbList\",\"@id\":\"https:\/\/www.rossettiartecontemporanea.it\/en\/mostre-e-eventi\/luso-del-corpo-nellarte-moderna-e-contemporanea\/#breadcrumb\",\"itemListElement\":[{\"@type\":\"ListItem\",\"position\":1,\"name\":\"Home\",\"item\":\"https:\/\/www.rossettiartecontemporanea.it\/en\/\"},{\"@type\":\"ListItem\",\"position\":2,\"name\":\"Events\",\"item\":\"https:\/\/www.rossettiartecontemporanea.it\/en\/mostre-e-eventi\/\"},{\"@type\":\"ListItem\",\"position\":3,\"name\":\"L\u2019uso del corpo nell\u2019arte moderna e contemporanea\"}]},{\"@type\":\"WebSite\",\"@id\":\"https:\/\/www.rossettiartecontemporanea.it\/en\/#website\",\"url\":\"https:\/\/www.rossettiartecontemporanea.it\/en\/\",\"name\":\"Rossetti Arte Contemporanea\",\"description\":\"\",\"publisher\":{\"@id\":\"https:\/\/www.rossettiartecontemporanea.it\/en\/#organization\"},\"potentialAction\":[{\"@type\":\"SearchAction\",\"target\":{\"@type\":\"EntryPoint\",\"urlTemplate\":\"https:\/\/www.rossettiartecontemporanea.it\/en\/?s={search_term_string}\"},\"query-input\":{\"@type\":\"PropertyValueSpecification\",\"valueRequired\":true,\"valueName\":\"search_term_string\"}}],\"inLanguage\":\"en-US\"},{\"@type\":\"Organization\",\"@id\":\"https:\/\/www.rossettiartecontemporanea.it\/en\/#organization\",\"name\":\"Rossetti Arte Contemporanea\",\"url\":\"https:\/\/www.rossettiartecontemporanea.it\/en\/\",\"logo\":{\"@type\":\"ImageObject\",\"inLanguage\":\"en-US\",\"@id\":\"https:\/\/www.rossettiartecontemporanea.it\/en\/#\/schema\/logo\/image\/\",\"url\":\"https:\/\/www.rossettiartecontemporanea.it\/wp-content\/uploads\/2024\/02\/logo-Rossetti-Arte-Contemporanea-black-2x-1.png\",\"contentUrl\":\"https:\/\/www.rossettiartecontemporanea.it\/wp-content\/uploads\/2024\/02\/logo-Rossetti-Arte-Contemporanea-black-2x-1.png\",\"width\":611,\"height\":368,\"caption\":\"Rossetti Arte Contemporanea\"},\"image\":{\"@id\":\"https:\/\/www.rossettiartecontemporanea.it\/en\/#\/schema\/logo\/image\/\"},\"sameAs\":[\"https:\/\/www.facebook.com\/studio.rossetti.artecontemporanea\",\"https:\/\/www.instagram.com\/studio_rossetti\/\",\"https:\/\/www.youtube.com\/channel\/UC94tFj8zg6UV94quz_ysdgw\"]}]}<\/script>\n<!-- \/ Yoast SEO plugin. -->","yoast_head_json":{"title":"L\u2019uso del corpo nell\u2019arte moderna e contemporanea - ROSSETTI arte contemporanea","robots":{"index":"index","follow":"follow","max-snippet":"max-snippet:-1","max-image-preview":"max-image-preview:large","max-video-preview":"max-video-preview:-1"},"canonical":"https:\/\/www.rossettiartecontemporanea.it\/en\/mostre-e-eventi\/luso-del-corpo-nellarte-moderna-e-contemporanea\/","og_locale":"en_US","og_type":"article","og_title":"L\u2019uso del corpo nell\u2019arte moderna e contemporanea - ROSSETTI arte contemporanea","og_description":"Siamo tra gli anni \u201970 e \u201880, periodo in cui esplode il concetto del corpo come espressione d\u2019arte, la body art","og_url":"https:\/\/www.rossettiartecontemporanea.it\/en\/mostre-e-eventi\/luso-del-corpo-nellarte-moderna-e-contemporanea\/","og_site_name":"ROSSETTI arte contemporanea","article_publisher":"https:\/\/www.facebook.com\/studio.rossetti.artecontemporanea","article_modified_time":"2024-01-16T08:49:18+00:00","og_image":[{"width":1920,"height":1694,"url":"https:\/\/www.rossettiartecontemporanea.it\/wp-content\/uploads\/2023\/11\/blog-LUSO-DEL-CORPO-NELLARTE-MODERNA-E-CONTEMPORANEA-Galleria-Studio-Rossetti.jpg","type":"image\/jpeg"}],"twitter_card":"summary_large_image","twitter_misc":{"Est. reading time":"2 minutes"},"schema":{"@context":"https:\/\/schema.org","@graph":[{"@type":"WebPage","@id":"https:\/\/www.rossettiartecontemporanea.it\/en\/mostre-e-eventi\/luso-del-corpo-nellarte-moderna-e-contemporanea\/","url":"https:\/\/www.rossettiartecontemporanea.it\/en\/mostre-e-eventi\/luso-del-corpo-nellarte-moderna-e-contemporanea\/","name":"L\u2019uso del corpo nell\u2019arte moderna e contemporanea - ROSSETTI arte contemporanea","isPartOf":{"@id":"https:\/\/www.rossettiartecontemporanea.it\/en\/#website"},"primaryImageOfPage":{"@id":"https:\/\/www.rossettiartecontemporanea.it\/en\/mostre-e-eventi\/luso-del-corpo-nellarte-moderna-e-contemporanea\/#primaryimage"},"image":{"@id":"https:\/\/www.rossettiartecontemporanea.it\/en\/mostre-e-eventi\/luso-del-corpo-nellarte-moderna-e-contemporanea\/#primaryimage"},"thumbnailUrl":"https:\/\/www.rossettiartecontemporanea.it\/wp-content\/uploads\/2023\/11\/blog-LUSO-DEL-CORPO-NELLARTE-MODERNA-E-CONTEMPORANEA-Galleria-Studio-Rossetti.jpg","datePublished":"2024-01-15T12:00:00+00:00","dateModified":"2024-01-16T08:49:18+00:00","breadcrumb":{"@id":"https:\/\/www.rossettiartecontemporanea.it\/en\/mostre-e-eventi\/luso-del-corpo-nellarte-moderna-e-contemporanea\/#breadcrumb"},"inLanguage":"en-US","potentialAction":[{"@type":"ReadAction","target":["https:\/\/www.rossettiartecontemporanea.it\/en\/mostre-e-eventi\/luso-del-corpo-nellarte-moderna-e-contemporanea\/"]}]},{"@type":"ImageObject","inLanguage":"en-US","@id":"https:\/\/www.rossettiartecontemporanea.it\/en\/mostre-e-eventi\/luso-del-corpo-nellarte-moderna-e-contemporanea\/#primaryimage","url":"https:\/\/www.rossettiartecontemporanea.it\/wp-content\/uploads\/2023\/11\/blog-LUSO-DEL-CORPO-NELLARTE-MODERNA-E-CONTEMPORANEA-Galleria-Studio-Rossetti.jpg","contentUrl":"https:\/\/www.rossettiartecontemporanea.it\/wp-content\/uploads\/2023\/11\/blog-LUSO-DEL-CORPO-NELLARTE-MODERNA-E-CONTEMPORANEA-Galleria-Studio-Rossetti.jpg","width":1920,"height":1694},{"@type":"BreadcrumbList","@id":"https:\/\/www.rossettiartecontemporanea.it\/en\/mostre-e-eventi\/luso-del-corpo-nellarte-moderna-e-contemporanea\/#breadcrumb","itemListElement":[{"@type":"ListItem","position":1,"name":"Home","item":"https:\/\/www.rossettiartecontemporanea.it\/en\/"},{"@type":"ListItem","position":2,"name":"Events","item":"https:\/\/www.rossettiartecontemporanea.it\/en\/mostre-e-eventi\/"},{"@type":"ListItem","position":3,"name":"L\u2019uso del corpo nell\u2019arte moderna e contemporanea"}]},{"@type":"WebSite","@id":"https:\/\/www.rossettiartecontemporanea.it\/en\/#website","url":"https:\/\/www.rossettiartecontemporanea.it\/en\/","name":"Rossetti Arte Contemporanea","description":"","publisher":{"@id":"https:\/\/www.rossettiartecontemporanea.it\/en\/#organization"},"potentialAction":[{"@type":"SearchAction","target":{"@type":"EntryPoint","urlTemplate":"https:\/\/www.rossettiartecontemporanea.it\/en\/?s={search_term_string}"},"query-input":{"@type":"PropertyValueSpecification","valueRequired":true,"valueName":"search_term_string"}}],"inLanguage":"en-US"},{"@type":"Organization","@id":"https:\/\/www.rossettiartecontemporanea.it\/en\/#organization","name":"Rossetti Arte Contemporanea","url":"https:\/\/www.rossettiartecontemporanea.it\/en\/","logo":{"@type":"ImageObject","inLanguage":"en-US","@id":"https:\/\/www.rossettiartecontemporanea.it\/en\/#\/schema\/logo\/image\/","url":"https:\/\/www.rossettiartecontemporanea.it\/wp-content\/uploads\/2024\/02\/logo-Rossetti-Arte-Contemporanea-black-2x-1.png","contentUrl":"https:\/\/www.rossettiartecontemporanea.it\/wp-content\/uploads\/2024\/02\/logo-Rossetti-Arte-Contemporanea-black-2x-1.png","width":611,"height":368,"caption":"Rossetti Arte Contemporanea"},"image":{"@id":"https:\/\/www.rossettiartecontemporanea.it\/en\/#\/schema\/logo\/image\/"},"sameAs":["https:\/\/www.facebook.com\/studio.rossetti.artecontemporanea","https:\/\/www.instagram.com\/studio_rossetti\/","https:\/\/www.youtube.com\/channel\/UC94tFj8zg6UV94quz_ysdgw"]}]}},"_links":{"self":[{"href":"https:\/\/www.rossettiartecontemporanea.it\/en\/wp-json\/wp\/v2\/tribe_events\/42944","targetHints":{"allow":["GET"]}}],"collection":[{"href":"https:\/\/www.rossettiartecontemporanea.it\/en\/wp-json\/wp\/v2\/tribe_events"}],"about":[{"href":"https:\/\/www.rossettiartecontemporanea.it\/en\/wp-json\/wp\/v2\/types\/tribe_events"}],"author":[{"embeddable":true,"href":"https:\/\/www.rossettiartecontemporanea.it\/en\/wp-json\/wp\/v2\/users\/2"}],"version-history":[{"count":5,"href":"https:\/\/www.rossettiartecontemporanea.it\/en\/wp-json\/wp\/v2\/tribe_events\/42944\/revisions"}],"predecessor-version":[{"id":43127,"href":"https:\/\/www.rossettiartecontemporanea.it\/en\/wp-json\/wp\/v2\/tribe_events\/42944\/revisions\/43127"}],"wp:featuredmedia":[{"embeddable":true,"href":"https:\/\/www.rossettiartecontemporanea.it\/en\/wp-json\/wp\/v2\/media\/37526"}],"wp:attachment":[{"href":"https:\/\/www.rossettiartecontemporanea.it\/en\/wp-json\/wp\/v2\/media?parent=42944"}],"wp:term":[{"taxonomy":"post_tag","embeddable":true,"href":"https:\/\/www.rossettiartecontemporanea.it\/en\/wp-json\/wp\/v2\/tags?post=42944"},{"taxonomy":"tribe_events_cat","embeddable":true,"href":"https:\/\/www.rossettiartecontemporanea.it\/en\/wp-json\/wp\/v2\/tribe_events_cat?post=42944"}],"curies":[{"name":"wp","href":"https:\/\/api.w.org\/{rel}","templated":true}]}}