{"id":42955,"date":"2024-01-15T13:07:22","date_gmt":"2024-01-15T12:07:22","guid":{"rendered":"http:\/\/www.rossettiartecontemporanea.it\/?post_type=tribe_events&#038;p=42955"},"modified":"2024-01-16T09:55:13","modified_gmt":"2024-01-16T08:55:13","slug":"grandart-modern-and-contemporary-fine-art-fair","status":"publish","type":"tribe_events","link":"https:\/\/www.rossettiartecontemporanea.it\/en\/mostre-e-eventi\/grandart-modern-and-contemporary-fine-art-fair\/","title":{"rendered":"GrandArt: modern and contemporary fine art fair"},"content":{"rendered":"<table>\n<tbody>\n<tr>\n<td style=\"padding-right: 36px; vertical-align: top; font-size: 19px;\" width=\"50%\">Da venerd\u00ec 4 a domenica 6 Ottobre 2019 la galleria d\u2019arte contemporanea <strong>Studio Rossetti<\/strong>\u00a0sar\u00e0 presente alla terza edizione di\u00a0<a href=\"https:\/\/www.grandart.it\/\" target=\"_blank\" rel=\"noreferrer noopener\"><strong>Grand Art<\/strong><\/a>, la fiera del mercato dell\u2019arte dedicata alle opere di pittura, scultura e arti applicate moderne e contemporanee.<\/p>\n<p>Gli spazi del\u00a0<strong>The Mall<\/strong>, sito nel cuore di Porta Nuova a\u00a0<strong>Milano<\/strong>, accoglieranno per l\u2019occasione oltre\u00a0<strong>50 gallerie italiane e internazionali<\/strong>. Una serie di\u00a0<a href=\"https:\/\/www.grandart.it\/programma\/\" target=\"_blank\" rel=\"noreferrer noopener\"><strong>eventi<\/strong><\/a>\u00a0collaterali,\u00a0<strong>talk<\/strong>\u00a0e e\u00a0<strong>workshop<\/strong>\u00a0faranno da cornice alla fiera rendendo omaggio a numerosi grandi artisti.<br \/>\nStudio Rossetti si trover\u00e0 allo\u00a0<strong>Stand 11B<\/strong>\u00a0con tre dei suoi artisti di punta:\u00a0Evita And\u00fajar,\u00a0Michela Cristosomi\u00a0e\u00a0Tom Porta.<\/td>\n<td style=\"vertical-align: top; font-size: 19px;\" width=\"50%\">Obiettivo della fiera:\u00a0far emergere la\u00a0<strong>qualit\u00e0<\/strong>\u00a0e i tradizionali\u00a0<strong>valori della pittura<\/strong>\u00a0delle opere in chiave contemporanea, specialmente per quanto concerne l\u2019<strong>ambito figurativo<\/strong>.<br \/>\nL\u2019<strong>inaugurazione<\/strong>\u00a0di GrandArt \u00e8 in programma gioved\u00ec 3 ottobre alle 18.00.La fiera \u00e8\u00a0<strong>aperta al pubblico<\/strong> da venerd\u00ec 4 a domenica 6 ottobre in orario 11.00-20.00.Per conoscere i numerosi eventi programma: <a href=\"https:\/\/www.grandart.it\/programma\/\" target=\"_blank\" rel=\"noreferrer noopener\">https:\/\/www.grandart.it\/programma\/<\/a><\/p>\n<p>Per ulteriori informazioni consultare il\u00a0<a href=\"https:\/\/www.grandart.it\/\" target=\"_blank\" rel=\"noreferrer noopener\">sito di GrandArt<\/a>.<\/td>\n<\/tr>\n<\/tbody>\n<\/table>\n<p>&nbsp;<\/p>\n","protected":false},"excerpt":{"rendered":"<p>La galleria d\u2019arte contemporanea Studio Rossetti sar\u00e0 presente alla terza edizione di Grand Art<\/p>\n","protected":false},"author":2,"featured_media":37561,"template":"","meta":{"_acf_changed":false,"_tribe_events_status":"","_tribe_events_status_reason":"","footnotes":""},"tags":[],"tribe_events_cat":[394],"class_list":["post-42955","tribe_events","type-tribe_events","status-publish","has-post-thumbnail","hentry","tribe_events_cat-fiera","cat_fiera"],"acf":[],"yoast_head":"<!-- This site is optimized with the Yoast SEO plugin v25.1 - https:\/\/yoast.com\/wordpress\/plugins\/seo\/ -->\n<title>GrandArt: modern and contemporary fine art fair - ROSSETTI arte contemporanea<\/title>\n<meta name=\"robots\" content=\"index, follow, max-snippet:-1, max-image-preview:large, max-video-preview:-1\" \/>\n<link rel=\"canonical\" href=\"https:\/\/www.rossettiartecontemporanea.it\/en\/mostre-e-eventi\/grandart-modern-and-contemporary-fine-art-fair\/\" \/>\n<meta property=\"og:locale\" content=\"en_US\" \/>\n<meta property=\"og:type\" content=\"article\" \/>\n<meta property=\"og:title\" content=\"GrandArt: modern and contemporary fine art fair - ROSSETTI arte contemporanea\" \/>\n<meta property=\"og:description\" content=\"La galleria d\u2019arte contemporanea Studio Rossetti sar\u00e0 presente alla terza edizione di Grand Art\" \/>\n<meta property=\"og:url\" content=\"https:\/\/www.rossettiartecontemporanea.it\/en\/mostre-e-eventi\/grandart-modern-and-contemporary-fine-art-fair\/\" \/>\n<meta property=\"og:site_name\" content=\"ROSSETTI arte contemporanea\" \/>\n<meta property=\"article:publisher\" content=\"https:\/\/www.facebook.com\/studio.rossetti.artecontemporanea\" \/>\n<meta property=\"article:modified_time\" content=\"2024-01-16T08:55:13+00:00\" \/>\n<meta property=\"og:image\" content=\"https:\/\/www.rossettiartecontemporanea.it\/wp-content\/uploads\/2023\/11\/blog-GrandArt-Modern-and-contemporary-fine-art-fair-Galleria-Studio-Rossetti.jpg\" \/>\n\t<meta property=\"og:image:width\" content=\"1920\" \/>\n\t<meta property=\"og:image:height\" content=\"1281\" \/>\n\t<meta property=\"og:image:type\" content=\"image\/jpeg\" \/>\n<meta name=\"twitter:card\" content=\"summary_large_image\" \/>\n<meta name=\"twitter:label1\" content=\"Est. reading time\" \/>\n\t<meta name=\"twitter:data1\" content=\"1 minute\" \/>\n<script type=\"application\/ld+json\" class=\"yoast-schema-graph\">{\"@context\":\"https:\/\/schema.org\",\"@graph\":[{\"@type\":\"WebPage\",\"@id\":\"https:\/\/www.rossettiartecontemporanea.it\/en\/mostre-e-eventi\/grandart-modern-and-contemporary-fine-art-fair\/\",\"url\":\"https:\/\/www.rossettiartecontemporanea.it\/en\/mostre-e-eventi\/grandart-modern-and-contemporary-fine-art-fair\/\",\"name\":\"GrandArt: modern and contemporary fine art fair - ROSSETTI arte contemporanea\",\"isPartOf\":{\"@id\":\"https:\/\/www.rossettiartecontemporanea.it\/en\/#website\"},\"primaryImageOfPage\":{\"@id\":\"https:\/\/www.rossettiartecontemporanea.it\/en\/mostre-e-eventi\/grandart-modern-and-contemporary-fine-art-fair\/#primaryimage\"},\"image\":{\"@id\":\"https:\/\/www.rossettiartecontemporanea.it\/en\/mostre-e-eventi\/grandart-modern-and-contemporary-fine-art-fair\/#primaryimage\"},\"thumbnailUrl\":\"https:\/\/www.rossettiartecontemporanea.it\/wp-content\/uploads\/2023\/11\/blog-GrandArt-Modern-and-contemporary-fine-art-fair-Galleria-Studio-Rossetti.jpg\",\"datePublished\":\"2024-01-15T12:07:22+00:00\",\"dateModified\":\"2024-01-16T08:55:13+00:00\",\"breadcrumb\":{\"@id\":\"https:\/\/www.rossettiartecontemporanea.it\/en\/mostre-e-eventi\/grandart-modern-and-contemporary-fine-art-fair\/#breadcrumb\"},\"inLanguage\":\"en-US\",\"potentialAction\":[{\"@type\":\"ReadAction\",\"target\":[\"https:\/\/www.rossettiartecontemporanea.it\/en\/mostre-e-eventi\/grandart-modern-and-contemporary-fine-art-fair\/\"]}]},{\"@type\":\"ImageObject\",\"inLanguage\":\"en-US\",\"@id\":\"https:\/\/www.rossettiartecontemporanea.it\/en\/mostre-e-eventi\/grandart-modern-and-contemporary-fine-art-fair\/#primaryimage\",\"url\":\"https:\/\/www.rossettiartecontemporanea.it\/wp-content\/uploads\/2023\/11\/blog-GrandArt-Modern-and-contemporary-fine-art-fair-Galleria-Studio-Rossetti.jpg\",\"contentUrl\":\"https:\/\/www.rossettiartecontemporanea.it\/wp-content\/uploads\/2023\/11\/blog-GrandArt-Modern-and-contemporary-fine-art-fair-Galleria-Studio-Rossetti.jpg\",\"width\":1920,\"height\":1281},{\"@type\":\"BreadcrumbList\",\"@id\":\"https:\/\/www.rossettiartecontemporanea.it\/en\/mostre-e-eventi\/grandart-modern-and-contemporary-fine-art-fair\/#breadcrumb\",\"itemListElement\":[{\"@type\":\"ListItem\",\"position\":1,\"name\":\"Home\",\"item\":\"https:\/\/www.rossettiartecontemporanea.it\/en\/\"},{\"@type\":\"ListItem\",\"position\":2,\"name\":\"Events\",\"item\":\"https:\/\/www.rossettiartecontemporanea.it\/en\/mostre-e-eventi\/\"},{\"@type\":\"ListItem\",\"position\":3,\"name\":\"GrandArt: modern and contemporary fine art fair\"}]},{\"@type\":\"WebSite\",\"@id\":\"https:\/\/www.rossettiartecontemporanea.it\/en\/#website\",\"url\":\"https:\/\/www.rossettiartecontemporanea.it\/en\/\",\"name\":\"Rossetti Arte Contemporanea\",\"description\":\"\",\"publisher\":{\"@id\":\"https:\/\/www.rossettiartecontemporanea.it\/en\/#organization\"},\"potentialAction\":[{\"@type\":\"SearchAction\",\"target\":{\"@type\":\"EntryPoint\",\"urlTemplate\":\"https:\/\/www.rossettiartecontemporanea.it\/en\/?s={search_term_string}\"},\"query-input\":{\"@type\":\"PropertyValueSpecification\",\"valueRequired\":true,\"valueName\":\"search_term_string\"}}],\"inLanguage\":\"en-US\"},{\"@type\":\"Organization\",\"@id\":\"https:\/\/www.rossettiartecontemporanea.it\/en\/#organization\",\"name\":\"Rossetti Arte Contemporanea\",\"url\":\"https:\/\/www.rossettiartecontemporanea.it\/en\/\",\"logo\":{\"@type\":\"ImageObject\",\"inLanguage\":\"en-US\",\"@id\":\"https:\/\/www.rossettiartecontemporanea.it\/en\/#\/schema\/logo\/image\/\",\"url\":\"https:\/\/www.rossettiartecontemporanea.it\/wp-content\/uploads\/2024\/02\/logo-Rossetti-Arte-Contemporanea-black-2x-1.png\",\"contentUrl\":\"https:\/\/www.rossettiartecontemporanea.it\/wp-content\/uploads\/2024\/02\/logo-Rossetti-Arte-Contemporanea-black-2x-1.png\",\"width\":611,\"height\":368,\"caption\":\"Rossetti Arte Contemporanea\"},\"image\":{\"@id\":\"https:\/\/www.rossettiartecontemporanea.it\/en\/#\/schema\/logo\/image\/\"},\"sameAs\":[\"https:\/\/www.facebook.com\/studio.rossetti.artecontemporanea\",\"https:\/\/www.instagram.com\/studio_rossetti\/\",\"https:\/\/www.youtube.com\/channel\/UC94tFj8zg6UV94quz_ysdgw\"]}]}<\/script>\n<!-- \/ Yoast SEO plugin. -->","yoast_head_json":{"title":"GrandArt: modern and contemporary fine art fair - ROSSETTI arte contemporanea","robots":{"index":"index","follow":"follow","max-snippet":"max-snippet:-1","max-image-preview":"max-image-preview:large","max-video-preview":"max-video-preview:-1"},"canonical":"https:\/\/www.rossettiartecontemporanea.it\/en\/mostre-e-eventi\/grandart-modern-and-contemporary-fine-art-fair\/","og_locale":"en_US","og_type":"article","og_title":"GrandArt: modern and contemporary fine art fair - ROSSETTI arte contemporanea","og_description":"La galleria d\u2019arte contemporanea Studio Rossetti sar\u00e0 presente alla terza edizione di Grand Art","og_url":"https:\/\/www.rossettiartecontemporanea.it\/en\/mostre-e-eventi\/grandart-modern-and-contemporary-fine-art-fair\/","og_site_name":"ROSSETTI arte contemporanea","article_publisher":"https:\/\/www.facebook.com\/studio.rossetti.artecontemporanea","article_modified_time":"2024-01-16T08:55:13+00:00","og_image":[{"width":1920,"height":1281,"url":"https:\/\/www.rossettiartecontemporanea.it\/wp-content\/uploads\/2023\/11\/blog-GrandArt-Modern-and-contemporary-fine-art-fair-Galleria-Studio-Rossetti.jpg","type":"image\/jpeg"}],"twitter_card":"summary_large_image","twitter_misc":{"Est. reading time":"1 minute"},"schema":{"@context":"https:\/\/schema.org","@graph":[{"@type":"WebPage","@id":"https:\/\/www.rossettiartecontemporanea.it\/en\/mostre-e-eventi\/grandart-modern-and-contemporary-fine-art-fair\/","url":"https:\/\/www.rossettiartecontemporanea.it\/en\/mostre-e-eventi\/grandart-modern-and-contemporary-fine-art-fair\/","name":"GrandArt: modern and contemporary fine art fair - ROSSETTI arte contemporanea","isPartOf":{"@id":"https:\/\/www.rossettiartecontemporanea.it\/en\/#website"},"primaryImageOfPage":{"@id":"https:\/\/www.rossettiartecontemporanea.it\/en\/mostre-e-eventi\/grandart-modern-and-contemporary-fine-art-fair\/#primaryimage"},"image":{"@id":"https:\/\/www.rossettiartecontemporanea.it\/en\/mostre-e-eventi\/grandart-modern-and-contemporary-fine-art-fair\/#primaryimage"},"thumbnailUrl":"https:\/\/www.rossettiartecontemporanea.it\/wp-content\/uploads\/2023\/11\/blog-GrandArt-Modern-and-contemporary-fine-art-fair-Galleria-Studio-Rossetti.jpg","datePublished":"2024-01-15T12:07:22+00:00","dateModified":"2024-01-16T08:55:13+00:00","breadcrumb":{"@id":"https:\/\/www.rossettiartecontemporanea.it\/en\/mostre-e-eventi\/grandart-modern-and-contemporary-fine-art-fair\/#breadcrumb"},"inLanguage":"en-US","potentialAction":[{"@type":"ReadAction","target":["https:\/\/www.rossettiartecontemporanea.it\/en\/mostre-e-eventi\/grandart-modern-and-contemporary-fine-art-fair\/"]}]},{"@type":"ImageObject","inLanguage":"en-US","@id":"https:\/\/www.rossettiartecontemporanea.it\/en\/mostre-e-eventi\/grandart-modern-and-contemporary-fine-art-fair\/#primaryimage","url":"https:\/\/www.rossettiartecontemporanea.it\/wp-content\/uploads\/2023\/11\/blog-GrandArt-Modern-and-contemporary-fine-art-fair-Galleria-Studio-Rossetti.jpg","contentUrl":"https:\/\/www.rossettiartecontemporanea.it\/wp-content\/uploads\/2023\/11\/blog-GrandArt-Modern-and-contemporary-fine-art-fair-Galleria-Studio-Rossetti.jpg","width":1920,"height":1281},{"@type":"BreadcrumbList","@id":"https:\/\/www.rossettiartecontemporanea.it\/en\/mostre-e-eventi\/grandart-modern-and-contemporary-fine-art-fair\/#breadcrumb","itemListElement":[{"@type":"ListItem","position":1,"name":"Home","item":"https:\/\/www.rossettiartecontemporanea.it\/en\/"},{"@type":"ListItem","position":2,"name":"Events","item":"https:\/\/www.rossettiartecontemporanea.it\/en\/mostre-e-eventi\/"},{"@type":"ListItem","position":3,"name":"GrandArt: modern and contemporary fine art fair"}]},{"@type":"WebSite","@id":"https:\/\/www.rossettiartecontemporanea.it\/en\/#website","url":"https:\/\/www.rossettiartecontemporanea.it\/en\/","name":"Rossetti Arte Contemporanea","description":"","publisher":{"@id":"https:\/\/www.rossettiartecontemporanea.it\/en\/#organization"},"potentialAction":[{"@type":"SearchAction","target":{"@type":"EntryPoint","urlTemplate":"https:\/\/www.rossettiartecontemporanea.it\/en\/?s={search_term_string}"},"query-input":{"@type":"PropertyValueSpecification","valueRequired":true,"valueName":"search_term_string"}}],"inLanguage":"en-US"},{"@type":"Organization","@id":"https:\/\/www.rossettiartecontemporanea.it\/en\/#organization","name":"Rossetti Arte Contemporanea","url":"https:\/\/www.rossettiartecontemporanea.it\/en\/","logo":{"@type":"ImageObject","inLanguage":"en-US","@id":"https:\/\/www.rossettiartecontemporanea.it\/en\/#\/schema\/logo\/image\/","url":"https:\/\/www.rossettiartecontemporanea.it\/wp-content\/uploads\/2024\/02\/logo-Rossetti-Arte-Contemporanea-black-2x-1.png","contentUrl":"https:\/\/www.rossettiartecontemporanea.it\/wp-content\/uploads\/2024\/02\/logo-Rossetti-Arte-Contemporanea-black-2x-1.png","width":611,"height":368,"caption":"Rossetti Arte Contemporanea"},"image":{"@id":"https:\/\/www.rossettiartecontemporanea.it\/en\/#\/schema\/logo\/image\/"},"sameAs":["https:\/\/www.facebook.com\/studio.rossetti.artecontemporanea","https:\/\/www.instagram.com\/studio_rossetti\/","https:\/\/www.youtube.com\/channel\/UC94tFj8zg6UV94quz_ysdgw"]}]}},"_links":{"self":[{"href":"https:\/\/www.rossettiartecontemporanea.it\/en\/wp-json\/wp\/v2\/tribe_events\/42955","targetHints":{"allow":["GET"]}}],"collection":[{"href":"https:\/\/www.rossettiartecontemporanea.it\/en\/wp-json\/wp\/v2\/tribe_events"}],"about":[{"href":"https:\/\/www.rossettiartecontemporanea.it\/en\/wp-json\/wp\/v2\/types\/tribe_events"}],"author":[{"embeddable":true,"href":"https:\/\/www.rossettiartecontemporanea.it\/en\/wp-json\/wp\/v2\/users\/2"}],"version-history":[{"count":10,"href":"https:\/\/www.rossettiartecontemporanea.it\/en\/wp-json\/wp\/v2\/tribe_events\/42955\/revisions"}],"predecessor-version":[{"id":43131,"href":"https:\/\/www.rossettiartecontemporanea.it\/en\/wp-json\/wp\/v2\/tribe_events\/42955\/revisions\/43131"}],"wp:featuredmedia":[{"embeddable":true,"href":"https:\/\/www.rossettiartecontemporanea.it\/en\/wp-json\/wp\/v2\/media\/37561"}],"wp:attachment":[{"href":"https:\/\/www.rossettiartecontemporanea.it\/en\/wp-json\/wp\/v2\/media?parent=42955"}],"wp:term":[{"taxonomy":"post_tag","embeddable":true,"href":"https:\/\/www.rossettiartecontemporanea.it\/en\/wp-json\/wp\/v2\/tags?post=42955"},{"taxonomy":"tribe_events_cat","embeddable":true,"href":"https:\/\/www.rossettiartecontemporanea.it\/en\/wp-json\/wp\/v2\/tribe_events_cat?post=42955"}],"curies":[{"name":"wp","href":"https:\/\/api.w.org\/{rel}","templated":true}]}}