{"id":42974,"date":"2024-01-15T13:20:30","date_gmt":"2024-01-15T12:20:30","guid":{"rendered":"http:\/\/www.rossettiartecontemporanea.it\/?post_type=tribe_events&#038;p=42974"},"modified":"2024-02-07T14:12:21","modified_gmt":"2024-02-07T13:12:21","slug":"attualita-o-inattualita-fare-arte-figurativa-nel-xxi-secolo","status":"publish","type":"tribe_events","link":"https:\/\/www.rossettiartecontemporanea.it\/en\/mostre-e-eventi\/attualita-o-inattualita-fare-arte-figurativa-nel-xxi-secolo\/","title":{"rendered":"Attualit\u00e0 o inattualit\u00e0? Fare arte figurativa nel XXI secolo"},"content":{"rendered":"<table>\n<tbody>\n<tr>\n<td style=\"padding-right: 36px; vertical-align: top; font-size: 19px;\" width=\"50%\">Fare arte figurativa nel XXI secolo: \u00e8 possibile fare arte figurativa in un secolo in cui la stessa \u00e8 stata azzerata, con tendenze al minimalismo e l\u2019arte concettuale che hanno modificato il modo di concepire l\u2019arte?<\/p>\n<p>Questo tipo di prodotto ha una sua attualit\u00e0 o \u00e8 troppo legata al passato?<\/p>\n<p>Lo scopriremo insieme al nostro <strong>relatore Armando Battelli<\/strong> gioved\u00ec 12 dicembre alle ore 17.30 presso la galleria d\u2019arte contemporanea Studio Rossetti.<\/td>\n<td style=\"vertical-align: top; font-size: 19px;\" width=\"50%\">Nel contempo \u00e8 possibile visitare la mostra in corso Delicate fragilit\u00e0 di <strong>Evita And\u00fajar<\/strong> e <strong>Ilaria Gasparroni<\/strong>, un dialogo sinergico tra pittura e scultura <strong>a cura di Livia Savorelli<\/strong>.<\/td>\n<\/tr>\n<\/tbody>\n<\/table>\n<p>&nbsp;<\/p>\n","protected":false},"excerpt":{"rendered":"<p>Fare arte figurativa nel XXI secolo: \u00e8 possibile fare arte figurativa in un secolo in cui la stessa \u00e8 stata azzerata<\/p>\n","protected":false},"author":2,"featured_media":45137,"template":"","meta":{"_acf_changed":false,"_tribe_events_status":"","_tribe_events_status_reason":"","footnotes":""},"tags":[],"tribe_events_cat":[393],"class_list":["post-42974","tribe_events","type-tribe_events","status-publish","has-post-thumbnail","hentry","tribe_events_cat-evento","cat_evento"],"acf":[],"yoast_head":"<!-- This site is optimized with the Yoast SEO plugin v25.1 - https:\/\/yoast.com\/wordpress\/plugins\/seo\/ -->\n<title>Attualit\u00e0 o inattualit\u00e0? Fare arte figurativa nel XXI secolo - ROSSETTI arte contemporanea<\/title>\n<meta name=\"robots\" content=\"index, follow, max-snippet:-1, max-image-preview:large, max-video-preview:-1\" \/>\n<link rel=\"canonical\" href=\"https:\/\/www.rossettiartecontemporanea.it\/en\/mostre-e-eventi\/attualita-o-inattualita-fare-arte-figurativa-nel-xxi-secolo\/\" \/>\n<meta property=\"og:locale\" content=\"en_US\" \/>\n<meta property=\"og:type\" content=\"article\" \/>\n<meta property=\"og:title\" content=\"Attualit\u00e0 o inattualit\u00e0? Fare arte figurativa nel XXI secolo - ROSSETTI arte contemporanea\" \/>\n<meta property=\"og:description\" content=\"Fare arte figurativa nel XXI secolo: \u00e8 possibile fare arte figurativa in un secolo in cui la stessa \u00e8 stata azzerata\" \/>\n<meta property=\"og:url\" content=\"https:\/\/www.rossettiartecontemporanea.it\/en\/mostre-e-eventi\/attualita-o-inattualita-fare-arte-figurativa-nel-xxi-secolo\/\" \/>\n<meta property=\"og:site_name\" content=\"ROSSETTI arte contemporanea\" \/>\n<meta property=\"article:publisher\" content=\"https:\/\/www.facebook.com\/studio.rossetti.artecontemporanea\" \/>\n<meta property=\"article:modified_time\" content=\"2024-02-07T13:12:21+00:00\" \/>\n<meta property=\"og:image\" content=\"https:\/\/www.rossettiartecontemporanea.it\/wp-content\/uploads\/2024\/01\/vuoto-eventi-1.jpg\" \/>\n\t<meta property=\"og:image:width\" content=\"1920\" \/>\n\t<meta property=\"og:image:height\" content=\"1280\" \/>\n\t<meta property=\"og:image:type\" content=\"image\/jpeg\" \/>\n<meta name=\"twitter:card\" content=\"summary_large_image\" \/>\n<meta name=\"twitter:label1\" content=\"Est. reading time\" \/>\n\t<meta name=\"twitter:data1\" content=\"1 minute\" \/>\n<script type=\"application\/ld+json\" class=\"yoast-schema-graph\">{\"@context\":\"https:\/\/schema.org\",\"@graph\":[{\"@type\":\"WebPage\",\"@id\":\"https:\/\/www.rossettiartecontemporanea.it\/en\/mostre-e-eventi\/attualita-o-inattualita-fare-arte-figurativa-nel-xxi-secolo\/\",\"url\":\"https:\/\/www.rossettiartecontemporanea.it\/en\/mostre-e-eventi\/attualita-o-inattualita-fare-arte-figurativa-nel-xxi-secolo\/\",\"name\":\"Attualit\u00e0 o inattualit\u00e0? Fare arte figurativa nel XXI secolo - ROSSETTI arte contemporanea\",\"isPartOf\":{\"@id\":\"https:\/\/www.rossettiartecontemporanea.it\/en\/#website\"},\"primaryImageOfPage\":{\"@id\":\"https:\/\/www.rossettiartecontemporanea.it\/en\/mostre-e-eventi\/attualita-o-inattualita-fare-arte-figurativa-nel-xxi-secolo\/#primaryimage\"},\"image\":{\"@id\":\"https:\/\/www.rossettiartecontemporanea.it\/en\/mostre-e-eventi\/attualita-o-inattualita-fare-arte-figurativa-nel-xxi-secolo\/#primaryimage\"},\"thumbnailUrl\":\"https:\/\/www.rossettiartecontemporanea.it\/wp-content\/uploads\/2024\/01\/vuoto-eventi-1.jpg\",\"datePublished\":\"2024-01-15T12:20:30+00:00\",\"dateModified\":\"2024-02-07T13:12:21+00:00\",\"breadcrumb\":{\"@id\":\"https:\/\/www.rossettiartecontemporanea.it\/en\/mostre-e-eventi\/attualita-o-inattualita-fare-arte-figurativa-nel-xxi-secolo\/#breadcrumb\"},\"inLanguage\":\"en-US\",\"potentialAction\":[{\"@type\":\"ReadAction\",\"target\":[\"https:\/\/www.rossettiartecontemporanea.it\/en\/mostre-e-eventi\/attualita-o-inattualita-fare-arte-figurativa-nel-xxi-secolo\/\"]}]},{\"@type\":\"ImageObject\",\"inLanguage\":\"en-US\",\"@id\":\"https:\/\/www.rossettiartecontemporanea.it\/en\/mostre-e-eventi\/attualita-o-inattualita-fare-arte-figurativa-nel-xxi-secolo\/#primaryimage\",\"url\":\"https:\/\/www.rossettiartecontemporanea.it\/wp-content\/uploads\/2024\/01\/vuoto-eventi-1.jpg\",\"contentUrl\":\"https:\/\/www.rossettiartecontemporanea.it\/wp-content\/uploads\/2024\/01\/vuoto-eventi-1.jpg\",\"width\":1920,\"height\":1280},{\"@type\":\"BreadcrumbList\",\"@id\":\"https:\/\/www.rossettiartecontemporanea.it\/en\/mostre-e-eventi\/attualita-o-inattualita-fare-arte-figurativa-nel-xxi-secolo\/#breadcrumb\",\"itemListElement\":[{\"@type\":\"ListItem\",\"position\":1,\"name\":\"Home\",\"item\":\"https:\/\/www.rossettiartecontemporanea.it\/en\/\"},{\"@type\":\"ListItem\",\"position\":2,\"name\":\"Events\",\"item\":\"https:\/\/www.rossettiartecontemporanea.it\/en\/mostre-e-eventi\/\"},{\"@type\":\"ListItem\",\"position\":3,\"name\":\"Attualit\u00e0 o inattualit\u00e0? Fare arte figurativa nel XXI secolo\"}]},{\"@type\":\"WebSite\",\"@id\":\"https:\/\/www.rossettiartecontemporanea.it\/en\/#website\",\"url\":\"https:\/\/www.rossettiartecontemporanea.it\/en\/\",\"name\":\"Rossetti Arte Contemporanea\",\"description\":\"\",\"publisher\":{\"@id\":\"https:\/\/www.rossettiartecontemporanea.it\/en\/#organization\"},\"potentialAction\":[{\"@type\":\"SearchAction\",\"target\":{\"@type\":\"EntryPoint\",\"urlTemplate\":\"https:\/\/www.rossettiartecontemporanea.it\/en\/?s={search_term_string}\"},\"query-input\":{\"@type\":\"PropertyValueSpecification\",\"valueRequired\":true,\"valueName\":\"search_term_string\"}}],\"inLanguage\":\"en-US\"},{\"@type\":\"Organization\",\"@id\":\"https:\/\/www.rossettiartecontemporanea.it\/en\/#organization\",\"name\":\"Rossetti Arte Contemporanea\",\"url\":\"https:\/\/www.rossettiartecontemporanea.it\/en\/\",\"logo\":{\"@type\":\"ImageObject\",\"inLanguage\":\"en-US\",\"@id\":\"https:\/\/www.rossettiartecontemporanea.it\/en\/#\/schema\/logo\/image\/\",\"url\":\"https:\/\/www.rossettiartecontemporanea.it\/wp-content\/uploads\/2024\/02\/logo-Rossetti-Arte-Contemporanea-black-2x-1.png\",\"contentUrl\":\"https:\/\/www.rossettiartecontemporanea.it\/wp-content\/uploads\/2024\/02\/logo-Rossetti-Arte-Contemporanea-black-2x-1.png\",\"width\":611,\"height\":368,\"caption\":\"Rossetti Arte Contemporanea\"},\"image\":{\"@id\":\"https:\/\/www.rossettiartecontemporanea.it\/en\/#\/schema\/logo\/image\/\"},\"sameAs\":[\"https:\/\/www.facebook.com\/studio.rossetti.artecontemporanea\",\"https:\/\/www.instagram.com\/studio_rossetti\/\",\"https:\/\/www.youtube.com\/channel\/UC94tFj8zg6UV94quz_ysdgw\"]}]}<\/script>\n<!-- \/ Yoast SEO plugin. -->","yoast_head_json":{"title":"Attualit\u00e0 o inattualit\u00e0? Fare arte figurativa nel XXI secolo - ROSSETTI arte contemporanea","robots":{"index":"index","follow":"follow","max-snippet":"max-snippet:-1","max-image-preview":"max-image-preview:large","max-video-preview":"max-video-preview:-1"},"canonical":"https:\/\/www.rossettiartecontemporanea.it\/en\/mostre-e-eventi\/attualita-o-inattualita-fare-arte-figurativa-nel-xxi-secolo\/","og_locale":"en_US","og_type":"article","og_title":"Attualit\u00e0 o inattualit\u00e0? Fare arte figurativa nel XXI secolo - ROSSETTI arte contemporanea","og_description":"Fare arte figurativa nel XXI secolo: \u00e8 possibile fare arte figurativa in un secolo in cui la stessa \u00e8 stata azzerata","og_url":"https:\/\/www.rossettiartecontemporanea.it\/en\/mostre-e-eventi\/attualita-o-inattualita-fare-arte-figurativa-nel-xxi-secolo\/","og_site_name":"ROSSETTI arte contemporanea","article_publisher":"https:\/\/www.facebook.com\/studio.rossetti.artecontemporanea","article_modified_time":"2024-02-07T13:12:21+00:00","og_image":[{"width":1920,"height":1280,"url":"https:\/\/www.rossettiartecontemporanea.it\/wp-content\/uploads\/2024\/01\/vuoto-eventi-1.jpg","type":"image\/jpeg"}],"twitter_card":"summary_large_image","twitter_misc":{"Est. reading time":"1 minute"},"schema":{"@context":"https:\/\/schema.org","@graph":[{"@type":"WebPage","@id":"https:\/\/www.rossettiartecontemporanea.it\/en\/mostre-e-eventi\/attualita-o-inattualita-fare-arte-figurativa-nel-xxi-secolo\/","url":"https:\/\/www.rossettiartecontemporanea.it\/en\/mostre-e-eventi\/attualita-o-inattualita-fare-arte-figurativa-nel-xxi-secolo\/","name":"Attualit\u00e0 o inattualit\u00e0? Fare arte figurativa nel XXI secolo - ROSSETTI arte contemporanea","isPartOf":{"@id":"https:\/\/www.rossettiartecontemporanea.it\/en\/#website"},"primaryImageOfPage":{"@id":"https:\/\/www.rossettiartecontemporanea.it\/en\/mostre-e-eventi\/attualita-o-inattualita-fare-arte-figurativa-nel-xxi-secolo\/#primaryimage"},"image":{"@id":"https:\/\/www.rossettiartecontemporanea.it\/en\/mostre-e-eventi\/attualita-o-inattualita-fare-arte-figurativa-nel-xxi-secolo\/#primaryimage"},"thumbnailUrl":"https:\/\/www.rossettiartecontemporanea.it\/wp-content\/uploads\/2024\/01\/vuoto-eventi-1.jpg","datePublished":"2024-01-15T12:20:30+00:00","dateModified":"2024-02-07T13:12:21+00:00","breadcrumb":{"@id":"https:\/\/www.rossettiartecontemporanea.it\/en\/mostre-e-eventi\/attualita-o-inattualita-fare-arte-figurativa-nel-xxi-secolo\/#breadcrumb"},"inLanguage":"en-US","potentialAction":[{"@type":"ReadAction","target":["https:\/\/www.rossettiartecontemporanea.it\/en\/mostre-e-eventi\/attualita-o-inattualita-fare-arte-figurativa-nel-xxi-secolo\/"]}]},{"@type":"ImageObject","inLanguage":"en-US","@id":"https:\/\/www.rossettiartecontemporanea.it\/en\/mostre-e-eventi\/attualita-o-inattualita-fare-arte-figurativa-nel-xxi-secolo\/#primaryimage","url":"https:\/\/www.rossettiartecontemporanea.it\/wp-content\/uploads\/2024\/01\/vuoto-eventi-1.jpg","contentUrl":"https:\/\/www.rossettiartecontemporanea.it\/wp-content\/uploads\/2024\/01\/vuoto-eventi-1.jpg","width":1920,"height":1280},{"@type":"BreadcrumbList","@id":"https:\/\/www.rossettiartecontemporanea.it\/en\/mostre-e-eventi\/attualita-o-inattualita-fare-arte-figurativa-nel-xxi-secolo\/#breadcrumb","itemListElement":[{"@type":"ListItem","position":1,"name":"Home","item":"https:\/\/www.rossettiartecontemporanea.it\/en\/"},{"@type":"ListItem","position":2,"name":"Events","item":"https:\/\/www.rossettiartecontemporanea.it\/en\/mostre-e-eventi\/"},{"@type":"ListItem","position":3,"name":"Attualit\u00e0 o inattualit\u00e0? Fare arte figurativa nel XXI secolo"}]},{"@type":"WebSite","@id":"https:\/\/www.rossettiartecontemporanea.it\/en\/#website","url":"https:\/\/www.rossettiartecontemporanea.it\/en\/","name":"Rossetti Arte Contemporanea","description":"","publisher":{"@id":"https:\/\/www.rossettiartecontemporanea.it\/en\/#organization"},"potentialAction":[{"@type":"SearchAction","target":{"@type":"EntryPoint","urlTemplate":"https:\/\/www.rossettiartecontemporanea.it\/en\/?s={search_term_string}"},"query-input":{"@type":"PropertyValueSpecification","valueRequired":true,"valueName":"search_term_string"}}],"inLanguage":"en-US"},{"@type":"Organization","@id":"https:\/\/www.rossettiartecontemporanea.it\/en\/#organization","name":"Rossetti Arte Contemporanea","url":"https:\/\/www.rossettiartecontemporanea.it\/en\/","logo":{"@type":"ImageObject","inLanguage":"en-US","@id":"https:\/\/www.rossettiartecontemporanea.it\/en\/#\/schema\/logo\/image\/","url":"https:\/\/www.rossettiartecontemporanea.it\/wp-content\/uploads\/2024\/02\/logo-Rossetti-Arte-Contemporanea-black-2x-1.png","contentUrl":"https:\/\/www.rossettiartecontemporanea.it\/wp-content\/uploads\/2024\/02\/logo-Rossetti-Arte-Contemporanea-black-2x-1.png","width":611,"height":368,"caption":"Rossetti Arte Contemporanea"},"image":{"@id":"https:\/\/www.rossettiartecontemporanea.it\/en\/#\/schema\/logo\/image\/"},"sameAs":["https:\/\/www.facebook.com\/studio.rossetti.artecontemporanea","https:\/\/www.instagram.com\/studio_rossetti\/","https:\/\/www.youtube.com\/channel\/UC94tFj8zg6UV94quz_ysdgw"]}]}},"_links":{"self":[{"href":"https:\/\/www.rossettiartecontemporanea.it\/en\/wp-json\/wp\/v2\/tribe_events\/42974","targetHints":{"allow":["GET"]}}],"collection":[{"href":"https:\/\/www.rossettiartecontemporanea.it\/en\/wp-json\/wp\/v2\/tribe_events"}],"about":[{"href":"https:\/\/www.rossettiartecontemporanea.it\/en\/wp-json\/wp\/v2\/types\/tribe_events"}],"author":[{"embeddable":true,"href":"https:\/\/www.rossettiartecontemporanea.it\/en\/wp-json\/wp\/v2\/users\/2"}],"version-history":[{"count":9,"href":"https:\/\/www.rossettiartecontemporanea.it\/en\/wp-json\/wp\/v2\/tribe_events\/42974\/revisions"}],"predecessor-version":[{"id":43135,"href":"https:\/\/www.rossettiartecontemporanea.it\/en\/wp-json\/wp\/v2\/tribe_events\/42974\/revisions\/43135"}],"wp:featuredmedia":[{"embeddable":true,"href":"https:\/\/www.rossettiartecontemporanea.it\/en\/wp-json\/wp\/v2\/media\/45137"}],"wp:attachment":[{"href":"https:\/\/www.rossettiartecontemporanea.it\/en\/wp-json\/wp\/v2\/media?parent=42974"}],"wp:term":[{"taxonomy":"post_tag","embeddable":true,"href":"https:\/\/www.rossettiartecontemporanea.it\/en\/wp-json\/wp\/v2\/tags?post=42974"},{"taxonomy":"tribe_events_cat","embeddable":true,"href":"https:\/\/www.rossettiartecontemporanea.it\/en\/wp-json\/wp\/v2\/tribe_events_cat?post=42974"}],"curies":[{"name":"wp","href":"https:\/\/api.w.org\/{rel}","templated":true}]}}