{"id":43010,"date":"2024-01-15T14:20:35","date_gmt":"2024-01-15T13:20:35","guid":{"rendered":"http:\/\/www.rossettiartecontemporanea.it\/?post_type=tribe_events&#038;p=43010"},"modified":"2024-01-16T10:11:55","modified_gmt":"2024-01-16T09:11:55","slug":"frammenti-di-un-ricordo","status":"publish","type":"tribe_events","link":"https:\/\/www.rossettiartecontemporanea.it\/en\/mostre-e-eventi\/frammenti-di-un-ricordo\/","title":{"rendered":"Frammenti di un ricordo"},"content":{"rendered":"<table>\n<tbody>\n<tr>\n<td style=\"padding-right: 36px; vertical-align: top; font-size: 19px;\" width=\"50%\">Il <strong>26 giugno\u00a0<\/strong>a\u00a0<strong>Genova\u00a0<\/strong>si terr\u00e0 il grande evento collettivo FOCUS GENOVA, premio assegnato nell\u2019ambito di\u00a0<a href=\"https:\/\/www.arteam.eu\/concorsi\/arteam-cup-2019-i-vincitori\/\" target=\"_blank\" rel=\"noreferrer noopener\"><strong>Arteam Cup 2019<\/strong><\/a>.<\/p>\n<p>Sei artisti sono stati selezionati per altrettante personali in gallerie di Genova, per un progetto condiviso e congiunto in citt\u00e0 con un opening collettivo, in cui ciascun artista vincitore realizzer\u00e0 una personale in una delle gallerie genovesi aderenti al Focus: ABC Arte, Guidi&amp;Schoen Arte Contemporanea, Prisma Studio, Studio Rossetti, Unimedia Modern Contemporary Art e VisionQuest 4rosso \u2013 Contemporary Photography.Gioved\u00ec 20 marzo 2020 alle ore 17.30 la Galleria Studio Rossetti \u00e8 lieta di invitarvi all\u2019inaugurazione della mostra Fabrizio Ferrari: Frammenti di un ricordo.<\/p>\n<p><strong>Fabrizio Ferrari. Nelle \u201cassenze\u201d\u2026 Un nuovo orizzonte<\/strong><\/p>\n<p>di Matteo Galbiati<\/p>\n<p>&nbsp;<\/p>\n<p>Fabrizio Ferrari \u00e8 un artista che non accetta compromessi rispetto il proprio operare, la sua ispirazione, infatti, alimenta la sorgente del proprio fare fagocitando, spesso, cicli di lavori precedenti. L\u2019atto pittorico in lui conquista un\u2019essenza in una costante e iterata, sempre possibile e attivabile, rigenerazione di quanto gi\u00e0 fatto che, destrutturato, scolorito, ridipinto, distrutto o riassemblato, accede ad una nuova natura, riverberandosi nei confini di un\u2019altrettanto nuova, inedita, opera. Il processo di azzeramento, che riabilita il gesto corrosivo in uno generativo, sposta l\u2019assetto formale della sua pittura e del suo colore dalla manualit\u00e0 alla possibilit\u00e0 concreta di interagire diversamente con la struttura di un dipinto inteso non come fine dell\u2019immagine, ma come principio di osservazione e manipolazione di qualcosa di impensato prima.<br \/>\nFerrari scruta il panorama del mondo e, riportandolo poi nelle modulazioni infinite di un bianco e nero, trasforma il quadro in altra memoria. Non gli interessa l\u2019ammirazione vacua, quanto cogliere la suscettibilit\u00e0 intima dell\u2019altro; vuole costituire il dipinto come specifico luogo di transizione, catalizzatore di un insieme di memorie che, singolari nel vissuto di ciascuno di noi, possano essere sempre ridestate e rese vive nell\u2019immaginazione.<\/td>\n<td style=\"vertical-align: top; font-size: 19px;\" width=\"50%\">Lo sfumato languore della sua pittura ridisegna sempre i confini di un immaginario che non ha l\u2019ossessione della propria autoconservazione indeterminata e infinita, perch\u00e9 consapevolmente libero di esserci e proporsi altrimenti, cos\u00ec come di concedersi la possibilit\u00e0 di esaudirsi in una diversa volont\u00e0 che ne ritrova la bellezza in un\u2019opera che dovr\u00e0 o potr\u00e0 ancora esserci.<\/p>\n<p>Ferrari abbandona la gelosia del creatore, la reverenza dell\u2019intuito a favore della propria esternazione e, intelligentemente, avvia una speculazione fuori dagli schemi canonici. In un mondo ossessionato e soverchiato dalla ridondanza delle immagini, queste opere annullano gli orizzonti del visibile del nostro tempo, delle nostre memorie e delle nostre conoscenze per favorire attimi di pausa e rallentamento, in cui il pensiero recupera il legame con una pi\u00f9 lenta e silenziosa riflessione.<\/p>\n<p>Il suo amore e la sua cura assecondano una logica affettiva che, pur seguendo le possibilit\u00e0 di un\u2019attualit\u00e0 pittorica, riportano ad un tempo, ad una modalit\u00e0 di pensare al quadro di vecchia \u2013 diremmo romantica, se non fosse un termine troppo equivoco \u2013 tradizione. Il quadro diventa specchio della nostra condizione mentale, \u00e8 sensibile, capace di proporsi in una modalit\u00e0 di superamento, quassi vera e propria espiazione, del visibile che, poco a poco, scolora nell\u2019assenza e, in questa concessa sparizione, la visione si apre a spazi senza confini.<\/p>\n<p>L\u2019atto pittorico fa convergere sulla sua superficie l\u2019esito di una repentina cancellazione che, smarrendo l\u2019identit\u00e0 del reale con un gesto di estinzione della verit\u00e0 tangibile e concreta, trasferisce, proprio in un peculiare e soffuso senso di assenza, l\u2019identit\u00e0 poetica e lirica di nuovi possibili soggetti.<\/p>\n<p>La luce e l\u2019ombra della pittura di Ferrari spezzano le abitudini e le convenzioni per rigenerare il vissuto, i ricordi e le esperienze individuali attraverso quell\u2019inafferrabile interiorit\u00e0 nascosta, spesso inascoltata e inespressa, che alberga nell\u2019animo di ciascuno di noi. Un parte che riscopriamo viva e sempre capace di dare passione ed emozione, avendo anche, come interlocutore, la complessit\u00e0 semplice di un quadro in bianco e nero.<\/td>\n<\/tr>\n<\/tbody>\n<\/table>\n<p>&nbsp;<\/p>\n","protected":false},"excerpt":{"rendered":"<p>FOCUS GENOVA, premio assegnato nell\u2019ambito di Arteam Cup 2019<\/p>\n","protected":false},"author":2,"featured_media":37092,"template":"","meta":{"_acf_changed":false,"_tribe_events_status":"","_tribe_events_status_reason":"","footnotes":""},"tags":[],"tribe_events_cat":[393],"class_list":["post-43010","tribe_events","type-tribe_events","status-publish","has-post-thumbnail","hentry","tribe_events_cat-evento","cat_evento"],"acf":[],"yoast_head":"<!-- This site is optimized with the Yoast SEO plugin v25.1 - https:\/\/yoast.com\/wordpress\/plugins\/seo\/ -->\n<title>Frammenti di un ricordo - ROSSETTI arte contemporanea<\/title>\n<meta name=\"robots\" content=\"index, follow, max-snippet:-1, max-image-preview:large, max-video-preview:-1\" \/>\n<link rel=\"canonical\" href=\"https:\/\/www.rossettiartecontemporanea.it\/en\/mostre-e-eventi\/frammenti-di-un-ricordo\/\" \/>\n<meta property=\"og:locale\" content=\"en_US\" \/>\n<meta property=\"og:type\" content=\"article\" \/>\n<meta property=\"og:title\" content=\"Frammenti di un ricordo - ROSSETTI arte contemporanea\" \/>\n<meta property=\"og:description\" content=\"FOCUS GENOVA, premio assegnato nell\u2019ambito di Arteam Cup 2019\" \/>\n<meta property=\"og:url\" content=\"https:\/\/www.rossettiartecontemporanea.it\/en\/mostre-e-eventi\/frammenti-di-un-ricordo\/\" \/>\n<meta property=\"og:site_name\" content=\"ROSSETTI arte contemporanea\" \/>\n<meta property=\"article:publisher\" content=\"https:\/\/www.facebook.com\/studio.rossetti.artecontemporanea\" \/>\n<meta property=\"article:modified_time\" content=\"2024-01-16T09:11:55+00:00\" \/>\n<meta property=\"og:image\" content=\"https:\/\/www.rossettiartecontemporanea.it\/wp-content\/uploads\/2021\/06\/blog-Fabrizio-Ferrari-Frammenti-di-un-ricordo-Galleria-Studio-Rossetti.jpg\" \/>\n\t<meta property=\"og:image:width\" content=\"1920\" \/>\n\t<meta property=\"og:image:height\" content=\"901\" \/>\n\t<meta property=\"og:image:type\" content=\"image\/jpeg\" \/>\n<meta name=\"twitter:card\" content=\"summary_large_image\" \/>\n<meta name=\"twitter:label1\" content=\"Est. reading time\" \/>\n\t<meta name=\"twitter:data1\" content=\"4 minutes\" \/>\n<script type=\"application\/ld+json\" class=\"yoast-schema-graph\">{\"@context\":\"https:\/\/schema.org\",\"@graph\":[{\"@type\":\"WebPage\",\"@id\":\"https:\/\/www.rossettiartecontemporanea.it\/en\/mostre-e-eventi\/frammenti-di-un-ricordo\/\",\"url\":\"https:\/\/www.rossettiartecontemporanea.it\/en\/mostre-e-eventi\/frammenti-di-un-ricordo\/\",\"name\":\"Frammenti di un ricordo - ROSSETTI arte contemporanea\",\"isPartOf\":{\"@id\":\"https:\/\/www.rossettiartecontemporanea.it\/en\/#website\"},\"primaryImageOfPage\":{\"@id\":\"https:\/\/www.rossettiartecontemporanea.it\/en\/mostre-e-eventi\/frammenti-di-un-ricordo\/#primaryimage\"},\"image\":{\"@id\":\"https:\/\/www.rossettiartecontemporanea.it\/en\/mostre-e-eventi\/frammenti-di-un-ricordo\/#primaryimage\"},\"thumbnailUrl\":\"https:\/\/www.rossettiartecontemporanea.it\/wp-content\/uploads\/2021\/06\/blog-Fabrizio-Ferrari-Frammenti-di-un-ricordo-Galleria-Studio-Rossetti.jpg\",\"datePublished\":\"2024-01-15T13:20:35+00:00\",\"dateModified\":\"2024-01-16T09:11:55+00:00\",\"breadcrumb\":{\"@id\":\"https:\/\/www.rossettiartecontemporanea.it\/en\/mostre-e-eventi\/frammenti-di-un-ricordo\/#breadcrumb\"},\"inLanguage\":\"en-US\",\"potentialAction\":[{\"@type\":\"ReadAction\",\"target\":[\"https:\/\/www.rossettiartecontemporanea.it\/en\/mostre-e-eventi\/frammenti-di-un-ricordo\/\"]}]},{\"@type\":\"ImageObject\",\"inLanguage\":\"en-US\",\"@id\":\"https:\/\/www.rossettiartecontemporanea.it\/en\/mostre-e-eventi\/frammenti-di-un-ricordo\/#primaryimage\",\"url\":\"https:\/\/www.rossettiartecontemporanea.it\/wp-content\/uploads\/2021\/06\/blog-Fabrizio-Ferrari-Frammenti-di-un-ricordo-Galleria-Studio-Rossetti.jpg\",\"contentUrl\":\"https:\/\/www.rossettiartecontemporanea.it\/wp-content\/uploads\/2021\/06\/blog-Fabrizio-Ferrari-Frammenti-di-un-ricordo-Galleria-Studio-Rossetti.jpg\",\"width\":1920,\"height\":901},{\"@type\":\"BreadcrumbList\",\"@id\":\"https:\/\/www.rossettiartecontemporanea.it\/en\/mostre-e-eventi\/frammenti-di-un-ricordo\/#breadcrumb\",\"itemListElement\":[{\"@type\":\"ListItem\",\"position\":1,\"name\":\"Home\",\"item\":\"https:\/\/www.rossettiartecontemporanea.it\/en\/\"},{\"@type\":\"ListItem\",\"position\":2,\"name\":\"Events\",\"item\":\"https:\/\/www.rossettiartecontemporanea.it\/en\/mostre-e-eventi\/\"},{\"@type\":\"ListItem\",\"position\":3,\"name\":\"Frammenti di un ricordo\"}]},{\"@type\":\"WebSite\",\"@id\":\"https:\/\/www.rossettiartecontemporanea.it\/en\/#website\",\"url\":\"https:\/\/www.rossettiartecontemporanea.it\/en\/\",\"name\":\"Rossetti Arte Contemporanea\",\"description\":\"\",\"publisher\":{\"@id\":\"https:\/\/www.rossettiartecontemporanea.it\/en\/#organization\"},\"potentialAction\":[{\"@type\":\"SearchAction\",\"target\":{\"@type\":\"EntryPoint\",\"urlTemplate\":\"https:\/\/www.rossettiartecontemporanea.it\/en\/?s={search_term_string}\"},\"query-input\":{\"@type\":\"PropertyValueSpecification\",\"valueRequired\":true,\"valueName\":\"search_term_string\"}}],\"inLanguage\":\"en-US\"},{\"@type\":\"Organization\",\"@id\":\"https:\/\/www.rossettiartecontemporanea.it\/en\/#organization\",\"name\":\"Rossetti Arte Contemporanea\",\"url\":\"https:\/\/www.rossettiartecontemporanea.it\/en\/\",\"logo\":{\"@type\":\"ImageObject\",\"inLanguage\":\"en-US\",\"@id\":\"https:\/\/www.rossettiartecontemporanea.it\/en\/#\/schema\/logo\/image\/\",\"url\":\"https:\/\/www.rossettiartecontemporanea.it\/wp-content\/uploads\/2024\/02\/logo-Rossetti-Arte-Contemporanea-black-2x-1.png\",\"contentUrl\":\"https:\/\/www.rossettiartecontemporanea.it\/wp-content\/uploads\/2024\/02\/logo-Rossetti-Arte-Contemporanea-black-2x-1.png\",\"width\":611,\"height\":368,\"caption\":\"Rossetti Arte Contemporanea\"},\"image\":{\"@id\":\"https:\/\/www.rossettiartecontemporanea.it\/en\/#\/schema\/logo\/image\/\"},\"sameAs\":[\"https:\/\/www.facebook.com\/studio.rossetti.artecontemporanea\",\"https:\/\/www.instagram.com\/studio_rossetti\/\",\"https:\/\/www.youtube.com\/channel\/UC94tFj8zg6UV94quz_ysdgw\"]}]}<\/script>\n<!-- \/ Yoast SEO plugin. -->","yoast_head_json":{"title":"Frammenti di un ricordo - ROSSETTI arte contemporanea","robots":{"index":"index","follow":"follow","max-snippet":"max-snippet:-1","max-image-preview":"max-image-preview:large","max-video-preview":"max-video-preview:-1"},"canonical":"https:\/\/www.rossettiartecontemporanea.it\/en\/mostre-e-eventi\/frammenti-di-un-ricordo\/","og_locale":"en_US","og_type":"article","og_title":"Frammenti di un ricordo - ROSSETTI arte contemporanea","og_description":"FOCUS GENOVA, premio assegnato nell\u2019ambito di Arteam Cup 2019","og_url":"https:\/\/www.rossettiartecontemporanea.it\/en\/mostre-e-eventi\/frammenti-di-un-ricordo\/","og_site_name":"ROSSETTI arte contemporanea","article_publisher":"https:\/\/www.facebook.com\/studio.rossetti.artecontemporanea","article_modified_time":"2024-01-16T09:11:55+00:00","og_image":[{"width":1920,"height":901,"url":"https:\/\/www.rossettiartecontemporanea.it\/wp-content\/uploads\/2021\/06\/blog-Fabrizio-Ferrari-Frammenti-di-un-ricordo-Galleria-Studio-Rossetti.jpg","type":"image\/jpeg"}],"twitter_card":"summary_large_image","twitter_misc":{"Est. reading time":"4 minutes"},"schema":{"@context":"https:\/\/schema.org","@graph":[{"@type":"WebPage","@id":"https:\/\/www.rossettiartecontemporanea.it\/en\/mostre-e-eventi\/frammenti-di-un-ricordo\/","url":"https:\/\/www.rossettiartecontemporanea.it\/en\/mostre-e-eventi\/frammenti-di-un-ricordo\/","name":"Frammenti di un ricordo - ROSSETTI arte contemporanea","isPartOf":{"@id":"https:\/\/www.rossettiartecontemporanea.it\/en\/#website"},"primaryImageOfPage":{"@id":"https:\/\/www.rossettiartecontemporanea.it\/en\/mostre-e-eventi\/frammenti-di-un-ricordo\/#primaryimage"},"image":{"@id":"https:\/\/www.rossettiartecontemporanea.it\/en\/mostre-e-eventi\/frammenti-di-un-ricordo\/#primaryimage"},"thumbnailUrl":"https:\/\/www.rossettiartecontemporanea.it\/wp-content\/uploads\/2021\/06\/blog-Fabrizio-Ferrari-Frammenti-di-un-ricordo-Galleria-Studio-Rossetti.jpg","datePublished":"2024-01-15T13:20:35+00:00","dateModified":"2024-01-16T09:11:55+00:00","breadcrumb":{"@id":"https:\/\/www.rossettiartecontemporanea.it\/en\/mostre-e-eventi\/frammenti-di-un-ricordo\/#breadcrumb"},"inLanguage":"en-US","potentialAction":[{"@type":"ReadAction","target":["https:\/\/www.rossettiartecontemporanea.it\/en\/mostre-e-eventi\/frammenti-di-un-ricordo\/"]}]},{"@type":"ImageObject","inLanguage":"en-US","@id":"https:\/\/www.rossettiartecontemporanea.it\/en\/mostre-e-eventi\/frammenti-di-un-ricordo\/#primaryimage","url":"https:\/\/www.rossettiartecontemporanea.it\/wp-content\/uploads\/2021\/06\/blog-Fabrizio-Ferrari-Frammenti-di-un-ricordo-Galleria-Studio-Rossetti.jpg","contentUrl":"https:\/\/www.rossettiartecontemporanea.it\/wp-content\/uploads\/2021\/06\/blog-Fabrizio-Ferrari-Frammenti-di-un-ricordo-Galleria-Studio-Rossetti.jpg","width":1920,"height":901},{"@type":"BreadcrumbList","@id":"https:\/\/www.rossettiartecontemporanea.it\/en\/mostre-e-eventi\/frammenti-di-un-ricordo\/#breadcrumb","itemListElement":[{"@type":"ListItem","position":1,"name":"Home","item":"https:\/\/www.rossettiartecontemporanea.it\/en\/"},{"@type":"ListItem","position":2,"name":"Events","item":"https:\/\/www.rossettiartecontemporanea.it\/en\/mostre-e-eventi\/"},{"@type":"ListItem","position":3,"name":"Frammenti di un ricordo"}]},{"@type":"WebSite","@id":"https:\/\/www.rossettiartecontemporanea.it\/en\/#website","url":"https:\/\/www.rossettiartecontemporanea.it\/en\/","name":"Rossetti Arte Contemporanea","description":"","publisher":{"@id":"https:\/\/www.rossettiartecontemporanea.it\/en\/#organization"},"potentialAction":[{"@type":"SearchAction","target":{"@type":"EntryPoint","urlTemplate":"https:\/\/www.rossettiartecontemporanea.it\/en\/?s={search_term_string}"},"query-input":{"@type":"PropertyValueSpecification","valueRequired":true,"valueName":"search_term_string"}}],"inLanguage":"en-US"},{"@type":"Organization","@id":"https:\/\/www.rossettiartecontemporanea.it\/en\/#organization","name":"Rossetti Arte Contemporanea","url":"https:\/\/www.rossettiartecontemporanea.it\/en\/","logo":{"@type":"ImageObject","inLanguage":"en-US","@id":"https:\/\/www.rossettiartecontemporanea.it\/en\/#\/schema\/logo\/image\/","url":"https:\/\/www.rossettiartecontemporanea.it\/wp-content\/uploads\/2024\/02\/logo-Rossetti-Arte-Contemporanea-black-2x-1.png","contentUrl":"https:\/\/www.rossettiartecontemporanea.it\/wp-content\/uploads\/2024\/02\/logo-Rossetti-Arte-Contemporanea-black-2x-1.png","width":611,"height":368,"caption":"Rossetti Arte Contemporanea"},"image":{"@id":"https:\/\/www.rossettiartecontemporanea.it\/en\/#\/schema\/logo\/image\/"},"sameAs":["https:\/\/www.facebook.com\/studio.rossetti.artecontemporanea","https:\/\/www.instagram.com\/studio_rossetti\/","https:\/\/www.youtube.com\/channel\/UC94tFj8zg6UV94quz_ysdgw"]}]}},"_links":{"self":[{"href":"https:\/\/www.rossettiartecontemporanea.it\/en\/wp-json\/wp\/v2\/tribe_events\/43010","targetHints":{"allow":["GET"]}}],"collection":[{"href":"https:\/\/www.rossettiartecontemporanea.it\/en\/wp-json\/wp\/v2\/tribe_events"}],"about":[{"href":"https:\/\/www.rossettiartecontemporanea.it\/en\/wp-json\/wp\/v2\/types\/tribe_events"}],"author":[{"embeddable":true,"href":"https:\/\/www.rossettiartecontemporanea.it\/en\/wp-json\/wp\/v2\/users\/2"}],"version-history":[{"count":4,"href":"https:\/\/www.rossettiartecontemporanea.it\/en\/wp-json\/wp\/v2\/tribe_events\/43010\/revisions"}],"predecessor-version":[{"id":43148,"href":"https:\/\/www.rossettiartecontemporanea.it\/en\/wp-json\/wp\/v2\/tribe_events\/43010\/revisions\/43148"}],"wp:featuredmedia":[{"embeddable":true,"href":"https:\/\/www.rossettiartecontemporanea.it\/en\/wp-json\/wp\/v2\/media\/37092"}],"wp:attachment":[{"href":"https:\/\/www.rossettiartecontemporanea.it\/en\/wp-json\/wp\/v2\/media?parent=43010"}],"wp:term":[{"taxonomy":"post_tag","embeddable":true,"href":"https:\/\/www.rossettiartecontemporanea.it\/en\/wp-json\/wp\/v2\/tags?post=43010"},{"taxonomy":"tribe_events_cat","embeddable":true,"href":"https:\/\/www.rossettiartecontemporanea.it\/en\/wp-json\/wp\/v2\/tribe_events_cat?post=43010"}],"curies":[{"name":"wp","href":"https:\/\/api.w.org\/{rel}","templated":true}]}}