{"id":51271,"date":"2025-10-08T15:36:08","date_gmt":"2025-10-08T13:36:08","guid":{"rendered":"https:\/\/www.rossettiartecontemporanea.it\/mostre-e-eventi\/presentation-of-the-book-la-musa-surreale-the-surreal-muse-by-alessandra-redaelli\/"},"modified":"2025-10-08T15:36:08","modified_gmt":"2025-10-08T13:36:08","slug":"presentation-of-the-book-la-musa-surreale-the-surreal-muse-by-alessandra-redaelli","status":"publish","type":"tribe_events","link":"https:\/\/www.rossettiartecontemporanea.it\/en\/mostre-e-eventi\/presentation-of-the-book-la-musa-surreale-the-surreal-muse-by-alessandra-redaelli\/","title":{"rendered":"Presentation of the book \u2018La Musa Surreale\u2019 (The Surreal Muse) by Alessandra Redaelli"},"content":{"rendered":"<div>Presentation of the book \u2018La Musa Surreale\u2019 (The Surreal Muse), in the presence of the writer, journalist and curator Alessandra Redaelli, who will talk about Surrealism through the eyes of a muse. The book will be available for purchase during the evening.<\/div>\n<div><\/div>\n<div>Inspired by the life of Gala Dmitrievna, the narrative voice is finally that of a woman: the muse of Surrealism.<\/div>\n<div><\/div>\n<div>In the novel, Gala stands out as the pivotal character of an era, the driving force behind the literary career of Paul Eluard \u2013 France&#8217;s greatest poet \u2013 and the artistic career of Salvador Dal\u00ed, the very symbol of Surrealist painting.<\/div>\n<div><\/div>\n<div>Locked away in her castle in P\u00fabol, in the heart of the province of Gerona, Spain, a now mature Gala tells her story in the first person, from when she was still called Elena Dmitrievna and arrived from Russia in Switzerland to be treated for tuberculosis in a sanatorium and to meet, there, a very young and shy Paul Eluard.<\/div>\n<div><\/div>\n<div>\n<div>Then passion flares up, and her unwavering faith in the talent of a boy who becomes a man and establishes himself as one of the leading figures of Dadaism and Surrealism. Then came her encounter with Max Ernst, the m\u00e9nage \u00e0 trois that scandalised Paris, and later, the arrival of the young Dal\u00ed in the couple&#8217;s life and the birth of a love that excluded everything else and became the driving force behind a unique and revolutionary art form.<\/div>\n<div><\/div>\n<div>Punctuated by memories, regrets for a youth now gone, and heartbreaks for the young lovers who accompanied her in her final years, Gala&#8217;s story is that of a divisive woman who knew how to make herself hated by the world as much as she knew how to make herself adored by the men who stood by her.<\/div>\n<div>But it is also the story of a century that left no room for women, and an opportunity to reflect on the stories of all the female figures who were wrongly considered secondary characters in art and who instead contributed fundamentally to its evolution.<\/div>\n<div><\/div>\n<div>Link to the book: https:\/\/www.vandaedizioni.com\/prodotto\/ottobre-la-musa-surreale\/<\/div>\n<\/div>\n","protected":false},"excerpt":{"rendered":"<p>Genova Design Week 2025<\/p>\n","protected":false},"author":4,"featured_media":51259,"template":"","meta":{"_acf_changed":false,"_tribe_events_status":"","_tribe_events_status_reason":"","footnotes":""},"tags":[515],"tribe_events_cat":[460],"class_list":["post-51271","tribe_events","type-tribe_events","status-publish","has-post-thumbnail","hentry","tag-alessandra-redaelli-en","tribe_events_cat-event","cat_event"],"acf":[],"yoast_head":"<!-- This site is optimized with the Yoast SEO plugin v25.1 - https:\/\/yoast.com\/wordpress\/plugins\/seo\/ -->\n<title>Surrealism seen through the eyes of a muse<\/title>\n<meta name=\"description\" content=\"Presentation of the book \u2018La Musa Surreale\u2019 (The Surreal Muse) by journalist and curator Alessandra Redaelli. Surrealism through the eyes of Gala Dal\u00ed.\" \/>\n<meta name=\"robots\" content=\"index, follow, max-snippet:-1, max-image-preview:large, max-video-preview:-1\" \/>\n<link rel=\"canonical\" href=\"https:\/\/www.rossettiartecontemporanea.it\/en\/mostre-e-eventi\/presentation-of-the-book-la-musa-surreale-the-surreal-muse-by-alessandra-redaelli\/\" \/>\n<meta property=\"og:locale\" content=\"en_US\" \/>\n<meta property=\"og:type\" content=\"article\" \/>\n<meta property=\"og:title\" content=\"Surrealism seen through the eyes of a muse\" \/>\n<meta property=\"og:description\" content=\"Presentation of the book \u2018La Musa Surreale\u2019 (The Surreal Muse) by journalist and curator Alessandra Redaelli. Surrealism through the eyes of Gala Dal\u00ed.\" \/>\n<meta property=\"og:url\" content=\"https:\/\/www.rossettiartecontemporanea.it\/en\/mostre-e-eventi\/presentation-of-the-book-la-musa-surreale-the-surreal-muse-by-alessandra-redaelli\/\" \/>\n<meta property=\"og:site_name\" content=\"ROSSETTI arte contemporanea\" \/>\n<meta property=\"article:publisher\" content=\"https:\/\/www.facebook.com\/studio.rossetti.artecontemporanea\" \/>\n<meta property=\"og:image\" content=\"https:\/\/www.rossettiartecontemporanea.it\/wp-content\/uploads\/2025\/10\/MUSA_articoli_1920x1280.jpg\" \/>\n\t<meta property=\"og:image:width\" content=\"1920\" \/>\n\t<meta property=\"og:image:height\" content=\"1280\" \/>\n\t<meta property=\"og:image:type\" content=\"image\/jpeg\" \/>\n<meta name=\"twitter:card\" content=\"summary_large_image\" \/>\n<meta name=\"twitter:label1\" content=\"Est. reading time\" \/>\n\t<meta name=\"twitter:data1\" content=\"2 minutes\" \/>\n<script type=\"application\/ld+json\" class=\"yoast-schema-graph\">{\"@context\":\"https:\/\/schema.org\",\"@graph\":[{\"@type\":\"WebPage\",\"@id\":\"https:\/\/www.rossettiartecontemporanea.it\/en\/mostre-e-eventi\/presentation-of-the-book-la-musa-surreale-the-surreal-muse-by-alessandra-redaelli\/\",\"url\":\"https:\/\/www.rossettiartecontemporanea.it\/en\/mostre-e-eventi\/presentation-of-the-book-la-musa-surreale-the-surreal-muse-by-alessandra-redaelli\/\",\"name\":\"Surrealism seen through the eyes of a muse\",\"isPartOf\":{\"@id\":\"https:\/\/www.rossettiartecontemporanea.it\/en\/#website\"},\"primaryImageOfPage\":{\"@id\":\"https:\/\/www.rossettiartecontemporanea.it\/en\/mostre-e-eventi\/presentation-of-the-book-la-musa-surreale-the-surreal-muse-by-alessandra-redaelli\/#primaryimage\"},\"image\":{\"@id\":\"https:\/\/www.rossettiartecontemporanea.it\/en\/mostre-e-eventi\/presentation-of-the-book-la-musa-surreale-the-surreal-muse-by-alessandra-redaelli\/#primaryimage\"},\"thumbnailUrl\":\"https:\/\/www.rossettiartecontemporanea.it\/wp-content\/uploads\/2025\/10\/MUSA_articoli_1920x1280.jpg\",\"datePublished\":\"2025-10-08T13:36:08+00:00\",\"description\":\"Presentation of the book \u2018La Musa Surreale\u2019 (The Surreal Muse) by journalist and curator Alessandra Redaelli. Surrealism through the eyes of Gala Dal\u00ed.\",\"breadcrumb\":{\"@id\":\"https:\/\/www.rossettiartecontemporanea.it\/en\/mostre-e-eventi\/presentation-of-the-book-la-musa-surreale-the-surreal-muse-by-alessandra-redaelli\/#breadcrumb\"},\"inLanguage\":\"en-US\",\"potentialAction\":[{\"@type\":\"ReadAction\",\"target\":[\"https:\/\/www.rossettiartecontemporanea.it\/en\/mostre-e-eventi\/presentation-of-the-book-la-musa-surreale-the-surreal-muse-by-alessandra-redaelli\/\"]}]},{\"@type\":\"ImageObject\",\"inLanguage\":\"en-US\",\"@id\":\"https:\/\/www.rossettiartecontemporanea.it\/en\/mostre-e-eventi\/presentation-of-the-book-la-musa-surreale-the-surreal-muse-by-alessandra-redaelli\/#primaryimage\",\"url\":\"https:\/\/www.rossettiartecontemporanea.it\/wp-content\/uploads\/2025\/10\/MUSA_articoli_1920x1280.jpg\",\"contentUrl\":\"https:\/\/www.rossettiartecontemporanea.it\/wp-content\/uploads\/2025\/10\/MUSA_articoli_1920x1280.jpg\",\"width\":1920,\"height\":1280,\"caption\":\"libro gala dali\"},{\"@type\":\"BreadcrumbList\",\"@id\":\"https:\/\/www.rossettiartecontemporanea.it\/en\/mostre-e-eventi\/presentation-of-the-book-la-musa-surreale-the-surreal-muse-by-alessandra-redaelli\/#breadcrumb\",\"itemListElement\":[{\"@type\":\"ListItem\",\"position\":1,\"name\":\"Home\",\"item\":\"https:\/\/www.rossettiartecontemporanea.it\/en\/\"},{\"@type\":\"ListItem\",\"position\":2,\"name\":\"Events\",\"item\":\"https:\/\/www.rossettiartecontemporanea.it\/en\/mostre-e-eventi\/\"},{\"@type\":\"ListItem\",\"position\":3,\"name\":\"Presentation of the book \u2018La Musa Surreale\u2019 (The Surreal Muse) by Alessandra Redaelli\"}]},{\"@type\":\"WebSite\",\"@id\":\"https:\/\/www.rossettiartecontemporanea.it\/en\/#website\",\"url\":\"https:\/\/www.rossettiartecontemporanea.it\/en\/\",\"name\":\"Rossetti Arte Contemporanea\",\"description\":\"\",\"publisher\":{\"@id\":\"https:\/\/www.rossettiartecontemporanea.it\/en\/#organization\"},\"potentialAction\":[{\"@type\":\"SearchAction\",\"target\":{\"@type\":\"EntryPoint\",\"urlTemplate\":\"https:\/\/www.rossettiartecontemporanea.it\/en\/?s={search_term_string}\"},\"query-input\":{\"@type\":\"PropertyValueSpecification\",\"valueRequired\":true,\"valueName\":\"search_term_string\"}}],\"inLanguage\":\"en-US\"},{\"@type\":\"Organization\",\"@id\":\"https:\/\/www.rossettiartecontemporanea.it\/en\/#organization\",\"name\":\"Rossetti Arte Contemporanea\",\"url\":\"https:\/\/www.rossettiartecontemporanea.it\/en\/\",\"logo\":{\"@type\":\"ImageObject\",\"inLanguage\":\"en-US\",\"@id\":\"https:\/\/www.rossettiartecontemporanea.it\/en\/#\/schema\/logo\/image\/\",\"url\":\"https:\/\/www.rossettiartecontemporanea.it\/wp-content\/uploads\/2024\/02\/logo-Rossetti-Arte-Contemporanea-black-2x-1.png\",\"contentUrl\":\"https:\/\/www.rossettiartecontemporanea.it\/wp-content\/uploads\/2024\/02\/logo-Rossetti-Arte-Contemporanea-black-2x-1.png\",\"width\":611,\"height\":368,\"caption\":\"Rossetti Arte Contemporanea\"},\"image\":{\"@id\":\"https:\/\/www.rossettiartecontemporanea.it\/en\/#\/schema\/logo\/image\/\"},\"sameAs\":[\"https:\/\/www.facebook.com\/studio.rossetti.artecontemporanea\",\"https:\/\/www.instagram.com\/studio_rossetti\/\",\"https:\/\/www.youtube.com\/channel\/UC94tFj8zg6UV94quz_ysdgw\"]}]}<\/script>\n<!-- \/ Yoast SEO plugin. -->","yoast_head_json":{"title":"Surrealism seen through the eyes of a muse","description":"Presentation of the book \u2018La Musa Surreale\u2019 (The Surreal Muse) by journalist and curator Alessandra Redaelli. Surrealism through the eyes of Gala Dal\u00ed.","robots":{"index":"index","follow":"follow","max-snippet":"max-snippet:-1","max-image-preview":"max-image-preview:large","max-video-preview":"max-video-preview:-1"},"canonical":"https:\/\/www.rossettiartecontemporanea.it\/en\/mostre-e-eventi\/presentation-of-the-book-la-musa-surreale-the-surreal-muse-by-alessandra-redaelli\/","og_locale":"en_US","og_type":"article","og_title":"Surrealism seen through the eyes of a muse","og_description":"Presentation of the book \u2018La Musa Surreale\u2019 (The Surreal Muse) by journalist and curator Alessandra Redaelli. Surrealism through the eyes of Gala Dal\u00ed.","og_url":"https:\/\/www.rossettiartecontemporanea.it\/en\/mostre-e-eventi\/presentation-of-the-book-la-musa-surreale-the-surreal-muse-by-alessandra-redaelli\/","og_site_name":"ROSSETTI arte contemporanea","article_publisher":"https:\/\/www.facebook.com\/studio.rossetti.artecontemporanea","og_image":[{"width":1920,"height":1280,"url":"https:\/\/www.rossettiartecontemporanea.it\/wp-content\/uploads\/2025\/10\/MUSA_articoli_1920x1280.jpg","type":"image\/jpeg"}],"twitter_card":"summary_large_image","twitter_misc":{"Est. reading time":"2 minutes"},"schema":{"@context":"https:\/\/schema.org","@graph":[{"@type":"WebPage","@id":"https:\/\/www.rossettiartecontemporanea.it\/en\/mostre-e-eventi\/presentation-of-the-book-la-musa-surreale-the-surreal-muse-by-alessandra-redaelli\/","url":"https:\/\/www.rossettiartecontemporanea.it\/en\/mostre-e-eventi\/presentation-of-the-book-la-musa-surreale-the-surreal-muse-by-alessandra-redaelli\/","name":"Surrealism seen through the eyes of a muse","isPartOf":{"@id":"https:\/\/www.rossettiartecontemporanea.it\/en\/#website"},"primaryImageOfPage":{"@id":"https:\/\/www.rossettiartecontemporanea.it\/en\/mostre-e-eventi\/presentation-of-the-book-la-musa-surreale-the-surreal-muse-by-alessandra-redaelli\/#primaryimage"},"image":{"@id":"https:\/\/www.rossettiartecontemporanea.it\/en\/mostre-e-eventi\/presentation-of-the-book-la-musa-surreale-the-surreal-muse-by-alessandra-redaelli\/#primaryimage"},"thumbnailUrl":"https:\/\/www.rossettiartecontemporanea.it\/wp-content\/uploads\/2025\/10\/MUSA_articoli_1920x1280.jpg","datePublished":"2025-10-08T13:36:08+00:00","description":"Presentation of the book \u2018La Musa Surreale\u2019 (The Surreal Muse) by journalist and curator Alessandra Redaelli. Surrealism through the eyes of Gala Dal\u00ed.","breadcrumb":{"@id":"https:\/\/www.rossettiartecontemporanea.it\/en\/mostre-e-eventi\/presentation-of-the-book-la-musa-surreale-the-surreal-muse-by-alessandra-redaelli\/#breadcrumb"},"inLanguage":"en-US","potentialAction":[{"@type":"ReadAction","target":["https:\/\/www.rossettiartecontemporanea.it\/en\/mostre-e-eventi\/presentation-of-the-book-la-musa-surreale-the-surreal-muse-by-alessandra-redaelli\/"]}]},{"@type":"ImageObject","inLanguage":"en-US","@id":"https:\/\/www.rossettiartecontemporanea.it\/en\/mostre-e-eventi\/presentation-of-the-book-la-musa-surreale-the-surreal-muse-by-alessandra-redaelli\/#primaryimage","url":"https:\/\/www.rossettiartecontemporanea.it\/wp-content\/uploads\/2025\/10\/MUSA_articoli_1920x1280.jpg","contentUrl":"https:\/\/www.rossettiartecontemporanea.it\/wp-content\/uploads\/2025\/10\/MUSA_articoli_1920x1280.jpg","width":1920,"height":1280,"caption":"libro gala dali"},{"@type":"BreadcrumbList","@id":"https:\/\/www.rossettiartecontemporanea.it\/en\/mostre-e-eventi\/presentation-of-the-book-la-musa-surreale-the-surreal-muse-by-alessandra-redaelli\/#breadcrumb","itemListElement":[{"@type":"ListItem","position":1,"name":"Home","item":"https:\/\/www.rossettiartecontemporanea.it\/en\/"},{"@type":"ListItem","position":2,"name":"Events","item":"https:\/\/www.rossettiartecontemporanea.it\/en\/mostre-e-eventi\/"},{"@type":"ListItem","position":3,"name":"Presentation of the book \u2018La Musa Surreale\u2019 (The Surreal Muse) by Alessandra Redaelli"}]},{"@type":"WebSite","@id":"https:\/\/www.rossettiartecontemporanea.it\/en\/#website","url":"https:\/\/www.rossettiartecontemporanea.it\/en\/","name":"Rossetti Arte Contemporanea","description":"","publisher":{"@id":"https:\/\/www.rossettiartecontemporanea.it\/en\/#organization"},"potentialAction":[{"@type":"SearchAction","target":{"@type":"EntryPoint","urlTemplate":"https:\/\/www.rossettiartecontemporanea.it\/en\/?s={search_term_string}"},"query-input":{"@type":"PropertyValueSpecification","valueRequired":true,"valueName":"search_term_string"}}],"inLanguage":"en-US"},{"@type":"Organization","@id":"https:\/\/www.rossettiartecontemporanea.it\/en\/#organization","name":"Rossetti Arte Contemporanea","url":"https:\/\/www.rossettiartecontemporanea.it\/en\/","logo":{"@type":"ImageObject","inLanguage":"en-US","@id":"https:\/\/www.rossettiartecontemporanea.it\/en\/#\/schema\/logo\/image\/","url":"https:\/\/www.rossettiartecontemporanea.it\/wp-content\/uploads\/2024\/02\/logo-Rossetti-Arte-Contemporanea-black-2x-1.png","contentUrl":"https:\/\/www.rossettiartecontemporanea.it\/wp-content\/uploads\/2024\/02\/logo-Rossetti-Arte-Contemporanea-black-2x-1.png","width":611,"height":368,"caption":"Rossetti Arte Contemporanea"},"image":{"@id":"https:\/\/www.rossettiartecontemporanea.it\/en\/#\/schema\/logo\/image\/"},"sameAs":["https:\/\/www.facebook.com\/studio.rossetti.artecontemporanea","https:\/\/www.instagram.com\/studio_rossetti\/","https:\/\/www.youtube.com\/channel\/UC94tFj8zg6UV94quz_ysdgw"]}]}},"_links":{"self":[{"href":"https:\/\/www.rossettiartecontemporanea.it\/en\/wp-json\/wp\/v2\/tribe_events\/51271","targetHints":{"allow":["GET"]}}],"collection":[{"href":"https:\/\/www.rossettiartecontemporanea.it\/en\/wp-json\/wp\/v2\/tribe_events"}],"about":[{"href":"https:\/\/www.rossettiartecontemporanea.it\/en\/wp-json\/wp\/v2\/types\/tribe_events"}],"author":[{"embeddable":true,"href":"https:\/\/www.rossettiartecontemporanea.it\/en\/wp-json\/wp\/v2\/users\/4"}],"version-history":[{"count":0,"href":"https:\/\/www.rossettiartecontemporanea.it\/en\/wp-json\/wp\/v2\/tribe_events\/51271\/revisions"}],"wp:featuredmedia":[{"embeddable":true,"href":"https:\/\/www.rossettiartecontemporanea.it\/en\/wp-json\/wp\/v2\/media\/51259"}],"wp:attachment":[{"href":"https:\/\/www.rossettiartecontemporanea.it\/en\/wp-json\/wp\/v2\/media?parent=51271"}],"wp:term":[{"taxonomy":"post_tag","embeddable":true,"href":"https:\/\/www.rossettiartecontemporanea.it\/en\/wp-json\/wp\/v2\/tags?post=51271"},{"taxonomy":"tribe_events_cat","embeddable":true,"href":"https:\/\/www.rossettiartecontemporanea.it\/en\/wp-json\/wp\/v2\/tribe_events_cat?post=51271"}],"curies":[{"name":"wp","href":"https:\/\/api.w.org\/{rel}","templated":true}]}}