{"id":51545,"date":"2025-12-10T17:26:08","date_gmt":"2025-12-10T16:26:08","guid":{"rendered":"https:\/\/www.rossettiartecontemporanea.it\/mostre-e-eventi\/artegenova-2026\/"},"modified":"2025-12-13T12:25:32","modified_gmt":"2025-12-13T11:25:32","slug":"artegenova-2026","status":"publish","type":"tribe_events","link":"https:\/\/www.rossettiartecontemporanea.it\/en\/mostre-e-eventi\/artegenova-2026\/","title":{"rendered":"ArteGenova 2026"},"content":{"rendered":"<table>\n<tbody>\n<tr>\n<td style=\"padding-right: 36px; vertical-align: top; font-size: 19px;\" width=\"50%\">ArteGenova 2026 &#8211; BLU Hall, stand 78<\/p>\n<div>Four days dedicated to culture and investment in art, eagerly awaited each year by a considerable number of operators, visitors, investors, and collectors from all over Italy and abroad. More than 150 galleries will offer enthusiasts an anthology of works of the highest quality, as always.<\/div>\n<div><\/div>\n<div>The inauguration will take place on Thursday, February 12, at 6:00 p.m., by invitation only.<\/div>\n<div><\/div>\n<div>The event will take place from February 13 to 15, 2025.<\/div>\n<div><\/div>\n<div>ArteGenova 2026 will be open to the public on Friday, February 13, Saturday, February 14, and Sunday, February 15, from 10:00 a.m. to 8:00 p.m.<\/div>\n<\/td>\n<td style=\"vertical-align: top; font-size: 19px;\" width=\"50%\">\n<div>Great modern and contemporary art returns to Genoa with thousands of works, bringing to the city masterpieces by world-renowned artists and, with them, the new generation of Italian artists (particularly from Liguria), who will have their own space within the exhibition in the Blue Pavilion of the Fair.<\/div>\n<div><\/div>\n<div>We are pleased to offer our contacts free admission tickets to ArteGenova. Tickets are nominative, so please send an email expressing your interest to: info@rossettiartecontemporanea.it<\/div>\n<div><\/div>\n<div>We look forward to seeing you at the Blue Pavilion, Stand 78.<\/div>\n<div><\/div>\n<p>More information: <a href=\"https:\/\/www.artegenova.com\/\">https:\/\/www.artegenova.com\/<\/a><\/td>\n<\/tr>\n<\/tbody>\n<\/table>\n<p>&nbsp;<\/p>\n<h4>GENOVA<\/h4>\n<p>Genova, citt\u00e0 la cui provincia conta 900.000 abitanti, si \u00e8 sempre dimostrata molto sensibile all\u2019arte moderna e contemporanea: testimoni ne sono la presenza nel capoluogo ligure di numerose gallerie d\u2019arte e le sempre pi\u00f9 frequenti iniziative artistiche promosse dalla cittadinanza.<\/p>\n<p>L\u2019ottima posizione strategica della citt\u00e0, da sempre fulcro dell\u2019 attivit\u00e0 portuale del Paese, millenario crocevia verso Milano, Torino, Bologna, Firenze, richiama visitatori e collezionisti anche dalla vicinissima Francia e dalla Svizzera, per non parlare della straordinaria visibilit\u00e0 di cui beneficer\u00e0 la Mostra, grazie ad un piano media messo appunto e perfezionato ogni anno, coinvolgendo i quotidiani nazionali e locali, la pubblicit\u00e0 sulle riviste specializzate, sulle radio locali e nazionali, le affissioni nelle maggiori citt\u00e0 italiane, compresa la pubblicit\u00e0 dinamica sui bus cittadini, oltre alla preziosit\u00e0 di un sito internet visitato tutto l\u2019anno, che registra centinaia di migliaia di contatti nei giorni a ridosso della fiera.<\/p>\n<p><strong>ArteGenova \u00e8 una importante e consolidata occasione di investimento.<\/strong><\/p>\n","protected":false},"excerpt":{"rendered":"<p>The Rossetti contemporary art gallery will be present at ArteGenova 2026<\/p>\n","protected":false},"author":4,"featured_media":49282,"template":"","meta":{"_acf_changed":false,"_tribe_events_status":"","_tribe_events_status_reason":"","footnotes":""},"tags":[683],"tribe_events_cat":[461],"class_list":["post-51545","tribe_events","type-tribe_events","status-publish","has-post-thumbnail","hentry","tag-art-fairs","tribe_events_cat-art-fair","cat_art-fair"],"acf":[],"yoast_head":"<!-- This site is optimized with the Yoast SEO plugin v25.1 - https:\/\/yoast.com\/wordpress\/plugins\/seo\/ -->\n<title>ArteGenova 2026 - ROSSETTI arte contemporanea<\/title>\n<meta name=\"description\" content=\"As every year, we will be present at ArteGenova 2026 edition, an opportunity to meet our collectors from our city and beyond.\" \/>\n<meta name=\"robots\" content=\"index, follow, max-snippet:-1, max-image-preview:large, max-video-preview:-1\" \/>\n<link rel=\"canonical\" href=\"https:\/\/www.rossettiartecontemporanea.it\/en\/mostre-e-eventi\/artegenova-2026\/\" \/>\n<meta property=\"og:locale\" content=\"en_US\" \/>\n<meta property=\"og:type\" content=\"article\" \/>\n<meta property=\"og:title\" content=\"ArteGenova 2026 - ROSSETTI arte contemporanea\" \/>\n<meta property=\"og:description\" content=\"As every year, we will be present at ArteGenova 2026 edition, an opportunity to meet our collectors from our city and beyond.\" \/>\n<meta property=\"og:url\" content=\"https:\/\/www.rossettiartecontemporanea.it\/en\/mostre-e-eventi\/artegenova-2026\/\" \/>\n<meta property=\"og:site_name\" content=\"ROSSETTI arte contemporanea\" \/>\n<meta property=\"article:publisher\" content=\"https:\/\/www.facebook.com\/studio.rossetti.artecontemporanea\" \/>\n<meta property=\"article:modified_time\" content=\"2025-12-13T11:25:32+00:00\" \/>\n<meta property=\"og:image\" content=\"https:\/\/www.rossettiartecontemporanea.it\/wp-content\/uploads\/2025\/02\/Progetto-senza-titolo-5.jpg\" \/>\n\t<meta property=\"og:image:width\" content=\"1920\" \/>\n\t<meta property=\"og:image:height\" content=\"1080\" \/>\n\t<meta property=\"og:image:type\" content=\"image\/jpeg\" \/>\n<meta name=\"twitter:card\" content=\"summary_large_image\" \/>\n<meta name=\"twitter:label1\" content=\"Est. reading time\" \/>\n\t<meta name=\"twitter:data1\" content=\"2 minutes\" \/>\n<script type=\"application\/ld+json\" class=\"yoast-schema-graph\">{\"@context\":\"https:\/\/schema.org\",\"@graph\":[{\"@type\":\"WebPage\",\"@id\":\"https:\/\/www.rossettiartecontemporanea.it\/en\/mostre-e-eventi\/artegenova-2026\/\",\"url\":\"https:\/\/www.rossettiartecontemporanea.it\/en\/mostre-e-eventi\/artegenova-2026\/\",\"name\":\"ArteGenova 2026 - ROSSETTI arte contemporanea\",\"isPartOf\":{\"@id\":\"https:\/\/www.rossettiartecontemporanea.it\/en\/#website\"},\"primaryImageOfPage\":{\"@id\":\"https:\/\/www.rossettiartecontemporanea.it\/en\/mostre-e-eventi\/artegenova-2026\/#primaryimage\"},\"image\":{\"@id\":\"https:\/\/www.rossettiartecontemporanea.it\/en\/mostre-e-eventi\/artegenova-2026\/#primaryimage\"},\"thumbnailUrl\":\"https:\/\/www.rossettiartecontemporanea.it\/wp-content\/uploads\/2025\/02\/Progetto-senza-titolo-5.jpg\",\"datePublished\":\"2025-12-10T16:26:08+00:00\",\"dateModified\":\"2025-12-13T11:25:32+00:00\",\"description\":\"As every year, we will be present at ArteGenova 2026 edition, an opportunity to meet our collectors from our city and beyond.\",\"breadcrumb\":{\"@id\":\"https:\/\/www.rossettiartecontemporanea.it\/en\/mostre-e-eventi\/artegenova-2026\/#breadcrumb\"},\"inLanguage\":\"en-US\",\"potentialAction\":[{\"@type\":\"ReadAction\",\"target\":[\"https:\/\/www.rossettiartecontemporanea.it\/en\/mostre-e-eventi\/artegenova-2026\/\"]}]},{\"@type\":\"ImageObject\",\"inLanguage\":\"en-US\",\"@id\":\"https:\/\/www.rossettiartecontemporanea.it\/en\/mostre-e-eventi\/artegenova-2026\/#primaryimage\",\"url\":\"https:\/\/www.rossettiartecontemporanea.it\/wp-content\/uploads\/2025\/02\/Progetto-senza-titolo-5.jpg\",\"contentUrl\":\"https:\/\/www.rossettiartecontemporanea.it\/wp-content\/uploads\/2025\/02\/Progetto-senza-titolo-5.jpg\",\"width\":1920,\"height\":1080,\"caption\":\"allestimento fiera artegenova\"},{\"@type\":\"BreadcrumbList\",\"@id\":\"https:\/\/www.rossettiartecontemporanea.it\/en\/mostre-e-eventi\/artegenova-2026\/#breadcrumb\",\"itemListElement\":[{\"@type\":\"ListItem\",\"position\":1,\"name\":\"Home\",\"item\":\"https:\/\/www.rossettiartecontemporanea.it\/en\/\"},{\"@type\":\"ListItem\",\"position\":2,\"name\":\"Events\",\"item\":\"https:\/\/www.rossettiartecontemporanea.it\/en\/mostre-e-eventi\/\"},{\"@type\":\"ListItem\",\"position\":3,\"name\":\"ArteGenova 2026\"}]},{\"@type\":\"WebSite\",\"@id\":\"https:\/\/www.rossettiartecontemporanea.it\/en\/#website\",\"url\":\"https:\/\/www.rossettiartecontemporanea.it\/en\/\",\"name\":\"Rossetti Arte Contemporanea\",\"description\":\"\",\"publisher\":{\"@id\":\"https:\/\/www.rossettiartecontemporanea.it\/en\/#organization\"},\"potentialAction\":[{\"@type\":\"SearchAction\",\"target\":{\"@type\":\"EntryPoint\",\"urlTemplate\":\"https:\/\/www.rossettiartecontemporanea.it\/en\/?s={search_term_string}\"},\"query-input\":{\"@type\":\"PropertyValueSpecification\",\"valueRequired\":true,\"valueName\":\"search_term_string\"}}],\"inLanguage\":\"en-US\"},{\"@type\":\"Organization\",\"@id\":\"https:\/\/www.rossettiartecontemporanea.it\/en\/#organization\",\"name\":\"Rossetti Arte Contemporanea\",\"url\":\"https:\/\/www.rossettiartecontemporanea.it\/en\/\",\"logo\":{\"@type\":\"ImageObject\",\"inLanguage\":\"en-US\",\"@id\":\"https:\/\/www.rossettiartecontemporanea.it\/en\/#\/schema\/logo\/image\/\",\"url\":\"https:\/\/www.rossettiartecontemporanea.it\/wp-content\/uploads\/2024\/02\/logo-Rossetti-Arte-Contemporanea-black-2x-1.png\",\"contentUrl\":\"https:\/\/www.rossettiartecontemporanea.it\/wp-content\/uploads\/2024\/02\/logo-Rossetti-Arte-Contemporanea-black-2x-1.png\",\"width\":611,\"height\":368,\"caption\":\"Rossetti Arte Contemporanea\"},\"image\":{\"@id\":\"https:\/\/www.rossettiartecontemporanea.it\/en\/#\/schema\/logo\/image\/\"},\"sameAs\":[\"https:\/\/www.facebook.com\/studio.rossetti.artecontemporanea\",\"https:\/\/www.instagram.com\/studio_rossetti\/\",\"https:\/\/www.youtube.com\/channel\/UC94tFj8zg6UV94quz_ysdgw\"]}]}<\/script>\n<!-- \/ Yoast SEO plugin. -->","yoast_head_json":{"title":"ArteGenova 2026 - ROSSETTI arte contemporanea","description":"As every year, we will be present at ArteGenova 2026 edition, an opportunity to meet our collectors from our city and beyond.","robots":{"index":"index","follow":"follow","max-snippet":"max-snippet:-1","max-image-preview":"max-image-preview:large","max-video-preview":"max-video-preview:-1"},"canonical":"https:\/\/www.rossettiartecontemporanea.it\/en\/mostre-e-eventi\/artegenova-2026\/","og_locale":"en_US","og_type":"article","og_title":"ArteGenova 2026 - ROSSETTI arte contemporanea","og_description":"As every year, we will be present at ArteGenova 2026 edition, an opportunity to meet our collectors from our city and beyond.","og_url":"https:\/\/www.rossettiartecontemporanea.it\/en\/mostre-e-eventi\/artegenova-2026\/","og_site_name":"ROSSETTI arte contemporanea","article_publisher":"https:\/\/www.facebook.com\/studio.rossetti.artecontemporanea","article_modified_time":"2025-12-13T11:25:32+00:00","og_image":[{"width":1920,"height":1080,"url":"https:\/\/www.rossettiartecontemporanea.it\/wp-content\/uploads\/2025\/02\/Progetto-senza-titolo-5.jpg","type":"image\/jpeg"}],"twitter_card":"summary_large_image","twitter_misc":{"Est. reading time":"2 minutes"},"schema":{"@context":"https:\/\/schema.org","@graph":[{"@type":"WebPage","@id":"https:\/\/www.rossettiartecontemporanea.it\/en\/mostre-e-eventi\/artegenova-2026\/","url":"https:\/\/www.rossettiartecontemporanea.it\/en\/mostre-e-eventi\/artegenova-2026\/","name":"ArteGenova 2026 - ROSSETTI arte contemporanea","isPartOf":{"@id":"https:\/\/www.rossettiartecontemporanea.it\/en\/#website"},"primaryImageOfPage":{"@id":"https:\/\/www.rossettiartecontemporanea.it\/en\/mostre-e-eventi\/artegenova-2026\/#primaryimage"},"image":{"@id":"https:\/\/www.rossettiartecontemporanea.it\/en\/mostre-e-eventi\/artegenova-2026\/#primaryimage"},"thumbnailUrl":"https:\/\/www.rossettiartecontemporanea.it\/wp-content\/uploads\/2025\/02\/Progetto-senza-titolo-5.jpg","datePublished":"2025-12-10T16:26:08+00:00","dateModified":"2025-12-13T11:25:32+00:00","description":"As every year, we will be present at ArteGenova 2026 edition, an opportunity to meet our collectors from our city and beyond.","breadcrumb":{"@id":"https:\/\/www.rossettiartecontemporanea.it\/en\/mostre-e-eventi\/artegenova-2026\/#breadcrumb"},"inLanguage":"en-US","potentialAction":[{"@type":"ReadAction","target":["https:\/\/www.rossettiartecontemporanea.it\/en\/mostre-e-eventi\/artegenova-2026\/"]}]},{"@type":"ImageObject","inLanguage":"en-US","@id":"https:\/\/www.rossettiartecontemporanea.it\/en\/mostre-e-eventi\/artegenova-2026\/#primaryimage","url":"https:\/\/www.rossettiartecontemporanea.it\/wp-content\/uploads\/2025\/02\/Progetto-senza-titolo-5.jpg","contentUrl":"https:\/\/www.rossettiartecontemporanea.it\/wp-content\/uploads\/2025\/02\/Progetto-senza-titolo-5.jpg","width":1920,"height":1080,"caption":"allestimento fiera artegenova"},{"@type":"BreadcrumbList","@id":"https:\/\/www.rossettiartecontemporanea.it\/en\/mostre-e-eventi\/artegenova-2026\/#breadcrumb","itemListElement":[{"@type":"ListItem","position":1,"name":"Home","item":"https:\/\/www.rossettiartecontemporanea.it\/en\/"},{"@type":"ListItem","position":2,"name":"Events","item":"https:\/\/www.rossettiartecontemporanea.it\/en\/mostre-e-eventi\/"},{"@type":"ListItem","position":3,"name":"ArteGenova 2026"}]},{"@type":"WebSite","@id":"https:\/\/www.rossettiartecontemporanea.it\/en\/#website","url":"https:\/\/www.rossettiartecontemporanea.it\/en\/","name":"Rossetti Arte Contemporanea","description":"","publisher":{"@id":"https:\/\/www.rossettiartecontemporanea.it\/en\/#organization"},"potentialAction":[{"@type":"SearchAction","target":{"@type":"EntryPoint","urlTemplate":"https:\/\/www.rossettiartecontemporanea.it\/en\/?s={search_term_string}"},"query-input":{"@type":"PropertyValueSpecification","valueRequired":true,"valueName":"search_term_string"}}],"inLanguage":"en-US"},{"@type":"Organization","@id":"https:\/\/www.rossettiartecontemporanea.it\/en\/#organization","name":"Rossetti Arte Contemporanea","url":"https:\/\/www.rossettiartecontemporanea.it\/en\/","logo":{"@type":"ImageObject","inLanguage":"en-US","@id":"https:\/\/www.rossettiartecontemporanea.it\/en\/#\/schema\/logo\/image\/","url":"https:\/\/www.rossettiartecontemporanea.it\/wp-content\/uploads\/2024\/02\/logo-Rossetti-Arte-Contemporanea-black-2x-1.png","contentUrl":"https:\/\/www.rossettiartecontemporanea.it\/wp-content\/uploads\/2024\/02\/logo-Rossetti-Arte-Contemporanea-black-2x-1.png","width":611,"height":368,"caption":"Rossetti Arte Contemporanea"},"image":{"@id":"https:\/\/www.rossettiartecontemporanea.it\/en\/#\/schema\/logo\/image\/"},"sameAs":["https:\/\/www.facebook.com\/studio.rossetti.artecontemporanea","https:\/\/www.instagram.com\/studio_rossetti\/","https:\/\/www.youtube.com\/channel\/UC94tFj8zg6UV94quz_ysdgw"]}]}},"_links":{"self":[{"href":"https:\/\/www.rossettiartecontemporanea.it\/en\/wp-json\/wp\/v2\/tribe_events\/51545","targetHints":{"allow":["GET"]}}],"collection":[{"href":"https:\/\/www.rossettiartecontemporanea.it\/en\/wp-json\/wp\/v2\/tribe_events"}],"about":[{"href":"https:\/\/www.rossettiartecontemporanea.it\/en\/wp-json\/wp\/v2\/types\/tribe_events"}],"author":[{"embeddable":true,"href":"https:\/\/www.rossettiartecontemporanea.it\/en\/wp-json\/wp\/v2\/users\/4"}],"version-history":[{"count":1,"href":"https:\/\/www.rossettiartecontemporanea.it\/en\/wp-json\/wp\/v2\/tribe_events\/51545\/revisions"}],"predecessor-version":[{"id":51613,"href":"https:\/\/www.rossettiartecontemporanea.it\/en\/wp-json\/wp\/v2\/tribe_events\/51545\/revisions\/51613"}],"wp:featuredmedia":[{"embeddable":true,"href":"https:\/\/www.rossettiartecontemporanea.it\/en\/wp-json\/wp\/v2\/media\/49282"}],"wp:attachment":[{"href":"https:\/\/www.rossettiartecontemporanea.it\/en\/wp-json\/wp\/v2\/media?parent=51545"}],"wp:term":[{"taxonomy":"post_tag","embeddable":true,"href":"https:\/\/www.rossettiartecontemporanea.it\/en\/wp-json\/wp\/v2\/tags?post=51545"},{"taxonomy":"tribe_events_cat","embeddable":true,"href":"https:\/\/www.rossettiartecontemporanea.it\/en\/wp-json\/wp\/v2\/tribe_events_cat?post=51545"}],"curies":[{"name":"wp","href":"https:\/\/api.w.org\/{rel}","templated":true}]}}