{"id":51631,"date":"2025-12-17T15:40:01","date_gmt":"2025-12-17T14:40:01","guid":{"rendered":"https:\/\/www.rossettiartecontemporanea.it\/mostre-e-eventi\/presentation-of-the-book-jeanne-hebuterne-the-light-of-modigliani-by-stefania-colombo\/"},"modified":"2025-12-17T15:40:01","modified_gmt":"2025-12-17T14:40:01","slug":"presentation-of-the-book-jeanne-hebuterne-the-light-of-modigliani-by-stefania-colombo","status":"publish","type":"tribe_events","link":"https:\/\/www.rossettiartecontemporanea.it\/en\/mostre-e-eventi\/presentation-of-the-book-jeanne-hebuterne-the-light-of-modigliani-by-stefania-colombo\/","title":{"rendered":"Presentation of the book \u201cJeanne H\u00e9buterne\u2014the light of Modigliani\u201d by Stefania Colombo"},"content":{"rendered":"<p>Presentation of the book Jeanne H\u00e9buterne &#8211; la luce di Modigliani (Jeanne H\u00e9buterne &#8211; Modigliani&#8217;s Light), in the presence of author Stefania Colombo. Event curated by Arianna Destito Maffeo and Antonella Grandicelli of The MeltinPop, the literary blog dedicated to all cultural issues related to society and the local area.<\/p>\n<p>During the evening, it will be possible to purchase the book.<\/p>\n<p>Locked in a room on a winter night in Paris in 1920, Jeanne is not alone: her brother Andr\u00e9 is with her. When you are desperate, you should always have a brother by your side. Brother and sister remember, imagine, cry, and laugh. Jeanne is talented, in love, and not yet twenty-two years old. Her child is about to be born. Her partner has just died. Few people know Jeanne H\u00e9buterne. Everyone knows her partner: Amedeo Modigliani. During this long night, immersed in memories of an overwhelming passion and forbidden love, Jeanne retraces her story with Mod\u00ec. A compelling tale of love, loss, and resilience set in the vibrant and tormented artistic world of early 20th-century Paris.<\/p>\n<p>Link to the book: <a href=\"https:\/\/www.morellinieditore.it\/books\/jeanne-hebuterne\/\">https:\/\/www.morellinieditore.it\/books\/jeanne-hebuterne\/<\/a><\/p>\n<p>&nbsp;<\/p>\n<p><img fetchpriority=\"high\" decoding=\"async\" class=\"alignnone size-medium wp-image-51604\" src=\"https:\/\/www.rossettiartecontemporanea.it\/wp-content\/uploads\/2026\/01\/COVER-JEANNE-HEBUTERNE-scaled-1-194x300.jpg\" alt=\"\" width=\"194\" height=\"300\" srcset=\"https:\/\/www.rossettiartecontemporanea.it\/wp-content\/uploads\/2026\/01\/COVER-JEANNE-HEBUTERNE-scaled-1-194x300.jpg 194w, https:\/\/www.rossettiartecontemporanea.it\/wp-content\/uploads\/2026\/01\/COVER-JEANNE-HEBUTERNE-scaled-1-661x1024.jpg 661w, https:\/\/www.rossettiartecontemporanea.it\/wp-content\/uploads\/2026\/01\/COVER-JEANNE-HEBUTERNE-scaled-1-768x1190.jpg 768w, https:\/\/www.rossettiartecontemporanea.it\/wp-content\/uploads\/2026\/01\/COVER-JEANNE-HEBUTERNE-scaled-1-991x1536.jpg 991w, https:\/\/www.rossettiartecontemporanea.it\/wp-content\/uploads\/2026\/01\/COVER-JEANNE-HEBUTERNE-scaled-1-1322x2048.jpg 1322w, https:\/\/www.rossettiartecontemporanea.it\/wp-content\/uploads\/2026\/01\/COVER-JEANNE-HEBUTERNE-scaled-1-370x573.jpg 370w, https:\/\/www.rossettiartecontemporanea.it\/wp-content\/uploads\/2026\/01\/COVER-JEANNE-HEBUTERNE-scaled-1-840x1302.jpg 840w, https:\/\/www.rossettiartecontemporanea.it\/wp-content\/uploads\/2026\/01\/COVER-JEANNE-HEBUTERNE-scaled-1-410x635.jpg 410w, https:\/\/www.rossettiartecontemporanea.it\/wp-content\/uploads\/2026\/01\/COVER-JEANNE-HEBUTERNE-scaled-1.jpg 1652w\" sizes=\"(max-width: 194px) 100vw, 194px\" \/><\/p>\n<p>&nbsp;<\/p>\n<p>STEFANIA COLOMBO<\/p>\n<p>Born in Milan in 1979, she was fascinated by the creative power of words and initially became interested in the performative power of language, working as a criminal lawyer from 2004 to 2013. At the same time, she trained as an actress, author, and director. She moved to Paris, where she currently lives, and obtained a Master&#8217;s degree in \u00c9tudes Th\u00e9\u00e2trales at the Sorbonne Nouvelle-Paris 3. She is a member of the artistic collective La port\u00e9e and the theater company Il Palinsesto. She contributed to the book A tutto sport, published by La Spiga (2016).<\/p>\n","protected":false},"excerpt":{"rendered":"<p>Literary presentation by TheMeltin Pop<\/p>\n","protected":false},"author":4,"featured_media":51615,"template":"","meta":{"_acf_changed":false,"_tribe_events_status":"","_tribe_events_status_reason":"","footnotes":""},"tags":[470],"tribe_events_cat":[460],"class_list":["post-51631","tribe_events","type-tribe_events","status-publish","has-post-thumbnail","hentry","tag-the-meltinpop-en","tribe_events_cat-event","cat_event"],"acf":[],"yoast_head":"<!-- This site is optimized with the Yoast SEO plugin v25.1 - https:\/\/yoast.com\/wordpress\/plugins\/seo\/ -->\n<title>The Light of Modigliani: the book about Jeanne H\u00e9buterne<\/title>\n<meta name=\"description\" content=\"Presentation of the book \u201cJeanne H\u00e9buterne - la luce di Modigliani\u201d (Jeanne H\u00e9buterne - Modigliani&#039;s Light) by Stefania Colombo. Event organized by TheMeltinPop.\" \/>\n<meta name=\"robots\" content=\"index, follow, max-snippet:-1, max-image-preview:large, max-video-preview:-1\" \/>\n<link rel=\"canonical\" href=\"https:\/\/www.rossettiartecontemporanea.it\/en\/mostre-e-eventi\/presentation-of-the-book-jeanne-hebuterne-the-light-of-modigliani-by-stefania-colombo\/\" \/>\n<meta property=\"og:locale\" content=\"en_US\" \/>\n<meta property=\"og:type\" content=\"article\" \/>\n<meta property=\"og:title\" content=\"The Light of Modigliani: the book about Jeanne H\u00e9buterne\" \/>\n<meta property=\"og:description\" content=\"Presentation of the book \u201cJeanne H\u00e9buterne - la luce di Modigliani\u201d (Jeanne H\u00e9buterne - Modigliani&#039;s Light) by Stefania Colombo. Event organized by TheMeltinPop.\" \/>\n<meta property=\"og:url\" content=\"https:\/\/www.rossettiartecontemporanea.it\/en\/mostre-e-eventi\/presentation-of-the-book-jeanne-hebuterne-the-light-of-modigliani-by-stefania-colombo\/\" \/>\n<meta property=\"og:site_name\" content=\"ROSSETTI arte contemporanea\" \/>\n<meta property=\"article:publisher\" content=\"https:\/\/www.facebook.com\/studio.rossetti.artecontemporanea\" \/>\n<meta property=\"og:image\" content=\"https:\/\/www.rossettiartecontemporanea.it\/wp-content\/uploads\/2026\/01\/MODIGLIANI_articoli_1920x1280.jpg\" \/>\n\t<meta property=\"og:image:width\" content=\"1920\" \/>\n\t<meta property=\"og:image:height\" content=\"1280\" \/>\n\t<meta property=\"og:image:type\" content=\"image\/jpeg\" \/>\n<meta name=\"twitter:card\" content=\"summary_large_image\" \/>\n<meta name=\"twitter:label1\" content=\"Est. reading time\" \/>\n\t<meta name=\"twitter:data1\" content=\"1 minute\" \/>\n<script type=\"application\/ld+json\" class=\"yoast-schema-graph\">{\"@context\":\"https:\/\/schema.org\",\"@graph\":[{\"@type\":\"WebPage\",\"@id\":\"https:\/\/www.rossettiartecontemporanea.it\/en\/mostre-e-eventi\/presentation-of-the-book-jeanne-hebuterne-the-light-of-modigliani-by-stefania-colombo\/\",\"url\":\"https:\/\/www.rossettiartecontemporanea.it\/en\/mostre-e-eventi\/presentation-of-the-book-jeanne-hebuterne-the-light-of-modigliani-by-stefania-colombo\/\",\"name\":\"The Light of Modigliani: the book about Jeanne H\u00e9buterne\",\"isPartOf\":{\"@id\":\"https:\/\/www.rossettiartecontemporanea.it\/en\/#website\"},\"primaryImageOfPage\":{\"@id\":\"https:\/\/www.rossettiartecontemporanea.it\/en\/mostre-e-eventi\/presentation-of-the-book-jeanne-hebuterne-the-light-of-modigliani-by-stefania-colombo\/#primaryimage\"},\"image\":{\"@id\":\"https:\/\/www.rossettiartecontemporanea.it\/en\/mostre-e-eventi\/presentation-of-the-book-jeanne-hebuterne-the-light-of-modigliani-by-stefania-colombo\/#primaryimage\"},\"thumbnailUrl\":\"https:\/\/www.rossettiartecontemporanea.it\/wp-content\/uploads\/2026\/01\/MODIGLIANI_articoli_1920x1280.jpg\",\"datePublished\":\"2025-12-17T14:40:01+00:00\",\"description\":\"Presentation of the book \u201cJeanne H\u00e9buterne - la luce di Modigliani\u201d (Jeanne H\u00e9buterne - Modigliani's Light) by Stefania Colombo. Event organized by TheMeltinPop.\",\"breadcrumb\":{\"@id\":\"https:\/\/www.rossettiartecontemporanea.it\/en\/mostre-e-eventi\/presentation-of-the-book-jeanne-hebuterne-the-light-of-modigliani-by-stefania-colombo\/#breadcrumb\"},\"inLanguage\":\"en-US\",\"potentialAction\":[{\"@type\":\"ReadAction\",\"target\":[\"https:\/\/www.rossettiartecontemporanea.it\/en\/mostre-e-eventi\/presentation-of-the-book-jeanne-hebuterne-the-light-of-modigliani-by-stefania-colombo\/\"]}]},{\"@type\":\"ImageObject\",\"inLanguage\":\"en-US\",\"@id\":\"https:\/\/www.rossettiartecontemporanea.it\/en\/mostre-e-eventi\/presentation-of-the-book-jeanne-hebuterne-the-light-of-modigliani-by-stefania-colombo\/#primaryimage\",\"url\":\"https:\/\/www.rossettiartecontemporanea.it\/wp-content\/uploads\/2026\/01\/MODIGLIANI_articoli_1920x1280.jpg\",\"contentUrl\":\"https:\/\/www.rossettiartecontemporanea.it\/wp-content\/uploads\/2026\/01\/MODIGLIANI_articoli_1920x1280.jpg\",\"width\":1920,\"height\":1280,\"caption\":\"la luce di modigliani evento genova\"},{\"@type\":\"BreadcrumbList\",\"@id\":\"https:\/\/www.rossettiartecontemporanea.it\/en\/mostre-e-eventi\/presentation-of-the-book-jeanne-hebuterne-the-light-of-modigliani-by-stefania-colombo\/#breadcrumb\",\"itemListElement\":[{\"@type\":\"ListItem\",\"position\":1,\"name\":\"Home\",\"item\":\"https:\/\/www.rossettiartecontemporanea.it\/en\/\"},{\"@type\":\"ListItem\",\"position\":2,\"name\":\"Events\",\"item\":\"https:\/\/www.rossettiartecontemporanea.it\/en\/mostre-e-eventi\/\"},{\"@type\":\"ListItem\",\"position\":3,\"name\":\"Presentation of the book \u201cJeanne H\u00e9buterne\u2014the light of Modigliani\u201d by Stefania Colombo\"}]},{\"@type\":\"WebSite\",\"@id\":\"https:\/\/www.rossettiartecontemporanea.it\/en\/#website\",\"url\":\"https:\/\/www.rossettiartecontemporanea.it\/en\/\",\"name\":\"Rossetti Arte Contemporanea\",\"description\":\"\",\"publisher\":{\"@id\":\"https:\/\/www.rossettiartecontemporanea.it\/en\/#organization\"},\"potentialAction\":[{\"@type\":\"SearchAction\",\"target\":{\"@type\":\"EntryPoint\",\"urlTemplate\":\"https:\/\/www.rossettiartecontemporanea.it\/en\/?s={search_term_string}\"},\"query-input\":{\"@type\":\"PropertyValueSpecification\",\"valueRequired\":true,\"valueName\":\"search_term_string\"}}],\"inLanguage\":\"en-US\"},{\"@type\":\"Organization\",\"@id\":\"https:\/\/www.rossettiartecontemporanea.it\/en\/#organization\",\"name\":\"Rossetti Arte Contemporanea\",\"url\":\"https:\/\/www.rossettiartecontemporanea.it\/en\/\",\"logo\":{\"@type\":\"ImageObject\",\"inLanguage\":\"en-US\",\"@id\":\"https:\/\/www.rossettiartecontemporanea.it\/en\/#\/schema\/logo\/image\/\",\"url\":\"https:\/\/www.rossettiartecontemporanea.it\/wp-content\/uploads\/2024\/02\/logo-Rossetti-Arte-Contemporanea-black-2x-1.png\",\"contentUrl\":\"https:\/\/www.rossettiartecontemporanea.it\/wp-content\/uploads\/2024\/02\/logo-Rossetti-Arte-Contemporanea-black-2x-1.png\",\"width\":611,\"height\":368,\"caption\":\"Rossetti Arte Contemporanea\"},\"image\":{\"@id\":\"https:\/\/www.rossettiartecontemporanea.it\/en\/#\/schema\/logo\/image\/\"},\"sameAs\":[\"https:\/\/www.facebook.com\/studio.rossetti.artecontemporanea\",\"https:\/\/www.instagram.com\/studio_rossetti\/\",\"https:\/\/www.youtube.com\/channel\/UC94tFj8zg6UV94quz_ysdgw\"]}]}<\/script>\n<!-- \/ Yoast SEO plugin. -->","yoast_head_json":{"title":"The Light of Modigliani: the book about Jeanne H\u00e9buterne","description":"Presentation of the book \u201cJeanne H\u00e9buterne - la luce di Modigliani\u201d (Jeanne H\u00e9buterne - Modigliani's Light) by Stefania Colombo. Event organized by TheMeltinPop.","robots":{"index":"index","follow":"follow","max-snippet":"max-snippet:-1","max-image-preview":"max-image-preview:large","max-video-preview":"max-video-preview:-1"},"canonical":"https:\/\/www.rossettiartecontemporanea.it\/en\/mostre-e-eventi\/presentation-of-the-book-jeanne-hebuterne-the-light-of-modigliani-by-stefania-colombo\/","og_locale":"en_US","og_type":"article","og_title":"The Light of Modigliani: the book about Jeanne H\u00e9buterne","og_description":"Presentation of the book \u201cJeanne H\u00e9buterne - la luce di Modigliani\u201d (Jeanne H\u00e9buterne - Modigliani's Light) by Stefania Colombo. Event organized by TheMeltinPop.","og_url":"https:\/\/www.rossettiartecontemporanea.it\/en\/mostre-e-eventi\/presentation-of-the-book-jeanne-hebuterne-the-light-of-modigliani-by-stefania-colombo\/","og_site_name":"ROSSETTI arte contemporanea","article_publisher":"https:\/\/www.facebook.com\/studio.rossetti.artecontemporanea","og_image":[{"width":1920,"height":1280,"url":"https:\/\/www.rossettiartecontemporanea.it\/wp-content\/uploads\/2026\/01\/MODIGLIANI_articoli_1920x1280.jpg","type":"image\/jpeg"}],"twitter_card":"summary_large_image","twitter_misc":{"Est. reading time":"1 minute"},"schema":{"@context":"https:\/\/schema.org","@graph":[{"@type":"WebPage","@id":"https:\/\/www.rossettiartecontemporanea.it\/en\/mostre-e-eventi\/presentation-of-the-book-jeanne-hebuterne-the-light-of-modigliani-by-stefania-colombo\/","url":"https:\/\/www.rossettiartecontemporanea.it\/en\/mostre-e-eventi\/presentation-of-the-book-jeanne-hebuterne-the-light-of-modigliani-by-stefania-colombo\/","name":"The Light of Modigliani: the book about Jeanne H\u00e9buterne","isPartOf":{"@id":"https:\/\/www.rossettiartecontemporanea.it\/en\/#website"},"primaryImageOfPage":{"@id":"https:\/\/www.rossettiartecontemporanea.it\/en\/mostre-e-eventi\/presentation-of-the-book-jeanne-hebuterne-the-light-of-modigliani-by-stefania-colombo\/#primaryimage"},"image":{"@id":"https:\/\/www.rossettiartecontemporanea.it\/en\/mostre-e-eventi\/presentation-of-the-book-jeanne-hebuterne-the-light-of-modigliani-by-stefania-colombo\/#primaryimage"},"thumbnailUrl":"https:\/\/www.rossettiartecontemporanea.it\/wp-content\/uploads\/2026\/01\/MODIGLIANI_articoli_1920x1280.jpg","datePublished":"2025-12-17T14:40:01+00:00","description":"Presentation of the book \u201cJeanne H\u00e9buterne - la luce di Modigliani\u201d (Jeanne H\u00e9buterne - Modigliani's Light) by Stefania Colombo. Event organized by TheMeltinPop.","breadcrumb":{"@id":"https:\/\/www.rossettiartecontemporanea.it\/en\/mostre-e-eventi\/presentation-of-the-book-jeanne-hebuterne-the-light-of-modigliani-by-stefania-colombo\/#breadcrumb"},"inLanguage":"en-US","potentialAction":[{"@type":"ReadAction","target":["https:\/\/www.rossettiartecontemporanea.it\/en\/mostre-e-eventi\/presentation-of-the-book-jeanne-hebuterne-the-light-of-modigliani-by-stefania-colombo\/"]}]},{"@type":"ImageObject","inLanguage":"en-US","@id":"https:\/\/www.rossettiartecontemporanea.it\/en\/mostre-e-eventi\/presentation-of-the-book-jeanne-hebuterne-the-light-of-modigliani-by-stefania-colombo\/#primaryimage","url":"https:\/\/www.rossettiartecontemporanea.it\/wp-content\/uploads\/2026\/01\/MODIGLIANI_articoli_1920x1280.jpg","contentUrl":"https:\/\/www.rossettiartecontemporanea.it\/wp-content\/uploads\/2026\/01\/MODIGLIANI_articoli_1920x1280.jpg","width":1920,"height":1280,"caption":"la luce di modigliani evento genova"},{"@type":"BreadcrumbList","@id":"https:\/\/www.rossettiartecontemporanea.it\/en\/mostre-e-eventi\/presentation-of-the-book-jeanne-hebuterne-the-light-of-modigliani-by-stefania-colombo\/#breadcrumb","itemListElement":[{"@type":"ListItem","position":1,"name":"Home","item":"https:\/\/www.rossettiartecontemporanea.it\/en\/"},{"@type":"ListItem","position":2,"name":"Events","item":"https:\/\/www.rossettiartecontemporanea.it\/en\/mostre-e-eventi\/"},{"@type":"ListItem","position":3,"name":"Presentation of the book \u201cJeanne H\u00e9buterne\u2014the light of Modigliani\u201d by Stefania Colombo"}]},{"@type":"WebSite","@id":"https:\/\/www.rossettiartecontemporanea.it\/en\/#website","url":"https:\/\/www.rossettiartecontemporanea.it\/en\/","name":"Rossetti Arte Contemporanea","description":"","publisher":{"@id":"https:\/\/www.rossettiartecontemporanea.it\/en\/#organization"},"potentialAction":[{"@type":"SearchAction","target":{"@type":"EntryPoint","urlTemplate":"https:\/\/www.rossettiartecontemporanea.it\/en\/?s={search_term_string}"},"query-input":{"@type":"PropertyValueSpecification","valueRequired":true,"valueName":"search_term_string"}}],"inLanguage":"en-US"},{"@type":"Organization","@id":"https:\/\/www.rossettiartecontemporanea.it\/en\/#organization","name":"Rossetti Arte Contemporanea","url":"https:\/\/www.rossettiartecontemporanea.it\/en\/","logo":{"@type":"ImageObject","inLanguage":"en-US","@id":"https:\/\/www.rossettiartecontemporanea.it\/en\/#\/schema\/logo\/image\/","url":"https:\/\/www.rossettiartecontemporanea.it\/wp-content\/uploads\/2024\/02\/logo-Rossetti-Arte-Contemporanea-black-2x-1.png","contentUrl":"https:\/\/www.rossettiartecontemporanea.it\/wp-content\/uploads\/2024\/02\/logo-Rossetti-Arte-Contemporanea-black-2x-1.png","width":611,"height":368,"caption":"Rossetti Arte Contemporanea"},"image":{"@id":"https:\/\/www.rossettiartecontemporanea.it\/en\/#\/schema\/logo\/image\/"},"sameAs":["https:\/\/www.facebook.com\/studio.rossetti.artecontemporanea","https:\/\/www.instagram.com\/studio_rossetti\/","https:\/\/www.youtube.com\/channel\/UC94tFj8zg6UV94quz_ysdgw"]}]}},"_links":{"self":[{"href":"https:\/\/www.rossettiartecontemporanea.it\/en\/wp-json\/wp\/v2\/tribe_events\/51631","targetHints":{"allow":["GET"]}}],"collection":[{"href":"https:\/\/www.rossettiartecontemporanea.it\/en\/wp-json\/wp\/v2\/tribe_events"}],"about":[{"href":"https:\/\/www.rossettiartecontemporanea.it\/en\/wp-json\/wp\/v2\/types\/tribe_events"}],"author":[{"embeddable":true,"href":"https:\/\/www.rossettiartecontemporanea.it\/en\/wp-json\/wp\/v2\/users\/4"}],"version-history":[{"count":0,"href":"https:\/\/www.rossettiartecontemporanea.it\/en\/wp-json\/wp\/v2\/tribe_events\/51631\/revisions"}],"wp:featuredmedia":[{"embeddable":true,"href":"https:\/\/www.rossettiartecontemporanea.it\/en\/wp-json\/wp\/v2\/media\/51615"}],"wp:attachment":[{"href":"https:\/\/www.rossettiartecontemporanea.it\/en\/wp-json\/wp\/v2\/media?parent=51631"}],"wp:term":[{"taxonomy":"post_tag","embeddable":true,"href":"https:\/\/www.rossettiartecontemporanea.it\/en\/wp-json\/wp\/v2\/tags?post=51631"},{"taxonomy":"tribe_events_cat","embeddable":true,"href":"https:\/\/www.rossettiartecontemporanea.it\/en\/wp-json\/wp\/v2\/tribe_events_cat?post=51631"}],"curies":[{"name":"wp","href":"https:\/\/api.w.org\/{rel}","templated":true}]}}